{"id":6784,"date":"2025-07-17T11:38:13","date_gmt":"2025-07-17T10:38:13","guid":{"rendered":"https:\/\/visitbraga.travel\/highlights\/%highlight_category%\/feira-das-tapecarias\/"},"modified":"2025-07-25T11:47:16","modified_gmt":"2025-07-25T10:47:16","slug":"feira-das-tapecarias","status":"publish","type":"highlight","link":"https:\/\/visitbraga.travel\/de\/highlights\/comercio-local\/feira-das-tapecarias\/","title":{"rendered":"Feira das Tape\u00e7arias"},"content":{"rendered":"<p><strong>Das Gesch\u00e4ft<\/strong><br \/>\nFeira das Tape\u00e7arias \u00e9 um estabelecimento que \u00e9 identificado pelos consumidores como um local de refer\u00eancia e \u00fanico em Braga na venda de artigos exclusivos origin\u00e1rios de Portugal, como os \u201cTapetes de Arraiolos\u201d, \u201cTape\u00e7arias de Portalegre\u201d e \u201cTapetes de Beiriz\u201d, mas tamb\u00e9m por possuir uma cole\u00e7\u00e3o de tape\u00e7arias do mundo inteiro como tapetes persas tradicionais, tapetes de seda, \u201cAfghan\u201d, \u201cKilim\u201d ou \u201cZiegler\u201d. Por outro lado, para al\u00e9m de distinguir-se pela qualidade dos produtos que comercializa, a \u201cFeira das Tape\u00e7arias\u201d diferencia-se por ter uma marca pr\u00f3pria aplicada ao seu servi\u00e7o, a qual permite aos clientes um atendimento diferenciado e qualificado, o qual \u00e9 reconhecido e requisitado por consumidores de todo o pa\u00eds e do mundo.<\/p>\n<p><strong>Geschichte<\/strong><br \/>\nA \u201cFeira as Tape\u00e7arias\u201d foi fundada em 8 de outubro de 1968 por Herm\u00ednio Guimar\u00e3es.<br \/>\nComposta, atualmente, por quatro lojas f\u00edsicas na cidade de Braga \u2013 na Rua Dr. Justino Cruz, no Centro Comercial Santa B\u00e1rbara e na Rua do Souto; uma loja em Guimar\u00e3es \u2013 na Rua de Santo Ant\u00f3nio e uma loja online.<br \/>\nFundada a 8 de outubro de 1968. A Feira das Tape\u00e7arias \u00e9 uma refer\u00eancia em Portugal quando se trata de tapetes de alta qualidade. Trata-se de um neg\u00f3cio criado e mantido no seio familiar. Este foi um dos princ\u00edpios que norteou a dire\u00e7\u00e3o do neg\u00f3cio ao longo destes anos,<br \/>\nPreservando o neg\u00f3cio no seio familiar, mantendo-se igual na sua identidade a atividade, a \u201cFeira das Tape\u00e7arias\u201d sobreviveu \u00e0s r\u00e1pidas muta\u00e7\u00f5es de mercado, decorrentes da altera\u00e7\u00e3o dos estilos de vida, tornando-se um elemento distintivo e diferenciador da cidade de Braga, nas suas dimens\u00f5es social, econ\u00f3mica e cultural.<\/p>\n<p><strong>Produkte und Dienstleistungen<\/strong><br \/>\nVenda e personaliza\u00e7\u00e3o de tape\u00e7arias.<\/p>\n<p><strong>Kontakt<\/strong><br \/>\n4700-314 Braga<br \/>\nTelefone: 253610609<br \/>\nEmail: &#x67;&#x65;&#114;al&#x40;&#x66;&#101;&#105;r&#x61;&#x64;&#97;&#115;t&#x61;&#x70;&#x65;&#99;ar&#x69;&#x61;&#115;&#46;c&#x6f;&#x6d;<\/p>","protected":false},"excerpt":{"rendered":"<p>Feira das Tape\u00e7arias \u00e9 um estabelecimento \u00fanico na venda de artigos como os \u201cTapetes de Arraiolos&#8221;. <\/p>","protected":false},"featured_media":8119,"template":"","highlight_category":[59],"class_list":["post-6784","highlight","type-highlight","status-publish","has-post-thumbnail","hentry","highlight_category-lojas-com-historia"],"acf":[],"yoast_head":"<!-- This site is optimized with the Yoast SEO plugin v27.5 - https:\/\/yoast.com\/product\/yoast-seo-wordpress\/ -->\n<title>Feira das Tape\u00e7arias | Visit Braga<\/title>\n<meta name=\"description\" content=\"Feira das Tape\u00e7arias \u00e9 um estabelecimento \u00fanico na venda de artigos como os \u201cTapetes de Arraiolos&quot;.\" \/>\n<meta name=\"robots\" content=\"index, follow, max-snippet:-1, max-image-preview:large, max-video-preview:-1\" \/>\n<link rel=\"canonical\" href=\"https:\/\/visitbraga.travel\/de\/highlights\/comercio-local\/feira-das-tapecarias\/\" \/>\n<meta property=\"og:locale\" content=\"de_DE\" \/>\n<meta property=\"og:type\" content=\"article\" \/>\n<meta property=\"og:title\" content=\"Feira das Tape\u00e7arias | Visit Braga\" \/>\n<meta property=\"og:description\" content=\"Feira das Tape\u00e7arias \u00e9 um estabelecimento \u00fanico na venda de artigos como os \u201cTapetes de Arraiolos&quot;.\" \/>\n<meta property=\"og:url\" content=\"https:\/\/visitbraga.travel\/de\/highlights\/comercio-local\/feira-das-tapecarias\/\" \/>\n<meta property=\"og:site_name\" content=\"Visit Braga\" \/>\n<meta property=\"article:publisher\" content=\"https:\/\/www.facebook.com\/visitbraga.travel\/\" \/>\n<meta property=\"article:modified_time\" content=\"2025-07-25T10:47:16+00:00\" \/>\n<meta property=\"og:image\" content=\"https:\/\/visitbraga.travel\/wp-content\/uploads\/2025\/07\/tapecaria_1.jpg\" \/>\n\t<meta property=\"og:image:width\" content=\"1332\" \/>\n\t<meta property=\"og:image:height\" content=\"888\" \/>\n\t<meta property=\"og:image:type\" content=\"image\/jpeg\" \/>\n<meta name=\"twitter:card\" content=\"summary_large_image\" \/>\n<meta name=\"twitter:site\" content=\"@VisitBraga\" \/>\n<meta name=\"twitter:label1\" content=\"Gesch\u00e4tzte Lesezeit\" \/>\n\t<meta name=\"twitter:data1\" content=\"5\u00a0Minuten\" \/>\n<script type=\"application\/ld+json\" class=\"yoast-schema-graph\">{\"@context\":\"https:\\\/\\\/schema.org\",\"@graph\":[{\"@type\":\"WebPage\",\"@id\":\"https:\\\/\\\/visitbraga.travel\\\/highlights\\\/comercio-local\\\/feira-das-tapecarias\\\/\",\"url\":\"https:\\\/\\\/visitbraga.travel\\\/highlights\\\/comercio-local\\\/feira-das-tapecarias\\\/\",\"name\":\"Feira das Tape\u00e7arias | Visit Braga\",\"isPartOf\":{\"@id\":\"https:\\\/\\\/visitbraga.travel\\\/#website\"},\"primaryImageOfPage\":{\"@id\":\"https:\\\/\\\/visitbraga.travel\\\/highlights\\\/comercio-local\\\/feira-das-tapecarias\\\/#primaryimage\"},\"image\":{\"@id\":\"https:\\\/\\\/visitbraga.travel\\\/highlights\\\/comercio-local\\\/feira-das-tapecarias\\\/#primaryimage\"},\"thumbnailUrl\":\"https:\\\/\\\/visitbraga.travel\\\/wp-content\\\/uploads\\\/2025\\\/07\\\/tapecaria_1.jpg\",\"datePublished\":\"2025-07-17T10:38:13+00:00\",\"dateModified\":\"2025-07-25T10:47:16+00:00\",\"description\":\"Feira das Tape\u00e7arias \u00e9 um estabelecimento \u00fanico na venda de artigos como os \u201cTapetes de Arraiolos\\\".\",\"inLanguage\":\"de\",\"potentialAction\":[{\"@type\":\"ReadAction\",\"target\":[\"https:\\\/\\\/visitbraga.travel\\\/highlights\\\/comercio-local\\\/feira-das-tapecarias\\\/\"]}]},{\"@type\":\"ImageObject\",\"inLanguage\":\"de\",\"@id\":\"https:\\\/\\\/visitbraga.travel\\\/highlights\\\/comercio-local\\\/feira-das-tapecarias\\\/#primaryimage\",\"url\":\"https:\\\/\\\/visitbraga.travel\\\/wp-content\\\/uploads\\\/2025\\\/07\\\/tapecaria_1.jpg\",\"contentUrl\":\"https:\\\/\\\/visitbraga.travel\\\/wp-content\\\/uploads\\\/2025\\\/07\\\/tapecaria_1.jpg\",\"width\":1332,\"height\":888},{\"@type\":\"WebSite\",\"@id\":\"https:\\\/\\\/visitbraga.travel\\\/#website\",\"url\":\"https:\\\/\\\/visitbraga.travel\\\/\",\"name\":\"Visit Braga\",\"description\":\"Turismo Braga | Site Oficial de Braga\",\"publisher\":{\"@id\":\"https:\\\/\\\/visitbraga.travel\\\/#organization\"},\"potentialAction\":[{\"@type\":\"SearchAction\",\"target\":{\"@type\":\"EntryPoint\",\"urlTemplate\":\"https:\\\/\\\/visitbraga.travel\\\/?s={search_term_string}\"},\"query-input\":{\"@type\":\"PropertyValueSpecification\",\"valueRequired\":true,\"valueName\":\"search_term_string\"}}],\"inLanguage\":\"de\"},{\"@type\":\"Organization\",\"@id\":\"https:\\\/\\\/visitbraga.travel\\\/#organization\",\"name\":\"Visit Braga\",\"url\":\"https:\\\/\\\/visitbraga.travel\\\/\",\"logo\":{\"@type\":\"ImageObject\",\"inLanguage\":\"de\",\"@id\":\"https:\\\/\\\/visitbraga.travel\\\/#\\\/schema\\\/logo\\\/image\\\/\",\"url\":\"https:\\\/\\\/visitbraga.travel\\\/wp-content\\\/uploads\\\/2025\\\/05\\\/visit-braga.jpg\",\"contentUrl\":\"https:\\\/\\\/visitbraga.travel\\\/wp-content\\\/uploads\\\/2025\\\/05\\\/visit-braga.jpg\",\"width\":2400,\"height\":1256,\"caption\":\"Visit Braga\"},\"image\":{\"@id\":\"https:\\\/\\\/visitbraga.travel\\\/#\\\/schema\\\/logo\\\/image\\\/\"},\"sameAs\":[\"https:\\\/\\\/www.facebook.com\\\/visitbraga.travel\\\/\",\"https:\\\/\\\/x.com\\\/VisitBraga\"]}]}<\/script>\n<!-- \/ Yoast SEO plugin. -->","yoast_head_json":{"title":"Feira das Tape\u00e7arias | Visit Braga","description":"Feira das Tape\u00e7arias \u00e9 um estabelecimento \u00fanico na venda de artigos como os \u201cTapetes de Arraiolos\".","robots":{"index":"index","follow":"follow","max-snippet":"max-snippet:-1","max-image-preview":"max-image-preview:large","max-video-preview":"max-video-preview:-1"},"canonical":"https:\/\/visitbraga.travel\/de\/highlights\/comercio-local\/feira-das-tapecarias\/","og_locale":"de_DE","og_type":"article","og_title":"Feira das Tape\u00e7arias | Visit Braga","og_description":"Feira das Tape\u00e7arias \u00e9 um estabelecimento \u00fanico na venda de artigos como os \u201cTapetes de Arraiolos\".","og_url":"https:\/\/visitbraga.travel\/de\/highlights\/comercio-local\/feira-das-tapecarias\/","og_site_name":"Visit Braga","article_publisher":"https:\/\/www.facebook.com\/visitbraga.travel\/","article_modified_time":"2025-07-25T10:47:16+00:00","og_image":[{"width":1332,"height":888,"url":"https:\/\/visitbraga.travel\/wp-content\/uploads\/2025\/07\/tapecaria_1.jpg","type":"image\/jpeg"}],"twitter_card":"summary_large_image","twitter_site":"@VisitBraga","twitter_misc":{"Gesch\u00e4tzte Lesezeit":"5\u00a0Minuten"},"schema":{"@context":"https:\/\/schema.org","@graph":[{"@type":"WebPage","@id":"https:\/\/visitbraga.travel\/highlights\/comercio-local\/feira-das-tapecarias\/","url":"https:\/\/visitbraga.travel\/highlights\/comercio-local\/feira-das-tapecarias\/","name":"Feira das Tape\u00e7arias | Visit Braga","isPartOf":{"@id":"https:\/\/visitbraga.travel\/#website"},"primaryImageOfPage":{"@id":"https:\/\/visitbraga.travel\/highlights\/comercio-local\/feira-das-tapecarias\/#primaryimage"},"image":{"@id":"https:\/\/visitbraga.travel\/highlights\/comercio-local\/feira-das-tapecarias\/#primaryimage"},"thumbnailUrl":"https:\/\/visitbraga.travel\/wp-content\/uploads\/2025\/07\/tapecaria_1.jpg","datePublished":"2025-07-17T10:38:13+00:00","dateModified":"2025-07-25T10:47:16+00:00","description":"Feira das Tape\u00e7arias \u00e9 um estabelecimento \u00fanico na venda de artigos como os \u201cTapetes de Arraiolos\".","inLanguage":"de","potentialAction":[{"@type":"ReadAction","target":["https:\/\/visitbraga.travel\/highlights\/comercio-local\/feira-das-tapecarias\/"]}]},{"@type":"ImageObject","inLanguage":"de","@id":"https:\/\/visitbraga.travel\/highlights\/comercio-local\/feira-das-tapecarias\/#primaryimage","url":"https:\/\/visitbraga.travel\/wp-content\/uploads\/2025\/07\/tapecaria_1.jpg","contentUrl":"https:\/\/visitbraga.travel\/wp-content\/uploads\/2025\/07\/tapecaria_1.jpg","width":1332,"height":888},{"@type":"WebSite","@id":"https:\/\/visitbraga.travel\/#website","url":"https:\/\/visitbraga.travel\/","name":"Besuchen Sie Braga","description":"Turismo Braga | Site Oficial de Braga","publisher":{"@id":"https:\/\/visitbraga.travel\/#organization"},"potentialAction":[{"@type":"SearchAction","target":{"@type":"EntryPoint","urlTemplate":"https:\/\/visitbraga.travel\/?s={search_term_string}"},"query-input":{"@type":"PropertyValueSpecification","valueRequired":true,"valueName":"search_term_string"}}],"inLanguage":"de"},{"@type":"Organization","@id":"https:\/\/visitbraga.travel\/#organization","name":"Besuchen Sie Braga","url":"https:\/\/visitbraga.travel\/","logo":{"@type":"ImageObject","inLanguage":"de","@id":"https:\/\/visitbraga.travel\/#\/schema\/logo\/image\/","url":"https:\/\/visitbraga.travel\/wp-content\/uploads\/2025\/05\/visit-braga.jpg","contentUrl":"https:\/\/visitbraga.travel\/wp-content\/uploads\/2025\/05\/visit-braga.jpg","width":2400,"height":1256,"caption":"Visit Braga"},"image":{"@id":"https:\/\/visitbraga.travel\/#\/schema\/logo\/image\/"},"sameAs":["https:\/\/www.facebook.com\/visitbraga.travel\/","https:\/\/x.com\/VisitBraga"]}]}},"_links":{"self":[{"href":"https:\/\/visitbraga.travel\/de\/wp-json\/wp\/v2\/highlight\/6784","targetHints":{"allow":["GET"]}}],"collection":[{"href":"https:\/\/visitbraga.travel\/de\/wp-json\/wp\/v2\/highlight"}],"about":[{"href":"https:\/\/visitbraga.travel\/de\/wp-json\/wp\/v2\/types\/highlight"}],"version-history":[{"count":0,"href":"https:\/\/visitbraga.travel\/de\/wp-json\/wp\/v2\/highlight\/6784\/revisions"}],"wp:featuredmedia":[{"embeddable":true,"href":"https:\/\/visitbraga.travel\/de\/wp-json\/wp\/v2\/media\/8119"}],"wp:attachment":[{"href":"https:\/\/visitbraga.travel\/de\/wp-json\/wp\/v2\/media?parent=6784"}],"wp:term":[{"taxonomy":"highlight_category","embeddable":true,"href":"https:\/\/visitbraga.travel\/de\/wp-json\/wp\/v2\/highlight_category?post=6784"}],"curies":[{"name":"wp","href":"https:\/\/api.w.org\/{rel}","templated":true}]}}