{"id":6831,"date":"2025-07-17T11:28:37","date_gmt":"2025-07-17T10:28:37","guid":{"rendered":"https:\/\/visitbraga.travel\/highlights\/%highlight_category%\/farmacia-lima\/"},"modified":"2025-07-25T12:23:14","modified_gmt":"2025-07-25T11:23:14","slug":"farmacia-lima","status":"publish","type":"highlight","link":"https:\/\/visitbraga.travel\/de\/highlights\/comercio-local\/farmacia-lima\/","title":{"rendered":"Farm\u00e1cia Lima"},"content":{"rendered":"<p><strong>Das Gesch\u00e4ft<\/strong><br \/>\nNa Rua dos Ch\u00e3os, num edif\u00edcio de esquina com cores vibrantes, encontramos a Farm\u00e1cia Lima. As montras n\u00e3o passam despercebidas, pois apresentam regularmente uma decora\u00e7\u00e3o tem\u00e1tica&#8230; \u00c9 um espa\u00e7o moderno e muito funcional, mas no seu \u00e2mago a modernidade \u00e9 interrompida, obrigando o olhar a recuar no tempo. A hist\u00f3ria desenrola-se com um pequeno \u201cmuseu\u201d, e a mem\u00f3ria dos antigos botic\u00e1rios aparece sob a forma de instrumentos e utens\u00edlios necess\u00e1rios \u00e0 prepara\u00e7\u00e3o de medicamentos, bem como de frascos e boi\u00f5es de f\u00e1rmacos e rem\u00e9dios.<\/p>\n<p><strong>Geschichte<\/strong><br \/>\nA Farm\u00e1cia Lima abre as suas portas como Farm\u00e1cia Pereira Castilho na Rua C\u00e2ndido dos Reis, atual Rua dos Ch\u00e3os. Pouco se sabe sobre os prim\u00f3rdios desta farm\u00e1cia. O primeiro registo encontrado \u00e9 a inscri\u00e7\u00e3o de Amarino Pereira Castilho, em maio de 1927, como associado do Sindicato dos Farmac\u00eauticos do Distrito de Braga. Da Farm\u00e1cia Pereira Castilho n\u00e3o se tem not\u00edcia at\u00e9 1940, data da emiss\u00e3o do alvar\u00e1 de funcionamento. Nesse mesmo ano, Amarino Pereira Castilho, como diretor da farm\u00e1cia, torna-se s\u00f3cio do Sindicato Nacional dos Farmac\u00eauticos. Desconhece-se a raz\u00e3o da mudan\u00e7a de nome, mas a partir de 1943 j\u00e1 se encontra a Farm\u00e1cia Lima nos Anu\u00e1rios do Com\u00e9rcio de Braga, embora o novo nome s\u00f3 seja registado no alvar\u00e1 de funcionamento em 1950.<br \/>\nEm junho de 1950, e de acordo com uma escritura de trespasse, a propriedade da farm\u00e1cia passa para Isaura de Assun\u00e7\u00e3o Costa Ferreira e em 1989, o alvar\u00e1 refere que a propriedade passa para a farmac\u00eautica Maria da Gra\u00e7a Alves Leite de Castro Mota Fonseca.<br \/>\nDesde 1990, Carlos Alberto S\u00e1 Esteves, o atual propriet\u00e1rio, tem dado continuidade \u00e0 hist\u00f3ria da Farm\u00e1cia Lima.<\/p>\n<p><strong>Produkte und Dienstleistungen<\/strong><br \/>\nLoja de produtos m\u00e9dicos de sa\u00fade\/beleza.<\/p>\n<p><strong>Kontakt<\/strong><br \/>\nTelefone: 253 262 384<br \/>\nEmail: &#x66;&#97;&#x72;&#109;a&#x63;&#105;a&#x6c;&#105;&#x6d;&#x61;&#46;&#x62;&#114;g&#x40;&#103;&#x6d;&#x61;i&#x6c;&#46;c&#x6f;&#109;<\/p>","protected":false},"excerpt":{"rendered":"<p>A Farm\u00e1cia Lima abre as suas portas como Farm\u00e1cia Pereira Castilho na Rua C\u00e2ndido dos Reis, atual Rua dos Ch\u00e3os.<\/p>","protected":false},"featured_media":8446,"template":"","highlight_category":[59],"class_list":["post-6831","highlight","type-highlight","status-publish","has-post-thumbnail","hentry","highlight_category-lojas-com-historia"],"acf":[],"yoast_head":"<!-- This site is optimized with the Yoast SEO plugin v27.4 - https:\/\/yoast.com\/product\/yoast-seo-wordpress\/ -->\n<title>Farm\u00e1cia Lima | Visit Braga<\/title>\n<meta name=\"description\" content=\"A Farm\u00e1cia Lima abre as suas portas como Farm\u00e1cia Pereira Castilho na Rua C\u00e2ndido dos Reis, atual Rua dos Ch\u00e3os.\" \/>\n<meta name=\"robots\" content=\"index, follow, max-snippet:-1, max-image-preview:large, max-video-preview:-1\" \/>\n<link rel=\"canonical\" href=\"https:\/\/visitbraga.travel\/de\/highlights\/comercio-local\/farmacia-lima\/\" \/>\n<meta property=\"og:locale\" content=\"de_DE\" \/>\n<meta property=\"og:type\" content=\"article\" \/>\n<meta property=\"og:title\" content=\"Farm\u00e1cia Lima | Visit Braga\" \/>\n<meta property=\"og:description\" content=\"A Farm\u00e1cia Lima abre as suas portas como Farm\u00e1cia Pereira Castilho na Rua C\u00e2ndido dos Reis, atual Rua dos Ch\u00e3os.\" \/>\n<meta property=\"og:url\" content=\"https:\/\/visitbraga.travel\/de\/highlights\/comercio-local\/farmacia-lima\/\" \/>\n<meta property=\"og:site_name\" content=\"Visit Braga\" \/>\n<meta property=\"article:publisher\" content=\"https:\/\/www.facebook.com\/visitbraga.travel\/\" \/>\n<meta property=\"article:modified_time\" content=\"2025-07-25T11:23:14+00:00\" \/>\n<meta property=\"og:image\" content=\"https:\/\/visitbraga.travel\/wp-content\/uploads\/2025\/07\/farmacialima_1.jpg\" \/>\n\t<meta property=\"og:image:width\" content=\"1993\" \/>\n\t<meta property=\"og:image:height\" content=\"1329\" \/>\n\t<meta property=\"og:image:type\" content=\"image\/jpeg\" \/>\n<meta name=\"twitter:card\" content=\"summary_large_image\" \/>\n<meta name=\"twitter:site\" content=\"@VisitBraga\" \/>\n<meta name=\"twitter:label1\" content=\"Gesch\u00e4tzte Lesezeit\" \/>\n\t<meta name=\"twitter:data1\" content=\"5\u00a0Minuten\" \/>\n<script type=\"application\/ld+json\" class=\"yoast-schema-graph\">{\"@context\":\"https:\\\/\\\/schema.org\",\"@graph\":[{\"@type\":\"WebPage\",\"@id\":\"https:\\\/\\\/visitbraga.travel\\\/highlights\\\/comercio-local\\\/farmacia-lima\\\/\",\"url\":\"https:\\\/\\\/visitbraga.travel\\\/highlights\\\/comercio-local\\\/farmacia-lima\\\/\",\"name\":\"Farm\u00e1cia Lima | Visit Braga\",\"isPartOf\":{\"@id\":\"https:\\\/\\\/visitbraga.travel\\\/#website\"},\"primaryImageOfPage\":{\"@id\":\"https:\\\/\\\/visitbraga.travel\\\/highlights\\\/comercio-local\\\/farmacia-lima\\\/#primaryimage\"},\"image\":{\"@id\":\"https:\\\/\\\/visitbraga.travel\\\/highlights\\\/comercio-local\\\/farmacia-lima\\\/#primaryimage\"},\"thumbnailUrl\":\"https:\\\/\\\/visitbraga.travel\\\/wp-content\\\/uploads\\\/2025\\\/07\\\/farmacialima_1.jpg\",\"datePublished\":\"2025-07-17T10:28:37+00:00\",\"dateModified\":\"2025-07-25T11:23:14+00:00\",\"description\":\"A Farm\u00e1cia Lima abre as suas portas como Farm\u00e1cia Pereira Castilho na Rua C\u00e2ndido dos Reis, atual Rua dos Ch\u00e3os.\",\"inLanguage\":\"de\",\"potentialAction\":[{\"@type\":\"ReadAction\",\"target\":[\"https:\\\/\\\/visitbraga.travel\\\/highlights\\\/comercio-local\\\/farmacia-lima\\\/\"]}]},{\"@type\":\"ImageObject\",\"inLanguage\":\"de\",\"@id\":\"https:\\\/\\\/visitbraga.travel\\\/highlights\\\/comercio-local\\\/farmacia-lima\\\/#primaryimage\",\"url\":\"https:\\\/\\\/visitbraga.travel\\\/wp-content\\\/uploads\\\/2025\\\/07\\\/farmacialima_1.jpg\",\"contentUrl\":\"https:\\\/\\\/visitbraga.travel\\\/wp-content\\\/uploads\\\/2025\\\/07\\\/farmacialima_1.jpg\",\"width\":1993,\"height\":1329},{\"@type\":\"WebSite\",\"@id\":\"https:\\\/\\\/visitbraga.travel\\\/#website\",\"url\":\"https:\\\/\\\/visitbraga.travel\\\/\",\"name\":\"Visit Braga\",\"description\":\"Turismo Braga | Site Oficial de Braga\",\"publisher\":{\"@id\":\"https:\\\/\\\/visitbraga.travel\\\/#organization\"},\"potentialAction\":[{\"@type\":\"SearchAction\",\"target\":{\"@type\":\"EntryPoint\",\"urlTemplate\":\"https:\\\/\\\/visitbraga.travel\\\/?s={search_term_string}\"},\"query-input\":{\"@type\":\"PropertyValueSpecification\",\"valueRequired\":true,\"valueName\":\"search_term_string\"}}],\"inLanguage\":\"de\"},{\"@type\":\"Organization\",\"@id\":\"https:\\\/\\\/visitbraga.travel\\\/#organization\",\"name\":\"Visit Braga\",\"url\":\"https:\\\/\\\/visitbraga.travel\\\/\",\"logo\":{\"@type\":\"ImageObject\",\"inLanguage\":\"de\",\"@id\":\"https:\\\/\\\/visitbraga.travel\\\/#\\\/schema\\\/logo\\\/image\\\/\",\"url\":\"https:\\\/\\\/visitbraga.travel\\\/wp-content\\\/uploads\\\/2025\\\/05\\\/visit-braga.jpg\",\"contentUrl\":\"https:\\\/\\\/visitbraga.travel\\\/wp-content\\\/uploads\\\/2025\\\/05\\\/visit-braga.jpg\",\"width\":2400,\"height\":1256,\"caption\":\"Visit Braga\"},\"image\":{\"@id\":\"https:\\\/\\\/visitbraga.travel\\\/#\\\/schema\\\/logo\\\/image\\\/\"},\"sameAs\":[\"https:\\\/\\\/www.facebook.com\\\/visitbraga.travel\\\/\",\"https:\\\/\\\/x.com\\\/VisitBraga\"]}]}<\/script>\n<!-- \/ Yoast SEO plugin. -->","yoast_head_json":{"title":"Farm\u00e1cia Lima | Visit Braga","description":"A Farm\u00e1cia Lima abre as suas portas como Farm\u00e1cia Pereira Castilho na Rua C\u00e2ndido dos Reis, atual Rua dos Ch\u00e3os.","robots":{"index":"index","follow":"follow","max-snippet":"max-snippet:-1","max-image-preview":"max-image-preview:large","max-video-preview":"max-video-preview:-1"},"canonical":"https:\/\/visitbraga.travel\/de\/highlights\/comercio-local\/farmacia-lima\/","og_locale":"de_DE","og_type":"article","og_title":"Farm\u00e1cia Lima | Visit Braga","og_description":"A Farm\u00e1cia Lima abre as suas portas como Farm\u00e1cia Pereira Castilho na Rua C\u00e2ndido dos Reis, atual Rua dos Ch\u00e3os.","og_url":"https:\/\/visitbraga.travel\/de\/highlights\/comercio-local\/farmacia-lima\/","og_site_name":"Visit Braga","article_publisher":"https:\/\/www.facebook.com\/visitbraga.travel\/","article_modified_time":"2025-07-25T11:23:14+00:00","og_image":[{"width":1993,"height":1329,"url":"https:\/\/visitbraga.travel\/wp-content\/uploads\/2025\/07\/farmacialima_1.jpg","type":"image\/jpeg"}],"twitter_card":"summary_large_image","twitter_site":"@VisitBraga","twitter_misc":{"Gesch\u00e4tzte Lesezeit":"5\u00a0Minuten"},"schema":{"@context":"https:\/\/schema.org","@graph":[{"@type":"WebPage","@id":"https:\/\/visitbraga.travel\/highlights\/comercio-local\/farmacia-lima\/","url":"https:\/\/visitbraga.travel\/highlights\/comercio-local\/farmacia-lima\/","name":"Farm\u00e1cia Lima | Visit Braga","isPartOf":{"@id":"https:\/\/visitbraga.travel\/#website"},"primaryImageOfPage":{"@id":"https:\/\/visitbraga.travel\/highlights\/comercio-local\/farmacia-lima\/#primaryimage"},"image":{"@id":"https:\/\/visitbraga.travel\/highlights\/comercio-local\/farmacia-lima\/#primaryimage"},"thumbnailUrl":"https:\/\/visitbraga.travel\/wp-content\/uploads\/2025\/07\/farmacialima_1.jpg","datePublished":"2025-07-17T10:28:37+00:00","dateModified":"2025-07-25T11:23:14+00:00","description":"A Farm\u00e1cia Lima abre as suas portas como Farm\u00e1cia Pereira Castilho na Rua C\u00e2ndido dos Reis, atual Rua dos Ch\u00e3os.","inLanguage":"de","potentialAction":[{"@type":"ReadAction","target":["https:\/\/visitbraga.travel\/highlights\/comercio-local\/farmacia-lima\/"]}]},{"@type":"ImageObject","inLanguage":"de","@id":"https:\/\/visitbraga.travel\/highlights\/comercio-local\/farmacia-lima\/#primaryimage","url":"https:\/\/visitbraga.travel\/wp-content\/uploads\/2025\/07\/farmacialima_1.jpg","contentUrl":"https:\/\/visitbraga.travel\/wp-content\/uploads\/2025\/07\/farmacialima_1.jpg","width":1993,"height":1329},{"@type":"WebSite","@id":"https:\/\/visitbraga.travel\/#website","url":"https:\/\/visitbraga.travel\/","name":"Besuchen Sie Braga","description":"Turismo Braga | Site Oficial de Braga","publisher":{"@id":"https:\/\/visitbraga.travel\/#organization"},"potentialAction":[{"@type":"SearchAction","target":{"@type":"EntryPoint","urlTemplate":"https:\/\/visitbraga.travel\/?s={search_term_string}"},"query-input":{"@type":"PropertyValueSpecification","valueRequired":true,"valueName":"search_term_string"}}],"inLanguage":"de"},{"@type":"Organization","@id":"https:\/\/visitbraga.travel\/#organization","name":"Besuchen Sie Braga","url":"https:\/\/visitbraga.travel\/","logo":{"@type":"ImageObject","inLanguage":"de","@id":"https:\/\/visitbraga.travel\/#\/schema\/logo\/image\/","url":"https:\/\/visitbraga.travel\/wp-content\/uploads\/2025\/05\/visit-braga.jpg","contentUrl":"https:\/\/visitbraga.travel\/wp-content\/uploads\/2025\/05\/visit-braga.jpg","width":2400,"height":1256,"caption":"Visit Braga"},"image":{"@id":"https:\/\/visitbraga.travel\/#\/schema\/logo\/image\/"},"sameAs":["https:\/\/www.facebook.com\/visitbraga.travel\/","https:\/\/x.com\/VisitBraga"]}]}},"_links":{"self":[{"href":"https:\/\/visitbraga.travel\/de\/wp-json\/wp\/v2\/highlight\/6831","targetHints":{"allow":["GET"]}}],"collection":[{"href":"https:\/\/visitbraga.travel\/de\/wp-json\/wp\/v2\/highlight"}],"about":[{"href":"https:\/\/visitbraga.travel\/de\/wp-json\/wp\/v2\/types\/highlight"}],"version-history":[{"count":0,"href":"https:\/\/visitbraga.travel\/de\/wp-json\/wp\/v2\/highlight\/6831\/revisions"}],"wp:featuredmedia":[{"embeddable":true,"href":"https:\/\/visitbraga.travel\/de\/wp-json\/wp\/v2\/media\/8446"}],"wp:attachment":[{"href":"https:\/\/visitbraga.travel\/de\/wp-json\/wp\/v2\/media?parent=6831"}],"wp:term":[{"taxonomy":"highlight_category","embeddable":true,"href":"https:\/\/visitbraga.travel\/de\/wp-json\/wp\/v2\/highlight_category?post=6831"}],"curies":[{"name":"wp","href":"https:\/\/api.w.org\/{rel}","templated":true}]}}