{"id":28891,"date":"2026-02-18T11:08:09","date_gmt":"2026-02-18T11:08:09","guid":{"rendered":"https:\/\/visitbraga.travel\/?post_type=highlight&#038;p=28891"},"modified":"2026-02-18T11:08:53","modified_gmt":"2026-02-18T11:08:53","slug":"lausperene-quaresmal","status":"publish","type":"highlight","link":"https:\/\/visitbraga.travel\/en\/highlights\/cultura-e-arte\/lausperene-quaresmal\/","title":{"rendered":"Lausperene Quaresmal"},"content":{"rendered":"<p data-start=\"0\" data-end=\"388\">O Lausperene Quaresmal de Braga, celebrado entre a Quarta-Feira de Cinzas e a Quinta-Feira Santa, constitui uma das mais singulares express\u00f5es da devo\u00e7\u00e3o eucar\u00edstica na cidade. Todos os anos, percorre um itiner\u00e1rio composto por vinte e tr\u00eas etapas, distribu\u00eddas pelos principais e mais emblem\u00e1ticos templos da malha urbana, mantendo viva uma tradi\u00e7\u00e3o com mais de tr\u00eas s\u00e9culos de hist\u00f3ria.<\/p>\n<p data-start=\"390\" data-end=\"711\">\u00c9 precisamente neste per\u00edodo \u2014 e apenas nesta ocasi\u00e3o do calend\u00e1rio lit\u00fargico \u2014 que muitas destas igrejas revelam ao p\u00fablico as suas art\u00edsticas tribunas, bem como parte significativa do seu patrim\u00f3nio mais precioso, como porcelanas, damascos e pe\u00e7as de ourivesaria, alcan\u00e7ando um esplendor raro e profundamente simb\u00f3lico.<\/p>\n<p data-start=\"713\" data-end=\"937\" data-is-last-node=\"\" data-is-only-node=\"\">Institu\u00eddo em 1710 por iniciativa do Arcebispo <span class=\"hover:entity-accent entity-underline inline cursor-pointer align-baseline\"><span class=\"whitespace-normal\">D. Rodrigo de Moura Telles<\/span><\/span>, o Lausperene Quaresmal permanece, desde ent\u00e3o, como uma presen\u00e7a ininterrupta e marcante na viv\u00eancia religiosa e cultural dos bracarenses.<\/p>\n<p data-start=\"713\" data-end=\"937\" data-is-last-node=\"\" data-is-only-node=\"\"><strong>CALEND\u00c1RIO LAUSPERENE QUARESMAL 2026<\/strong><\/p>\n<p data-start=\"713\" data-end=\"937\" data-is-last-node=\"\" data-is-only-node=\"\">18-19 de fevereiro -&gt; <a href=\"https:\/\/www.google.com\/maps\/place\/S%C3%A9+Catedral+de+Santa+Maria+de+Braga\/@41.5500228,-8.4267652,19.18z\/data=!4m6!3m5!1s0xd24fee794ea5567:0x88464e952d6ead51!8m2!3d41.5499885!4d-8.4269012!16zL20vMGRueDli?entry=ttu&amp;g_ep=EgoyMDI2MDIxMS4wIKXMDSoASAFQAw%3D%3D\" target=\"_blank\" rel=\"noopener\">S\u00e9 Catedral de Braga<\/a><\/p>\n<p data-start=\"713\" data-end=\"937\" data-is-last-node=\"\" data-is-only-node=\"\">20-21 de fevereiro -&gt; <a href=\"https:\/\/www.google.com\/maps\/place\/Igreja+de+S%C3%A3o+Pedro+e+S%C3%A3o+Paulo\/@41.5485739,-8.4266584,19.64z\/data=!4m6!3m5!1s0xd24fec3056db543:0xa6bdcea3a147824e!8m2!3d41.5485078!4d-8.4265405!16s%2Fm%2F03c8vwk?entry=ttu&amp;g_ep=EgoyMDI2MDIxMS4wIKXMDSoASAFQAw%3D%3D\" target=\"_blank\" rel=\"noopener\">Igreja de S\u00e3o Pedro e S\u00e3o Paulo (Semin\u00e1rio)<\/a><\/p>\n<p data-start=\"713\" data-end=\"937\" data-is-last-node=\"\" data-is-only-node=\"\">22-23 de fevereiro -&gt; <a href=\"https:\/\/www.google.com\/maps\/place\/Igreja+da+Miseric%C3%B3rdia+de+Braga\/@41.5504139,-8.4270496,19.64z\/data=!4m6!3m5!1s0xd24fec2bb1e4c51:0xe44414554ddc3758!8m2!3d41.5504114!4d-8.4270328!16s%2Fm%2F03c8n39?entry=ttu&amp;g_ep=EgoyMDI2MDIxMS4wIKXMDSoASAFQAw%3D%3D\" target=\"_blank\" rel=\"noopener\">Igreja da Miseric\u00f3rdia<\/a><\/p>\n<p data-start=\"713\" data-end=\"937\" data-is-last-node=\"\" data-is-only-node=\"\">24-25 de fevereiro -&gt; <a href=\"https:\/\/www.google.com\/maps\/place\/Capela+de+Nossa+Senhora+da+Penha+de+Fran%C3%A7a\/@41.5511815,-8.4201586,19.64z\/data=!3m1!5s0xd24fec005ad9d25:0x5ac6d3cf19caf662!4m6!3m5!1s0xd24fec01b997f4f:0x8af8141e9c6cfe98!8m2!3d41.5513559!4d-8.4193225!16s%2Fg%2F12372lx5?entry=ttu&amp;g_ep=EgoyMDI2MDIxMS4wIKXMDSoASAFQAw%3D%3D\" target=\"_blank\" rel=\"noopener\">Igreja da Penha de Fran\u00e7a<\/a><\/p>\n<p data-start=\"713\" data-end=\"937\" data-is-last-node=\"\" data-is-only-node=\"\">26-27 de fevereiro -&gt; <a href=\"https:\/\/www.google.com\/maps\/place\/Igreja+do+Salvador\/@41.5524998,-8.4270508,17.99z\/data=!4m6!3m5!1s0xd24fee84de7d80d:0xead944b6c55548a6!8m2!3d41.5529438!4d-8.4269473!16s%2Fg%2F11cllkw8lk?entry=ttu&amp;g_ep=EgoyMDI2MDIxMS4wIKXMDSoASAFQAw%3D%3D\" target=\"_blank\" rel=\"noopener\">Igreja do Salvador<\/a><\/p>\n<p data-start=\"713\" data-end=\"937\" data-is-last-node=\"\" data-is-only-node=\"\">28 de fevereiro -1 de mar\u00e7o -&gt; <a href=\"https:\/\/www.google.com\/maps\/place\/Igreja+de+Santo+Adri%C3%A3o\/@41.5402723,-8.4130291,18.05z\/data=!4m6!3m5!1s0xd24feb177cb20f1:0x93a8193d278677a2!8m2!3d41.5393195!4d-8.4112108!16s%2Fg%2F122sxhpb?entry=ttu&amp;g_ep=EgoyMDI2MDIxMS4wIKXMDSoASAFQAw%3D%3D\" target=\"_blank\" rel=\"noopener\">Igreja de Santo Adri\u00e3o<\/a><\/p>\n<p data-start=\"713\" data-end=\"937\" data-is-last-node=\"\" data-is-only-node=\"\">2-3 de mar\u00e7o -&gt; <a href=\"https:\/\/www.google.com\/maps\/place\/Igreja+da+Lapa\/@41.5512209,-8.4234513,19.75z\/data=!4m6!3m5!1s0xd24feea07599ef9:0x3a11433c2f304b76!8m2!3d41.5514826!4d-8.4234774!16s%2Fg%2F1216418p?entry=ttu&amp;g_ep=EgoyMDI2MDIxMS4wIKXMDSoASAFQAw%3D%3D\" target=\"_blank\" rel=\"noopener\">Igreja da Lapa<\/a><\/p>\n<p data-start=\"713\" data-end=\"937\" data-is-last-node=\"\" data-is-only-node=\"\">4-5 de mar\u00e7o -&gt; <a href=\"https:\/\/www.google.com\/maps\/place\/Igreja+de+S%C3%A3o+Victor\/@41.5519585,-8.418953,17.08z\/data=!3m1!5s0xd24fe95fb567617:0xc3c18bf2890e1d77!4m6!3m5!1s0xd24fe95f1a4bedb:0xa064703be54ac7ee!8m2!3d41.5527317!4d-8.4132494!16s%2Fg%2F121cb1_h?entry=ttu&amp;g_ep=EgoyMDI2MDIxMS4wIKXMDSoASAFQAw%3D%3D\" target=\"_blank\" rel=\"noopener\">Igreja de S\u00e3o Victor<\/a><\/p>\n<p data-start=\"713\" data-end=\"937\" data-is-last-node=\"\" data-is-only-node=\"\">6-7 de mar\u00e7o -&gt; <a href=\"https:\/\/www.google.com\/maps\/place\/Igreja+de+Santa+Teresa\/@41.5549249,-8.4212811,19z\/data=!3m1!4b1!4m6!3m5!1s0xd24feeb0e590fb9:0x8f7363cb13b3ffd9!8m2!3d41.5549239!4d-8.420636!16s%2Fg%2F122jdx9c?entry=ttu&amp;g_ep=EgoyMDI2MDIxMS4wIKXMDSoASAFQAw%3D%3D\" target=\"_blank\" rel=\"noopener\">Igreja de Santa Teresa (Asilo de S\u00e3o Jos\u00e9)<\/a><\/p>\n<p data-start=\"713\" data-end=\"937\" data-is-last-node=\"\" data-is-only-node=\"\">8-9 de mar\u00e7o -&gt; <a href=\"https:\/\/www.google.com\/maps\/place\/Igreja+dos+Terceiros+de+S%C3%A3o+Francisco\/@41.5514213,-8.4248945,19.51z\/data=!4m14!1m7!3m6!1s0xd24feeb0e590fb9:0x8f7363cb13b3ffd9!2sIgreja+de+Santa+Teresa!8m2!3d41.5549239!4d-8.420636!16s%2Fg%2F122jdx9c!3m5!1s0xd24feea1d32bf0d:0xa9a6526d8c88c2a!8m2!3d41.5516848!4d-8.4242754!16s%2Fg%2F122z_tqj?entry=ttu&amp;g_ep=EgoyMDI2MDIxMS4wIKXMDSoASAFQAw%3D%3D\" target=\"_blank\" rel=\"noopener\">Igreja dos Terceiros<\/a> \/ <a href=\"https:\/\/www.google.com\/maps\/place\/Igreja+de+Ferreiros\/@41.5361981,-8.4428949,17.07z\/data=!4m14!1m7!3m6!1s0xd24feeb0e590fb9:0x8f7363cb13b3ffd9!2sIgreja+de+Santa+Teresa!8m2!3d41.5549239!4d-8.420636!16s%2Fg%2F122jdx9c!3m5!1s0xd24ff29ff0a97bd:0xbcdecab8bfac7a91!8m2!3d41.5353952!4d-8.440552!16s%2Fg%2F1212s0f2?entry=ttu&amp;g_ep=EgoyMDI2MDIxMS4wIKXMDSoASAFQAw%3D%3D\" target=\"_blank\" rel=\"noopener\">Igreja Paroquial de Ferreiros<\/a><\/p>\n<p data-start=\"713\" data-end=\"937\" data-is-last-node=\"\" data-is-only-node=\"\">10-11 de mar\u00e7o -&gt; <a href=\"https:\/\/www.google.com\/maps\/place\/Igreja+de+S.+Jo%C3%A3o+do+Souto\/@41.5500333,-8.4249624,21z\/data=!4m14!1m7!3m6!1s0xd24feeb0e590fb9:0x8f7363cb13b3ffd9!2sIgreja+de+Santa+Teresa!8m2!3d41.5549239!4d-8.420636!16s%2Fg%2F122jdx9c!3m5!1s0xd24ff0029324b61:0x2188c71032764815!8m2!3d41.5499601!4d-8.4247861!16s%2Fg%2F11xtlq0lgf?entry=ttu&amp;g_ep=EgoyMDI2MDIxMS4wIKXMDSoASAFQAw%3D%3D\" target=\"_blank\" rel=\"noopener\">Igreja de S\u00e3o Jo\u00e3o do Souto<\/a><\/p>\n<p data-start=\"713\" data-end=\"937\" data-is-last-node=\"\" data-is-only-node=\"\">12-13 de mar\u00e7o -&gt; <a href=\"https:\/\/www.google.com\/maps\/place\/Igreja+do+P%C3%B3pulo\/@41.5512748,-8.4288208,17.76z\/data=!4m6!3m5!1s0xd24fee80d957c1b:0xc18cd9c84f0c5dd5!8m2!3d41.5519909!4d-8.4285789!16s%2Fm%2F03c02tk?entry=ttu&amp;g_ep=EgoyMDI2MDIxMS4wIKXMDSoASAFQAw%3D%3D\" target=\"_blank\" rel=\"noopener\">Igreja do P\u00f3pulo<\/a><\/p>\n<p data-start=\"713\" data-end=\"937\" data-is-last-node=\"\" data-is-only-node=\"\">14-15 de mar\u00e7o -&gt; <a href=\"https:\/\/www.google.com\/maps\/place\/Igreja+de+Santa+Cruz+de+Braga\/@41.549775,-8.4263085,17.99z\/data=!4m6!3m5!1s0xd24fec187dfa361:0xefeae6f6c0e80624!8m2!3d41.5493253!4d-8.4241573!16s%2Fm%2F09gfq7r?entry=ttu&amp;g_ep=EgoyMDI2MDIxMS4wIKXMDSoASAFQAw%3D%3D\" target=\"_blank\" rel=\"noopener\">Church of Santa Cruz<\/a><\/p>\n<p data-start=\"713\" data-end=\"937\" data-is-last-node=\"\" data-is-only-node=\"\">16-17 de mar\u00e7o -&gt; <a href=\"https:\/\/www.google.com\/maps\/place\/Igreja+do+Carmo\/@41.5538373,-8.4261039,19.13z\/data=!4m6!3m5!1s0xd24fee90be6b533:0x45fefe9d2963aefc!8m2!3d41.5540549!4d-8.4256242!16s%2Fm%2F03h10s6?entry=ttu&amp;g_ep=EgoyMDI2MDIxMS4wIKXMDSoASAFQAw%3D%3D\" target=\"_blank\" rel=\"noopener\">Igreja do Carmo<\/a><\/p>\n<p data-start=\"713\" data-end=\"937\" data-is-last-node=\"\" data-is-only-node=\"\">18-19 de mar\u00e7o -&gt; <a href=\"https:\/\/www.google.com\/maps\/place\/Igreja+de+S%C3%A3o+L%C3%A1zaro\/@41.547168,-8.4225515,18.9z\/data=!3m1!5s0xd24fec6d3439b6b:0x66e9423a5b5959c6!4m6!3m5!1s0xd24fec12cb0c351:0x5fb85dc2d19119ef!8m2!3d41.5466193!4d-8.4215665!16s%2Fg%2F120r9hx4?entry=ttu&amp;g_ep=EgoyMDI2MDIxMS4wIKXMDSoASAFQAw%3D%3D\" target=\"_blank\" rel=\"noopener\">Igreja de S\u00e3o L\u00e1zaro<\/a><\/p>\n<p data-start=\"713\" data-end=\"937\" data-is-last-node=\"\" data-is-only-node=\"\">20-21 de mar\u00e7o -&gt; <a href=\"https:\/\/www.google.com\/maps\/place\/Igreja+de+S%C3%A3o+Tiago+da+Cividade\/@41.5484834,-8.4271975,19.64z\/data=!4m6!3m5!1s0xd24fec301a5c831:0x9880515593699f05!8m2!3d41.5485483!4d-8.42687!16s%2Fg%2F11bv2lrg9s?entry=ttu&amp;g_ep=EgoyMDI2MDIxMS4wIKXMDSoASAFQAw%3D%3D\" target=\"_blank\" rel=\"noopener\">Igreja da Cividade<\/a><\/p>\n<p data-start=\"713\" data-end=\"937\" data-is-last-node=\"\" data-is-only-node=\"\">22-23 de mar\u00e7o -&gt; <a href=\"https:\/\/www.google.com\/maps\/place\/Igreja+de+S.+Marcos\/@41.5489193,-8.423912,19z\/data=!3m1!4b1!4m6!3m5!1s0xd24ff007b95d5d3:0x7de9a340efa3c372!8m2!3d41.5489183!4d-8.4232669!16s%2Fg%2F11yzsc_0lz?entry=ttu&amp;g_ep=EgoyMDI2MDIxMS4wIKXMDSoASAFQAw%3D%3D\" target=\"_blank\" rel=\"noopener\">Igreja de S\u00e3o Marcos<\/a><\/p>\n<p data-start=\"713\" data-end=\"937\" data-is-last-node=\"\" data-is-only-node=\"\">24-25 de mar\u00e7o -&gt; <a href=\"https:\/\/www.google.com\/maps\/place\/Igreja+de+Maximinos\/@41.5442133,-8.4344118,18.83z\/data=!4m14!1m7!3m6!1s0xd24ff007b95d5d3:0x7de9a340efa3c372!2sIgreja+de+S.+Marcos!8m2!3d41.5489183!4d-8.4232669!16s%2Fg%2F11yzsc_0lz!3m5!1s0xd24fedb8dac251d:0x4b1db529a1debc3f!8m2!3d41.5440716!4d-8.43328!16s%2Fg%2F122j3rd9?entry=ttu&amp;g_ep=EgoyMDI2MDIxMS4wIKXMDSoASAFQAw%3D%3D\" target=\"_blank\" rel=\"noopener\">Igreja de S. Pedro de Maximinos\u00a0<\/a><\/p>\n<p data-start=\"713\" data-end=\"937\" data-is-last-node=\"\" data-is-only-node=\"\">26-27 de mar\u00e7o -&gt; <a href=\"https:\/\/www.google.com\/maps\/place\/Bas%C3%ADlica+dos+Congregados\/@41.5505258,-8.4211791,18.38z\/data=!3m1!5s0xd24fec02ca3c1cf:0x99b499f57673762e!4m14!1m7!3m6!1s0xd24ff007b95d5d3:0x7de9a340efa3c372!2sIgreja+de+S.+Marcos!8m2!3d41.5489183!4d-8.4232669!16s%2Fg%2F11yzsc_0lz!3m5!1s0xd24fec1d3af1db1:0x62cdf84f4885f875!8m2!3d41.5510974!4d-8.421341!16s%2Fg%2F1215_gwd?entry=ttu&amp;g_ep=EgoyMDI2MDIxMS4wIKXMDSoASAFQAw%3D%3D\" target=\"_blank\" rel=\"noopener\">Bas\u00edlica dos Congredados<\/a><\/p>\n<p data-start=\"713\" data-end=\"937\" data-is-last-node=\"\" data-is-only-node=\"\">28-29 de mar\u00e7o -&gt; <a href=\"https:\/\/www.google.com\/maps\/place\/Igreja+de+S%C3%A3o+Vicente\/@41.5519566,-8.4251858,15.76z\/data=!4m14!1m7!3m6!1s0xd24ff007b95d5d3:0x7de9a340efa3c372!2sIgreja+de+S.+Marcos!8m2!3d41.5489183!4d-8.4232669!16s%2Fg%2F11yzsc_0lz!3m5!1s0xd24feebc0880f4f:0xaa948d8190716392!8m2!3d41.5560218!4d-8.4212172!16s%2Fm%2F03g_90h?entry=ttu&amp;g_ep=EgoyMDI2MDIxMS4wIKXMDSoASAFQAw%3D%3D\" target=\"_blank\" rel=\"noopener\">Igreja de S\u00e3o Vicente<\/a><\/p>\n<p data-start=\"713\" data-end=\"937\" data-is-last-node=\"\" data-is-only-node=\"\">30-31 de mar\u00e7o -&gt; <a href=\"https:\/\/www.google.com\/maps\/place\/Igreja+de+Nossa+Senhora-a-Branca\/@41.5518936,-8.4162509,20.55z\/data=!4m14!1m7!3m6!1s0xd24ff007b95d5d3:0x7de9a340efa3c372!2sIgreja+de+S.+Marcos!8m2!3d41.5489183!4d-8.4232669!16s%2Fg%2F11yzsc_0lz!3m5!1s0xd24ff301e24616d:0xf5e14a93f5885753!8m2!3d41.5518158!4d-8.4161746!16s%2Fg%2F11lpr_7zr1?entry=ttu&amp;g_ep=EgoyMDI2MDIxMS4wIKXMDSoASAFQAw%3D%3D\" target=\"_blank\" rel=\"noopener\">Igreja de Senhora-a-Branca<\/a><\/p>\n<p data-start=\"713\" data-end=\"937\" data-is-last-node=\"\" data-is-only-node=\"\">1-2 de abril -&gt; <a href=\"https:\/\/www.google.com\/maps\/place\/Igreja+da+Concei%C3%A7%C3%A3o\/@41.5456196,-8.426325,19.13z\/data=!4m14!1m7!3m6!1s0xd24ff007b95d5d3:0x7de9a340efa3c372!2sIgreja+de+S.+Marcos!8m2!3d41.5489183!4d-8.4232669!16s%2Fg%2F11yzsc_0lz!3m5!1s0xd24fec47adc2753:0x92ce8cf6e17e1db0!8m2!3d41.5455811!4d-8.4260399!16s%2Fg%2F11cm6c5b2z?entry=ttu&amp;g_ep=EgoyMDI2MDIxMS4wIKXMDSoASAFQAw%3D%3D\" target=\"_blank\" rel=\"noopener\">Igreja da Concei\u00e7\u00e3o (Instituto Monsenhor Airosa)<\/a><\/p>","protected":false},"excerpt":{"rendered":"<p>Celebrado entre a Quarta-Feira de Cinzas e a Quinta-Feira Santa, constitui uma das mais singulares express\u00f5es da devo\u00e7\u00e3o eucar\u00edstica na cidade.<\/p>","protected":false},"featured_media":28894,"template":"","highlight_category":[58],"class_list":["post-28891","highlight","type-highlight","status-publish","has-post-thumbnail","hentry","highlight_category-cultura-e-arte-eventos"],"acf":[],"yoast_head":"<!-- This site is optimized with the Yoast SEO plugin v27.5 - https:\/\/yoast.com\/product\/yoast-seo-wordpress\/ -->\n<title>Lausperene Quaresmal | Visit Braga<\/title>\n<meta name=\"description\" content=\"Celebrado entre a Quarta-Feira de Cinzas e a Quinta-Feira Santa, constitui uma das mais singulares express\u00f5es da devo\u00e7\u00e3o eucar\u00edstica na cidade.\" \/>\n<meta name=\"robots\" content=\"index, follow, max-snippet:-1, max-image-preview:large, max-video-preview:-1\" \/>\n<link rel=\"canonical\" href=\"https:\/\/visitbraga.travel\/en\/highlights\/cultura-e-arte\/lausperene-quaresmal\/\" \/>\n<meta property=\"og:locale\" content=\"en_US\" \/>\n<meta property=\"og:type\" content=\"article\" \/>\n<meta property=\"og:title\" content=\"Lausperene Quaresmal | Visit Braga\" \/>\n<meta property=\"og:description\" content=\"Celebrado entre a Quarta-Feira de Cinzas e a Quinta-Feira Santa, constitui uma das mais singulares express\u00f5es da devo\u00e7\u00e3o eucar\u00edstica na cidade.\" \/>\n<meta property=\"og:url\" content=\"https:\/\/visitbraga.travel\/en\/highlights\/cultura-e-arte\/lausperene-quaresmal\/\" \/>\n<meta property=\"og:site_name\" content=\"Visit Braga\" \/>\n<meta property=\"article:publisher\" content=\"https:\/\/www.facebook.com\/visitbraga.travel\/\" \/>\n<meta property=\"article:modified_time\" content=\"2026-02-18T11:08:53+00:00\" \/>\n<meta property=\"og:image\" content=\"https:\/\/visitbraga.travel\/wp-content\/uploads\/2026\/02\/Lausperene-Se-683x1024.png\" \/>\n\t<meta property=\"og:image:width\" content=\"683\" \/>\n\t<meta property=\"og:image:height\" content=\"1024\" \/>\n\t<meta property=\"og:image:type\" content=\"image\/png\" \/>\n<meta name=\"twitter:card\" content=\"summary_large_image\" \/>\n<meta name=\"twitter:site\" content=\"@VisitBraga\" \/>\n<meta name=\"twitter:label1\" content=\"Est. reading time\" \/>\n\t<meta name=\"twitter:data1\" content=\"2 minutes\" \/>\n<script type=\"application\/ld+json\" class=\"yoast-schema-graph\">{\"@context\":\"https:\\\/\\\/schema.org\",\"@graph\":[{\"@type\":\"WebPage\",\"@id\":\"https:\\\/\\\/visitbraga.travel\\\/highlights\\\/cultura-e-arte\\\/lausperene-quaresmal\\\/\",\"url\":\"https:\\\/\\\/visitbraga.travel\\\/highlights\\\/cultura-e-arte\\\/lausperene-quaresmal\\\/\",\"name\":\"Lausperene Quaresmal | Visit Braga\",\"isPartOf\":{\"@id\":\"https:\\\/\\\/visitbraga.travel\\\/#website\"},\"primaryImageOfPage\":{\"@id\":\"https:\\\/\\\/visitbraga.travel\\\/highlights\\\/cultura-e-arte\\\/lausperene-quaresmal\\\/#primaryimage\"},\"image\":{\"@id\":\"https:\\\/\\\/visitbraga.travel\\\/highlights\\\/cultura-e-arte\\\/lausperene-quaresmal\\\/#primaryimage\"},\"thumbnailUrl\":\"https:\\\/\\\/visitbraga.travel\\\/wp-content\\\/uploads\\\/2026\\\/02\\\/Lausperene-Se.png\",\"datePublished\":\"2026-02-18T11:08:09+00:00\",\"dateModified\":\"2026-02-18T11:08:53+00:00\",\"description\":\"Celebrado entre a Quarta-Feira de Cinzas e a Quinta-Feira Santa, constitui uma das mais singulares express\u00f5es da devo\u00e7\u00e3o eucar\u00edstica na cidade.\",\"inLanguage\":\"en-US\",\"potentialAction\":[{\"@type\":\"ReadAction\",\"target\":[\"https:\\\/\\\/visitbraga.travel\\\/highlights\\\/cultura-e-arte\\\/lausperene-quaresmal\\\/\"]}]},{\"@type\":\"ImageObject\",\"inLanguage\":\"en-US\",\"@id\":\"https:\\\/\\\/visitbraga.travel\\\/highlights\\\/cultura-e-arte\\\/lausperene-quaresmal\\\/#primaryimage\",\"url\":\"https:\\\/\\\/visitbraga.travel\\\/wp-content\\\/uploads\\\/2026\\\/02\\\/Lausperene-Se.png\",\"contentUrl\":\"https:\\\/\\\/visitbraga.travel\\\/wp-content\\\/uploads\\\/2026\\\/02\\\/Lausperene-Se.png\",\"width\":1024,\"height\":1536},{\"@type\":\"WebSite\",\"@id\":\"https:\\\/\\\/visitbraga.travel\\\/#website\",\"url\":\"https:\\\/\\\/visitbraga.travel\\\/\",\"name\":\"Visit Braga\",\"description\":\"Turismo Braga | Site Oficial de Braga\",\"publisher\":{\"@id\":\"https:\\\/\\\/visitbraga.travel\\\/#organization\"},\"potentialAction\":[{\"@type\":\"SearchAction\",\"target\":{\"@type\":\"EntryPoint\",\"urlTemplate\":\"https:\\\/\\\/visitbraga.travel\\\/?s={search_term_string}\"},\"query-input\":{\"@type\":\"PropertyValueSpecification\",\"valueRequired\":true,\"valueName\":\"search_term_string\"}}],\"inLanguage\":\"en-US\"},{\"@type\":\"Organization\",\"@id\":\"https:\\\/\\\/visitbraga.travel\\\/#organization\",\"name\":\"Visit Braga\",\"url\":\"https:\\\/\\\/visitbraga.travel\\\/\",\"logo\":{\"@type\":\"ImageObject\",\"inLanguage\":\"en-US\",\"@id\":\"https:\\\/\\\/visitbraga.travel\\\/#\\\/schema\\\/logo\\\/image\\\/\",\"url\":\"https:\\\/\\\/visitbraga.travel\\\/wp-content\\\/uploads\\\/2025\\\/05\\\/visit-braga.jpg\",\"contentUrl\":\"https:\\\/\\\/visitbraga.travel\\\/wp-content\\\/uploads\\\/2025\\\/05\\\/visit-braga.jpg\",\"width\":2400,\"height\":1256,\"caption\":\"Visit Braga\"},\"image\":{\"@id\":\"https:\\\/\\\/visitbraga.travel\\\/#\\\/schema\\\/logo\\\/image\\\/\"},\"sameAs\":[\"https:\\\/\\\/www.facebook.com\\\/visitbraga.travel\\\/\",\"https:\\\/\\\/x.com\\\/VisitBraga\"]}]}<\/script>\n<!-- \/ Yoast SEO plugin. -->","yoast_head_json":{"title":"Lausperene Quaresmal | Visit Braga","description":"Celebrado entre a Quarta-Feira de Cinzas e a Quinta-Feira Santa, constitui uma das mais singulares express\u00f5es da devo\u00e7\u00e3o eucar\u00edstica na cidade.","robots":{"index":"index","follow":"follow","max-snippet":"max-snippet:-1","max-image-preview":"max-image-preview:large","max-video-preview":"max-video-preview:-1"},"canonical":"https:\/\/visitbraga.travel\/en\/highlights\/cultura-e-arte\/lausperene-quaresmal\/","og_locale":"en_US","og_type":"article","og_title":"Lausperene Quaresmal | Visit Braga","og_description":"Celebrado entre a Quarta-Feira de Cinzas e a Quinta-Feira Santa, constitui uma das mais singulares express\u00f5es da devo\u00e7\u00e3o eucar\u00edstica na cidade.","og_url":"https:\/\/visitbraga.travel\/en\/highlights\/cultura-e-arte\/lausperene-quaresmal\/","og_site_name":"Visit Braga","article_publisher":"https:\/\/www.facebook.com\/visitbraga.travel\/","article_modified_time":"2026-02-18T11:08:53+00:00","og_image":[{"width":683,"height":1024,"url":"https:\/\/visitbraga.travel\/wp-content\/uploads\/2026\/02\/Lausperene-Se-683x1024.png","type":"image\/png"}],"twitter_card":"summary_large_image","twitter_site":"@VisitBraga","twitter_misc":{"Est. reading time":"2 minutes"},"schema":{"@context":"https:\/\/schema.org","@graph":[{"@type":"WebPage","@id":"https:\/\/visitbraga.travel\/highlights\/cultura-e-arte\/lausperene-quaresmal\/","url":"https:\/\/visitbraga.travel\/highlights\/cultura-e-arte\/lausperene-quaresmal\/","name":"Lausperene Quaresmal | Visit Braga","isPartOf":{"@id":"https:\/\/visitbraga.travel\/#website"},"primaryImageOfPage":{"@id":"https:\/\/visitbraga.travel\/highlights\/cultura-e-arte\/lausperene-quaresmal\/#primaryimage"},"image":{"@id":"https:\/\/visitbraga.travel\/highlights\/cultura-e-arte\/lausperene-quaresmal\/#primaryimage"},"thumbnailUrl":"https:\/\/visitbraga.travel\/wp-content\/uploads\/2026\/02\/Lausperene-Se.png","datePublished":"2026-02-18T11:08:09+00:00","dateModified":"2026-02-18T11:08:53+00:00","description":"Celebrado entre a Quarta-Feira de Cinzas e a Quinta-Feira Santa, constitui uma das mais singulares express\u00f5es da devo\u00e7\u00e3o eucar\u00edstica na cidade.","inLanguage":"en-US","potentialAction":[{"@type":"ReadAction","target":["https:\/\/visitbraga.travel\/highlights\/cultura-e-arte\/lausperene-quaresmal\/"]}]},{"@type":"ImageObject","inLanguage":"en-US","@id":"https:\/\/visitbraga.travel\/highlights\/cultura-e-arte\/lausperene-quaresmal\/#primaryimage","url":"https:\/\/visitbraga.travel\/wp-content\/uploads\/2026\/02\/Lausperene-Se.png","contentUrl":"https:\/\/visitbraga.travel\/wp-content\/uploads\/2026\/02\/Lausperene-Se.png","width":1024,"height":1536},{"@type":"WebSite","@id":"https:\/\/visitbraga.travel\/#website","url":"https:\/\/visitbraga.travel\/","name":"Visit Braga","description":"Turismo Braga | Site Oficial de Braga","publisher":{"@id":"https:\/\/visitbraga.travel\/#organization"},"potentialAction":[{"@type":"SearchAction","target":{"@type":"EntryPoint","urlTemplate":"https:\/\/visitbraga.travel\/?s={search_term_string}"},"query-input":{"@type":"PropertyValueSpecification","valueRequired":true,"valueName":"search_term_string"}}],"inLanguage":"en-US"},{"@type":"Organization","@id":"https:\/\/visitbraga.travel\/#organization","name":"Visit Braga","url":"https:\/\/visitbraga.travel\/","logo":{"@type":"ImageObject","inLanguage":"en-US","@id":"https:\/\/visitbraga.travel\/#\/schema\/logo\/image\/","url":"https:\/\/visitbraga.travel\/wp-content\/uploads\/2025\/05\/visit-braga.jpg","contentUrl":"https:\/\/visitbraga.travel\/wp-content\/uploads\/2025\/05\/visit-braga.jpg","width":2400,"height":1256,"caption":"Visit Braga"},"image":{"@id":"https:\/\/visitbraga.travel\/#\/schema\/logo\/image\/"},"sameAs":["https:\/\/www.facebook.com\/visitbraga.travel\/","https:\/\/x.com\/VisitBraga"]}]}},"_links":{"self":[{"href":"https:\/\/visitbraga.travel\/en\/wp-json\/wp\/v2\/highlight\/28891","targetHints":{"allow":["GET"]}}],"collection":[{"href":"https:\/\/visitbraga.travel\/en\/wp-json\/wp\/v2\/highlight"}],"about":[{"href":"https:\/\/visitbraga.travel\/en\/wp-json\/wp\/v2\/types\/highlight"}],"version-history":[{"count":0,"href":"https:\/\/visitbraga.travel\/en\/wp-json\/wp\/v2\/highlight\/28891\/revisions"}],"wp:featuredmedia":[{"embeddable":true,"href":"https:\/\/visitbraga.travel\/en\/wp-json\/wp\/v2\/media\/28894"}],"wp:attachment":[{"href":"https:\/\/visitbraga.travel\/en\/wp-json\/wp\/v2\/media?parent=28891"}],"wp:term":[{"taxonomy":"highlight_category","embeddable":true,"href":"https:\/\/visitbraga.travel\/en\/wp-json\/wp\/v2\/highlight_category?post=28891"}],"curies":[{"name":"wp","href":"https:\/\/api.w.org\/{rel}","templated":true}]}}