{"id":6813,"date":"2025-07-17T11:38:13","date_gmt":"2025-07-17T10:38:13","guid":{"rendered":"https:\/\/visitbraga.travel\/highlights\/%highlight_category%\/a-funeraria-de-sao-vicente\/"},"modified":"2025-07-25T11:57:55","modified_gmt":"2025-07-25T10:57:55","slug":"a-funeraria-de-sao-vicente","status":"publish","type":"highlight","link":"https:\/\/visitbraga.travel\/en\/highlights\/comercio-local\/a-funeraria-de-sao-vicente\/","title":{"rendered":"S\u00e3o Vicente Funeral Home"},"content":{"rendered":"<p><strong>The store<\/strong><br \/>\nFuner\u00e1ria S\u00e3o Vicente is a family-run business with over a century of experience, offering a personalized and reliable service for funeral ceremonies in Braga.<\/p>\n<p><strong>History<\/strong><br \/>\nFounded in 1863, Funer\u00e1ria de S\u00e3o Vicente is one of the oldest companies in the city and has played a very important role in Braga society since its foundation. It is a benchmark in family support, helping families through the difficult and decisive moments of life, combining tradition and professionalism in the organization of funeral ceremonies.<br \/>\nA family-run company with over 160 years of experience, it stands out for offering a personalized, reliable and serious service, whose priority is to provide the peace of mind that every family needs to better withstand difficult times.<\/p>\n<p><strong>Products and services<\/strong><br \/>\nOrganization of funeral ceremonies, cremations, transfers and administrative services.<\/p>\n<p><strong>Contact<\/strong><br \/>\nPhone: 253262302<br \/>\nEmail: <a href=\"\/en\/&\/#109;&#x61;&#x69;l&#116;&#x6f;&#x3a;a&#102;&#x75;n&#101;&#x72;&#x61;r&#105;&#x61;&#46;&#98;&#x72;&#x61;g&#97;&#x40;&#x73;&#97;&#x70;&#x6f;&#46;&#112;&#x74;\">afuneraria.braga@sapo.pt<\/a><\/p>","protected":false},"excerpt":{"rendered":"<p>Funer\u00e1ria S\u00e3o Vicente is a family-run business with over a century of experience, offering a personalized service.<\/p>","protected":false},"featured_media":7976,"template":"","highlight_category":[59],"class_list":["post-6813","highlight","type-highlight","status-publish","has-post-thumbnail","hentry","highlight_category-lojas-com-historia"],"acf":[],"yoast_head":"<!-- This site is optimized with the Yoast SEO plugin v27.5 - https:\/\/yoast.com\/product\/yoast-seo-wordpress\/ -->\n<title>A Funer\u00e1ria de S\u00e3o Vicente | Visit Braga<\/title>\n<meta name=\"description\" content=\"A Funer\u00e1ria S\u00e3o Vicente \u00e9 uma empresa familiar com mais de um s\u00e9culo de experi\u00eancia, oferecendo um servi\u00e7o personalizado.\" \/>\n<meta name=\"robots\" content=\"index, follow, max-snippet:-1, max-image-preview:large, max-video-preview:-1\" \/>\n<link rel=\"canonical\" href=\"https:\/\/visitbraga.travel\/en\/highlights\/comercio-local\/a-funeraria-de-sao-vicente\/\" \/>\n<meta property=\"og:locale\" content=\"en_US\" \/>\n<meta property=\"og:type\" content=\"article\" \/>\n<meta property=\"og:title\" content=\"A Funer\u00e1ria de S\u00e3o Vicente | Visit Braga\" \/>\n<meta property=\"og:description\" content=\"A Funer\u00e1ria S\u00e3o Vicente \u00e9 uma empresa familiar com mais de um s\u00e9culo de experi\u00eancia, oferecendo um servi\u00e7o personalizado.\" \/>\n<meta property=\"og:url\" content=\"https:\/\/visitbraga.travel\/en\/highlights\/comercio-local\/a-funeraria-de-sao-vicente\/\" \/>\n<meta property=\"og:site_name\" content=\"Visit Braga\" \/>\n<meta property=\"article:publisher\" content=\"https:\/\/www.facebook.com\/visitbraga.travel\/\" \/>\n<meta property=\"article:modified_time\" content=\"2025-07-25T10:57:55+00:00\" \/>\n<meta property=\"og:image\" content=\"https:\/\/visitbraga.travel\/wp-content\/uploads\/2025\/07\/funeraria_1.jpg\" \/>\n\t<meta property=\"og:image:width\" content=\"1188\" \/>\n\t<meta property=\"og:image:height\" content=\"792\" \/>\n\t<meta property=\"og:image:type\" content=\"image\/jpeg\" \/>\n<meta name=\"twitter:card\" content=\"summary_large_image\" \/>\n<meta name=\"twitter:site\" content=\"@VisitBraga\" \/>\n<meta name=\"twitter:label1\" content=\"Est. reading time\" \/>\n\t<meta name=\"twitter:data1\" content=\"3 minutes\" \/>\n<script type=\"application\/ld+json\" class=\"yoast-schema-graph\">{\"@context\":\"https:\\\/\\\/schema.org\",\"@graph\":[{\"@type\":\"WebPage\",\"@id\":\"https:\\\/\\\/visitbraga.travel\\\/highlights\\\/comercio-local\\\/a-funeraria-de-sao-vicente\\\/\",\"url\":\"https:\\\/\\\/visitbraga.travel\\\/highlights\\\/comercio-local\\\/a-funeraria-de-sao-vicente\\\/\",\"name\":\"A Funer\u00e1ria de S\u00e3o Vicente | Visit Braga\",\"isPartOf\":{\"@id\":\"https:\\\/\\\/visitbraga.travel\\\/#website\"},\"primaryImageOfPage\":{\"@id\":\"https:\\\/\\\/visitbraga.travel\\\/highlights\\\/comercio-local\\\/a-funeraria-de-sao-vicente\\\/#primaryimage\"},\"image\":{\"@id\":\"https:\\\/\\\/visitbraga.travel\\\/highlights\\\/comercio-local\\\/a-funeraria-de-sao-vicente\\\/#primaryimage\"},\"thumbnailUrl\":\"https:\\\/\\\/visitbraga.travel\\\/wp-content\\\/uploads\\\/2025\\\/07\\\/funeraria_1.jpg\",\"datePublished\":\"2025-07-17T10:38:13+00:00\",\"dateModified\":\"2025-07-25T10:57:55+00:00\",\"description\":\"A Funer\u00e1ria S\u00e3o Vicente \u00e9 uma empresa familiar com mais de um s\u00e9culo de experi\u00eancia, oferecendo um servi\u00e7o personalizado.\",\"inLanguage\":\"en-US\",\"potentialAction\":[{\"@type\":\"ReadAction\",\"target\":[\"https:\\\/\\\/visitbraga.travel\\\/highlights\\\/comercio-local\\\/a-funeraria-de-sao-vicente\\\/\"]}]},{\"@type\":\"ImageObject\",\"inLanguage\":\"en-US\",\"@id\":\"https:\\\/\\\/visitbraga.travel\\\/highlights\\\/comercio-local\\\/a-funeraria-de-sao-vicente\\\/#primaryimage\",\"url\":\"https:\\\/\\\/visitbraga.travel\\\/wp-content\\\/uploads\\\/2025\\\/07\\\/funeraria_1.jpg\",\"contentUrl\":\"https:\\\/\\\/visitbraga.travel\\\/wp-content\\\/uploads\\\/2025\\\/07\\\/funeraria_1.jpg\",\"width\":1188,\"height\":792},{\"@type\":\"WebSite\",\"@id\":\"https:\\\/\\\/visitbraga.travel\\\/#website\",\"url\":\"https:\\\/\\\/visitbraga.travel\\\/\",\"name\":\"Visit Braga\",\"description\":\"Turismo Braga | Site Oficial de Braga\",\"publisher\":{\"@id\":\"https:\\\/\\\/visitbraga.travel\\\/#organization\"},\"potentialAction\":[{\"@type\":\"SearchAction\",\"target\":{\"@type\":\"EntryPoint\",\"urlTemplate\":\"https:\\\/\\\/visitbraga.travel\\\/?s={search_term_string}\"},\"query-input\":{\"@type\":\"PropertyValueSpecification\",\"valueRequired\":true,\"valueName\":\"search_term_string\"}}],\"inLanguage\":\"en-US\"},{\"@type\":\"Organization\",\"@id\":\"https:\\\/\\\/visitbraga.travel\\\/#organization\",\"name\":\"Visit Braga\",\"url\":\"https:\\\/\\\/visitbraga.travel\\\/\",\"logo\":{\"@type\":\"ImageObject\",\"inLanguage\":\"en-US\",\"@id\":\"https:\\\/\\\/visitbraga.travel\\\/#\\\/schema\\\/logo\\\/image\\\/\",\"url\":\"https:\\\/\\\/visitbraga.travel\\\/wp-content\\\/uploads\\\/2025\\\/05\\\/visit-braga.jpg\",\"contentUrl\":\"https:\\\/\\\/visitbraga.travel\\\/wp-content\\\/uploads\\\/2025\\\/05\\\/visit-braga.jpg\",\"width\":2400,\"height\":1256,\"caption\":\"Visit Braga\"},\"image\":{\"@id\":\"https:\\\/\\\/visitbraga.travel\\\/#\\\/schema\\\/logo\\\/image\\\/\"},\"sameAs\":[\"https:\\\/\\\/www.facebook.com\\\/visitbraga.travel\\\/\",\"https:\\\/\\\/x.com\\\/VisitBraga\"]}]}<\/script>\n<!-- \/ Yoast SEO plugin. -->","yoast_head_json":{"title":"A Funer\u00e1ria de S\u00e3o Vicente | Visit Braga","description":"Funer\u00e1ria S\u00e3o Vicente is a family-run business with over a century of experience, offering a personalized service.","robots":{"index":"index","follow":"follow","max-snippet":"max-snippet:-1","max-image-preview":"max-image-preview:large","max-video-preview":"max-video-preview:-1"},"canonical":"https:\/\/visitbraga.travel\/en\/highlights\/comercio-local\/a-funeraria-de-sao-vicente\/","og_locale":"en_US","og_type":"article","og_title":"A Funer\u00e1ria de S\u00e3o Vicente | Visit Braga","og_description":"A Funer\u00e1ria S\u00e3o Vicente \u00e9 uma empresa familiar com mais de um s\u00e9culo de experi\u00eancia, oferecendo um servi\u00e7o personalizado.","og_url":"https:\/\/visitbraga.travel\/en\/highlights\/comercio-local\/a-funeraria-de-sao-vicente\/","og_site_name":"Visit Braga","article_publisher":"https:\/\/www.facebook.com\/visitbraga.travel\/","article_modified_time":"2025-07-25T10:57:55+00:00","og_image":[{"width":1188,"height":792,"url":"https:\/\/visitbraga.travel\/wp-content\/uploads\/2025\/07\/funeraria_1.jpg","type":"image\/jpeg"}],"twitter_card":"summary_large_image","twitter_site":"@VisitBraga","twitter_misc":{"Est. reading time":"3 minutes"},"schema":{"@context":"https:\/\/schema.org","@graph":[{"@type":"WebPage","@id":"https:\/\/visitbraga.travel\/highlights\/comercio-local\/a-funeraria-de-sao-vicente\/","url":"https:\/\/visitbraga.travel\/highlights\/comercio-local\/a-funeraria-de-sao-vicente\/","name":"A Funer\u00e1ria de S\u00e3o Vicente | Visit Braga","isPartOf":{"@id":"https:\/\/visitbraga.travel\/#website"},"primaryImageOfPage":{"@id":"https:\/\/visitbraga.travel\/highlights\/comercio-local\/a-funeraria-de-sao-vicente\/#primaryimage"},"image":{"@id":"https:\/\/visitbraga.travel\/highlights\/comercio-local\/a-funeraria-de-sao-vicente\/#primaryimage"},"thumbnailUrl":"https:\/\/visitbraga.travel\/wp-content\/uploads\/2025\/07\/funeraria_1.jpg","datePublished":"2025-07-17T10:38:13+00:00","dateModified":"2025-07-25T10:57:55+00:00","description":"Funer\u00e1ria S\u00e3o Vicente is a family-run business with over a century of experience, offering a personalized service.","inLanguage":"en-US","potentialAction":[{"@type":"ReadAction","target":["https:\/\/visitbraga.travel\/highlights\/comercio-local\/a-funeraria-de-sao-vicente\/"]}]},{"@type":"ImageObject","inLanguage":"en-US","@id":"https:\/\/visitbraga.travel\/highlights\/comercio-local\/a-funeraria-de-sao-vicente\/#primaryimage","url":"https:\/\/visitbraga.travel\/wp-content\/uploads\/2025\/07\/funeraria_1.jpg","contentUrl":"https:\/\/visitbraga.travel\/wp-content\/uploads\/2025\/07\/funeraria_1.jpg","width":1188,"height":792},{"@type":"WebSite","@id":"https:\/\/visitbraga.travel\/#website","url":"https:\/\/visitbraga.travel\/","name":"Visit Braga","description":"Turismo Braga | Site Oficial de Braga","publisher":{"@id":"https:\/\/visitbraga.travel\/#organization"},"potentialAction":[{"@type":"SearchAction","target":{"@type":"EntryPoint","urlTemplate":"https:\/\/visitbraga.travel\/?s={search_term_string}"},"query-input":{"@type":"PropertyValueSpecification","valueRequired":true,"valueName":"search_term_string"}}],"inLanguage":"en-US"},{"@type":"Organization","@id":"https:\/\/visitbraga.travel\/#organization","name":"Visit Braga","url":"https:\/\/visitbraga.travel\/","logo":{"@type":"ImageObject","inLanguage":"en-US","@id":"https:\/\/visitbraga.travel\/#\/schema\/logo\/image\/","url":"https:\/\/visitbraga.travel\/wp-content\/uploads\/2025\/05\/visit-braga.jpg","contentUrl":"https:\/\/visitbraga.travel\/wp-content\/uploads\/2025\/05\/visit-braga.jpg","width":2400,"height":1256,"caption":"Visit Braga"},"image":{"@id":"https:\/\/visitbraga.travel\/#\/schema\/logo\/image\/"},"sameAs":["https:\/\/www.facebook.com\/visitbraga.travel\/","https:\/\/x.com\/VisitBraga"]}]}},"_links":{"self":[{"href":"https:\/\/visitbraga.travel\/en\/wp-json\/wp\/v2\/highlight\/6813","targetHints":{"allow":["GET"]}}],"collection":[{"href":"https:\/\/visitbraga.travel\/en\/wp-json\/wp\/v2\/highlight"}],"about":[{"href":"https:\/\/visitbraga.travel\/en\/wp-json\/wp\/v2\/types\/highlight"}],"version-history":[{"count":0,"href":"https:\/\/visitbraga.travel\/en\/wp-json\/wp\/v2\/highlight\/6813\/revisions"}],"wp:featuredmedia":[{"embeddable":true,"href":"https:\/\/visitbraga.travel\/en\/wp-json\/wp\/v2\/media\/7976"}],"wp:attachment":[{"href":"https:\/\/visitbraga.travel\/en\/wp-json\/wp\/v2\/media?parent=6813"}],"wp:term":[{"taxonomy":"highlight_category","embeddable":true,"href":"https:\/\/visitbraga.travel\/en\/wp-json\/wp\/v2\/highlight_category?post=6813"}],"curies":[{"name":"wp","href":"https:\/\/api.w.org\/{rel}","templated":true}]}}