{"id":6018,"date":"2025-05-22T17:19:34","date_gmt":"2025-05-22T16:19:34","guid":{"rendered":"https:\/\/visitbraga.travel\/highlights\/%highlight_category%\/arco-da-porta-nova\/"},"modified":"2025-07-23T11:35:06","modified_gmt":"2025-07-23T10:35:06","slug":"arco-da-porta-nova","status":"publish","type":"highlight","link":"https:\/\/visitbraga.travel\/es\/highlights\/monumentos\/arco-da-porta-nova\/","title":{"rendered":"Arco de la Puerta Nueva"},"content":{"rendered":"<p>Entrada de la ciudad para muchos reyes y arzobispos, el Arco da Porta Nova fue abierto en la muralla que rodeaba Braga a principios del siglo XVI por iniciativa del entonces arzobispo D. Diogo Sousa. Diogo de Sousa, bas\u00e1ndose en un concepto considerado innovador para la \u00e9poca: al no haber m\u00e1s guerras encarnizadas, se pens\u00f3 que no ser\u00eda necesaria una puerta en el Arco da Porta Nova.<\/p>\n<p>En este Arco se basa una de las mayores alegor\u00edas de la ciudad, observada como una especie de bienvenida a todos los que visitan Braga; una de las expresiones populares m\u00e1s utilizadas y escuchadas en el pa\u00eds: <a href=\"https:\/\/visitbraga.travel\/es\/highlights\/mitos-e-lendas\/es-de-braga\/\">\"\u00bfEres de Braga?\"<\/a> (pregunta ret\u00f3rica dirigida a quienes tienen por costumbre dejar la puerta abierta).<\/p>","protected":false},"excerpt":{"rendered":"<p>Este arco sin puerta se abri\u00f3 en las murallas de la ciudad porque ya no hab\u00eda guerras encarnizadas en Portugal.<\/p>","protected":false},"featured_media":7830,"template":"","highlight_category":[45,46],"class_list":["post-6018","highlight","type-highlight","status-publish","has-post-thumbnail","hentry","highlight_category-monumentos-historicos-mais-visitados","highlight_category-barroco"],"acf":[],"yoast_head":"<!-- This site is optimized with the Yoast SEO plugin v27.5 - https:\/\/yoast.com\/product\/yoast-seo-wordpress\/ -->\n<title>Arco da Porta Nova | Visit Braga<\/title>\n<meta name=\"description\" content=\"Foi aberta na muralha da Cidade, este Arco sem porta, por j\u00e1 n\u00e3o se viverem guerras acesas em Portugal.\" \/>\n<meta name=\"robots\" content=\"index, follow, max-snippet:-1, max-image-preview:large, max-video-preview:-1\" \/>\n<link rel=\"canonical\" href=\"https:\/\/visitbraga.travel\/es\/highlights\/monumentos\/arco-da-porta-nova\/\" \/>\n<meta property=\"og:locale\" content=\"es_ES\" \/>\n<meta property=\"og:type\" content=\"article\" \/>\n<meta property=\"og:title\" content=\"Arco da Porta Nova | Visit Braga\" \/>\n<meta property=\"og:description\" content=\"Foi aberta na muralha da Cidade, este Arco sem porta, por j\u00e1 n\u00e3o se viverem guerras acesas em Portugal.\" \/>\n<meta property=\"og:url\" content=\"https:\/\/visitbraga.travel\/es\/highlights\/monumentos\/arco-da-porta-nova\/\" \/>\n<meta property=\"og:site_name\" content=\"Visit Braga\" \/>\n<meta property=\"article:publisher\" content=\"https:\/\/www.facebook.com\/visitbraga.travel\/\" \/>\n<meta property=\"article:modified_time\" content=\"2025-07-23T10:35:06+00:00\" \/>\n<meta property=\"og:image\" content=\"https:\/\/visitbraga.travel\/wp-content\/uploads\/2025\/05\/arco-porta-nova.jpg\" \/>\n\t<meta property=\"og:image:width\" content=\"1279\" \/>\n\t<meta property=\"og:image:height\" content=\"852\" \/>\n\t<meta property=\"og:image:type\" content=\"image\/jpeg\" \/>\n<meta name=\"twitter:card\" content=\"summary_large_image\" \/>\n<meta name=\"twitter:site\" content=\"@VisitBraga\" \/>\n<meta name=\"twitter:label1\" content=\"Tiempo de lectura\" \/>\n\t<meta name=\"twitter:data1\" content=\"1 minuto\" \/>\n<script type=\"application\/ld+json\" class=\"yoast-schema-graph\">{\"@context\":\"https:\\\/\\\/schema.org\",\"@graph\":[{\"@type\":\"WebPage\",\"@id\":\"https:\\\/\\\/visitbraga.travel\\\/highlights\\\/monumentos\\\/arco-da-porta-nova\\\/\",\"url\":\"https:\\\/\\\/visitbraga.travel\\\/highlights\\\/monumentos\\\/arco-da-porta-nova\\\/\",\"name\":\"Arco da Porta Nova | Visit Braga\",\"isPartOf\":{\"@id\":\"https:\\\/\\\/visitbraga.travel\\\/#website\"},\"primaryImageOfPage\":{\"@id\":\"https:\\\/\\\/visitbraga.travel\\\/highlights\\\/monumentos\\\/arco-da-porta-nova\\\/#primaryimage\"},\"image\":{\"@id\":\"https:\\\/\\\/visitbraga.travel\\\/highlights\\\/monumentos\\\/arco-da-porta-nova\\\/#primaryimage\"},\"thumbnailUrl\":\"https:\\\/\\\/visitbraga.travel\\\/wp-content\\\/uploads\\\/2025\\\/05\\\/arco-porta-nova.jpg\",\"datePublished\":\"2025-05-22T16:19:34+00:00\",\"dateModified\":\"2025-07-23T10:35:06+00:00\",\"description\":\"Foi aberta na muralha da Cidade, este Arco sem porta, por j\u00e1 n\u00e3o se viverem guerras acesas em Portugal.\",\"inLanguage\":\"es\",\"potentialAction\":[{\"@type\":\"ReadAction\",\"target\":[\"https:\\\/\\\/visitbraga.travel\\\/highlights\\\/monumentos\\\/arco-da-porta-nova\\\/\"]}]},{\"@type\":\"ImageObject\",\"inLanguage\":\"es\",\"@id\":\"https:\\\/\\\/visitbraga.travel\\\/highlights\\\/monumentos\\\/arco-da-porta-nova\\\/#primaryimage\",\"url\":\"https:\\\/\\\/visitbraga.travel\\\/wp-content\\\/uploads\\\/2025\\\/05\\\/arco-porta-nova.jpg\",\"contentUrl\":\"https:\\\/\\\/visitbraga.travel\\\/wp-content\\\/uploads\\\/2025\\\/05\\\/arco-porta-nova.jpg\",\"width\":1279,\"height\":852},{\"@type\":\"WebSite\",\"@id\":\"https:\\\/\\\/visitbraga.travel\\\/#website\",\"url\":\"https:\\\/\\\/visitbraga.travel\\\/\",\"name\":\"Visit Braga\",\"description\":\"Turismo Braga | Site Oficial de Braga\",\"publisher\":{\"@id\":\"https:\\\/\\\/visitbraga.travel\\\/#organization\"},\"potentialAction\":[{\"@type\":\"SearchAction\",\"target\":{\"@type\":\"EntryPoint\",\"urlTemplate\":\"https:\\\/\\\/visitbraga.travel\\\/?s={search_term_string}\"},\"query-input\":{\"@type\":\"PropertyValueSpecification\",\"valueRequired\":true,\"valueName\":\"search_term_string\"}}],\"inLanguage\":\"es\"},{\"@type\":\"Organization\",\"@id\":\"https:\\\/\\\/visitbraga.travel\\\/#organization\",\"name\":\"Visit Braga\",\"url\":\"https:\\\/\\\/visitbraga.travel\\\/\",\"logo\":{\"@type\":\"ImageObject\",\"inLanguage\":\"es\",\"@id\":\"https:\\\/\\\/visitbraga.travel\\\/#\\\/schema\\\/logo\\\/image\\\/\",\"url\":\"https:\\\/\\\/visitbraga.travel\\\/wp-content\\\/uploads\\\/2025\\\/05\\\/visit-braga.jpg\",\"contentUrl\":\"https:\\\/\\\/visitbraga.travel\\\/wp-content\\\/uploads\\\/2025\\\/05\\\/visit-braga.jpg\",\"width\":2400,\"height\":1256,\"caption\":\"Visit Braga\"},\"image\":{\"@id\":\"https:\\\/\\\/visitbraga.travel\\\/#\\\/schema\\\/logo\\\/image\\\/\"},\"sameAs\":[\"https:\\\/\\\/www.facebook.com\\\/visitbraga.travel\\\/\",\"https:\\\/\\\/x.com\\\/VisitBraga\"]}]}<\/script>\n<!-- \/ Yoast SEO plugin. -->","yoast_head_json":{"title":"Arco da Porta Nova | Visit Braga","description":"Este arco sin puerta se abri\u00f3 en las murallas de la ciudad porque ya no hab\u00eda guerras encarnizadas en Portugal.","robots":{"index":"index","follow":"follow","max-snippet":"max-snippet:-1","max-image-preview":"max-image-preview:large","max-video-preview":"max-video-preview:-1"},"canonical":"https:\/\/visitbraga.travel\/es\/highlights\/monumentos\/arco-da-porta-nova\/","og_locale":"es_ES","og_type":"article","og_title":"Arco da Porta Nova | Visit Braga","og_description":"Foi aberta na muralha da Cidade, este Arco sem porta, por j\u00e1 n\u00e3o se viverem guerras acesas em Portugal.","og_url":"https:\/\/visitbraga.travel\/es\/highlights\/monumentos\/arco-da-porta-nova\/","og_site_name":"Visit Braga","article_publisher":"https:\/\/www.facebook.com\/visitbraga.travel\/","article_modified_time":"2025-07-23T10:35:06+00:00","og_image":[{"width":1279,"height":852,"url":"https:\/\/visitbraga.travel\/wp-content\/uploads\/2025\/05\/arco-porta-nova.jpg","type":"image\/jpeg"}],"twitter_card":"summary_large_image","twitter_site":"@VisitBraga","twitter_misc":{"Tiempo de lectura":"1 minuto"},"schema":{"@context":"https:\/\/schema.org","@graph":[{"@type":"WebPage","@id":"https:\/\/visitbraga.travel\/highlights\/monumentos\/arco-da-porta-nova\/","url":"https:\/\/visitbraga.travel\/highlights\/monumentos\/arco-da-porta-nova\/","name":"Arco da Porta Nova | Visit Braga","isPartOf":{"@id":"https:\/\/visitbraga.travel\/#website"},"primaryImageOfPage":{"@id":"https:\/\/visitbraga.travel\/highlights\/monumentos\/arco-da-porta-nova\/#primaryimage"},"image":{"@id":"https:\/\/visitbraga.travel\/highlights\/monumentos\/arco-da-porta-nova\/#primaryimage"},"thumbnailUrl":"https:\/\/visitbraga.travel\/wp-content\/uploads\/2025\/05\/arco-porta-nova.jpg","datePublished":"2025-05-22T16:19:34+00:00","dateModified":"2025-07-23T10:35:06+00:00","description":"Este arco sin puerta se abri\u00f3 en las murallas de la ciudad porque ya no hab\u00eda guerras encarnizadas en Portugal.","inLanguage":"es","potentialAction":[{"@type":"ReadAction","target":["https:\/\/visitbraga.travel\/highlights\/monumentos\/arco-da-porta-nova\/"]}]},{"@type":"ImageObject","inLanguage":"es","@id":"https:\/\/visitbraga.travel\/highlights\/monumentos\/arco-da-porta-nova\/#primaryimage","url":"https:\/\/visitbraga.travel\/wp-content\/uploads\/2025\/05\/arco-porta-nova.jpg","contentUrl":"https:\/\/visitbraga.travel\/wp-content\/uploads\/2025\/05\/arco-porta-nova.jpg","width":1279,"height":852},{"@type":"WebSite","@id":"https:\/\/visitbraga.travel\/#website","url":"https:\/\/visitbraga.travel\/","name":"Visitar Braga","description":"Turismo Braga | Site Oficial de Braga","publisher":{"@id":"https:\/\/visitbraga.travel\/#organization"},"potentialAction":[{"@type":"SearchAction","target":{"@type":"EntryPoint","urlTemplate":"https:\/\/visitbraga.travel\/?s={search_term_string}"},"query-input":{"@type":"PropertyValueSpecification","valueRequired":true,"valueName":"search_term_string"}}],"inLanguage":"es"},{"@type":"Organization","@id":"https:\/\/visitbraga.travel\/#organization","name":"Visitar Braga","url":"https:\/\/visitbraga.travel\/","logo":{"@type":"ImageObject","inLanguage":"es","@id":"https:\/\/visitbraga.travel\/#\/schema\/logo\/image\/","url":"https:\/\/visitbraga.travel\/wp-content\/uploads\/2025\/05\/visit-braga.jpg","contentUrl":"https:\/\/visitbraga.travel\/wp-content\/uploads\/2025\/05\/visit-braga.jpg","width":2400,"height":1256,"caption":"Visit Braga"},"image":{"@id":"https:\/\/visitbraga.travel\/#\/schema\/logo\/image\/"},"sameAs":["https:\/\/www.facebook.com\/visitbraga.travel\/","https:\/\/x.com\/VisitBraga"]}]}},"_links":{"self":[{"href":"https:\/\/visitbraga.travel\/es\/wp-json\/wp\/v2\/highlight\/6018","targetHints":{"allow":["GET"]}}],"collection":[{"href":"https:\/\/visitbraga.travel\/es\/wp-json\/wp\/v2\/highlight"}],"about":[{"href":"https:\/\/visitbraga.travel\/es\/wp-json\/wp\/v2\/types\/highlight"}],"version-history":[{"count":0,"href":"https:\/\/visitbraga.travel\/es\/wp-json\/wp\/v2\/highlight\/6018\/revisions"}],"wp:featuredmedia":[{"embeddable":true,"href":"https:\/\/visitbraga.travel\/es\/wp-json\/wp\/v2\/media\/7830"}],"wp:attachment":[{"href":"https:\/\/visitbraga.travel\/es\/wp-json\/wp\/v2\/media?parent=6018"}],"wp:term":[{"taxonomy":"highlight_category","embeddable":true,"href":"https:\/\/visitbraga.travel\/es\/wp-json\/wp\/v2\/highlight_category?post=6018"}],"curies":[{"name":"wp","href":"https:\/\/api.w.org\/{rel}","templated":true}]}}