{"id":6782,"date":"2025-07-17T11:28:32","date_gmt":"2025-07-17T10:28:32","guid":{"rendered":"https:\/\/visitbraga.travel\/highlights\/%highlight_category%\/a-colonial\/"},"modified":"2025-07-25T12:41:47","modified_gmt":"2025-07-25T11:41:47","slug":"a-colonial","status":"publish","type":"highlight","link":"https:\/\/visitbraga.travel\/fr\/highlights\/comercio-local\/a-colonial\/","title":{"rendered":"La coloniale"},"content":{"rendered":"<p><strong>La boutique<\/strong><br \/>\nSitu\u00e9 au 147 Pra\u00e7a Conde de Agrolongo, \u00e9galement connu sous le nom de Campo da Vinha, Colonial occupe le rez-de-chauss\u00e9e d'un immeuble d'angle embl\u00e9matique consacr\u00e9 \u00e0 la vente de produits d'\u00e9picerie traditionnels.<br \/>\nColonial est un \u00e9tablissement qui se consacre \u00e0 l'\u00e9picerie traditionnelle depuis sa cr\u00e9ation. Ce n'est pas seulement un lieu de vente de produits, c'est aussi un lieu de socialisation et de rencontre avec des personnes d'hier et d'aujourd'hui.<br \/>\nComme par le pass\u00e9, nous privil\u00e9gions la commercialisation de produits ayant une tradition au Portugal : une large gamme de produits vendus en vrac, du caf\u00e9 fra\u00eechement moulu et de la morue, cass\u00e9e \u00e0 la main selon les pr\u00e9f\u00e9rences du client.<\/p>\n<p><strong>L'histoire<\/strong><br \/>\nColonial a \u00e9t\u00e9 fond\u00e9 en 1936 par Meira da Silva et Ascenso, qui \u00e9tait le nom de l'entreprise \u00e0 l'origine. En 1955, la maison a \u00e9t\u00e9 acquise par Alfredo Marques, un employ\u00e9 du magasin, et par Fernando Marques, qui a d\u00e9l\u00e9gu\u00e9 la gestion de l'\u00e9tablissement \u00e0 l'un de ses cinq fils, qui l'ont accompagn\u00e9 dans l'entreprise depuis son plus jeune \u00e2ge. En 2023, la n\u00e9cessit\u00e9 d'effectuer des travaux a impos\u00e9 une intervention majeure dans le b\u00e2timent, qui comprenait \u00e9galement le magasin, bien que ses caract\u00e9ristiques aient \u00e9t\u00e9 pr\u00e9serv\u00e9es et que l'espace ait conserv\u00e9 son caract\u00e8re original.<br \/>\nL'apparition des supermarch\u00e9s et le d\u00e9veloppement du tourisme ont diversifi\u00e9 la client\u00e8le, et les vins ont pris de l'importance. L'\u00e9picerie continue d'utiliser des \u00e9quipements anciens tels que des moulins et des balances, ainsi qu'un service personnalis\u00e9 au comptoir.<br \/>\nUn espace qui abrite les souvenirs d'un pass\u00e9 lointain, servant de lieu de socialisation et r\u00e9unissant le pass\u00e9 et le pr\u00e9sent.<\/p>\n<p><strong>Produits et services<\/strong><br \/>\nColonial fournit des vins de Porto, des vins de table, des eaux-de-vie, du whisky, des liqueurs, des caf\u00e9s, de l'orge, des th\u00e9s, des fruits secs, de la morue, des saucisses, des fromages, des biscuits et des crackers, des chocolats, des \u00e9pices, des conserves et d'autres produits d'\u00e9picerie.<\/p>\n<p><strong>Contact<\/strong><br \/>\nT\u00e9l\u00e9phone : 962 104 582<br \/>\nCourriel : <a href=\"\/fr\/m&\/#97;&#105;&#x6c;&#x74;o:&#114;&#97;&#x69;&#x7a;fl&#117;&#105;&#x64;&#x61;&#64;g&#109;&#x61;&#x69;&#x6c;&#46;&#99;&#111;&#x6d;\">raizfluida@gmail.com<\/a><\/p>","protected":false},"excerpt":{"rendered":"<p>Depuis sa cr\u00e9ation, Colonial se consacre \u00e0 l'\u00e9picerie traditionnelle.<\/p>","protected":false},"featured_media":8434,"template":"","highlight_category":[59],"class_list":["post-6782","highlight","type-highlight","status-publish","has-post-thumbnail","hentry","highlight_category-lojas-com-historia"],"acf":[],"yoast_head":"<!-- This site is optimized with the Yoast SEO plugin v27.5 - https:\/\/yoast.com\/product\/yoast-seo-wordpress\/ -->\n<title>A Colonial | Visit Braga<\/title>\n<meta name=\"description\" content=\"A Colonial \u00e9 um estabelecimento que se dedica desde a funda\u00e7\u00e3o \u00e0 mercearia tradicional.\" \/>\n<meta name=\"robots\" content=\"index, follow, max-snippet:-1, max-image-preview:large, max-video-preview:-1\" \/>\n<link rel=\"canonical\" href=\"https:\/\/visitbraga.travel\/fr\/highlights\/comercio-local\/a-colonial\/\" \/>\n<meta property=\"og:locale\" content=\"fr_FR\" \/>\n<meta property=\"og:type\" content=\"article\" \/>\n<meta property=\"og:title\" content=\"A Colonial | Visit Braga\" \/>\n<meta property=\"og:description\" content=\"A Colonial \u00e9 um estabelecimento que se dedica desde a funda\u00e7\u00e3o \u00e0 mercearia tradicional.\" \/>\n<meta property=\"og:url\" content=\"https:\/\/visitbraga.travel\/fr\/highlights\/comercio-local\/a-colonial\/\" \/>\n<meta property=\"og:site_name\" content=\"Visit Braga\" \/>\n<meta property=\"article:publisher\" content=\"https:\/\/www.facebook.com\/visitbraga.travel\/\" \/>\n<meta property=\"article:modified_time\" content=\"2025-07-25T11:41:47+00:00\" \/>\n<meta property=\"og:image\" content=\"https:\/\/visitbraga.travel\/wp-content\/uploads\/2025\/07\/colonial_1.jpg\" \/>\n\t<meta property=\"og:image:width\" content=\"1332\" \/>\n\t<meta property=\"og:image:height\" content=\"887\" \/>\n\t<meta property=\"og:image:type\" content=\"image\/jpeg\" \/>\n<meta name=\"twitter:card\" content=\"summary_large_image\" \/>\n<meta name=\"twitter:site\" content=\"@VisitBraga\" \/>\n<meta name=\"twitter:label1\" content=\"Dur\u00e9e de lecture estim\u00e9e\" \/>\n\t<meta name=\"twitter:data1\" content=\"6 minutes\" \/>\n<script type=\"application\/ld+json\" class=\"yoast-schema-graph\">{\"@context\":\"https:\\\/\\\/schema.org\",\"@graph\":[{\"@type\":\"WebPage\",\"@id\":\"https:\\\/\\\/visitbraga.travel\\\/highlights\\\/comercio-local\\\/a-colonial\\\/\",\"url\":\"https:\\\/\\\/visitbraga.travel\\\/highlights\\\/comercio-local\\\/a-colonial\\\/\",\"name\":\"A Colonial | Visit Braga\",\"isPartOf\":{\"@id\":\"https:\\\/\\\/visitbraga.travel\\\/#website\"},\"primaryImageOfPage\":{\"@id\":\"https:\\\/\\\/visitbraga.travel\\\/highlights\\\/comercio-local\\\/a-colonial\\\/#primaryimage\"},\"image\":{\"@id\":\"https:\\\/\\\/visitbraga.travel\\\/highlights\\\/comercio-local\\\/a-colonial\\\/#primaryimage\"},\"thumbnailUrl\":\"https:\\\/\\\/visitbraga.travel\\\/wp-content\\\/uploads\\\/2025\\\/07\\\/colonial_1.jpg\",\"datePublished\":\"2025-07-17T10:28:32+00:00\",\"dateModified\":\"2025-07-25T11:41:47+00:00\",\"description\":\"A Colonial \u00e9 um estabelecimento que se dedica desde a funda\u00e7\u00e3o \u00e0 mercearia tradicional.\",\"inLanguage\":\"fr-FR\",\"potentialAction\":[{\"@type\":\"ReadAction\",\"target\":[\"https:\\\/\\\/visitbraga.travel\\\/highlights\\\/comercio-local\\\/a-colonial\\\/\"]}]},{\"@type\":\"ImageObject\",\"inLanguage\":\"fr-FR\",\"@id\":\"https:\\\/\\\/visitbraga.travel\\\/highlights\\\/comercio-local\\\/a-colonial\\\/#primaryimage\",\"url\":\"https:\\\/\\\/visitbraga.travel\\\/wp-content\\\/uploads\\\/2025\\\/07\\\/colonial_1.jpg\",\"contentUrl\":\"https:\\\/\\\/visitbraga.travel\\\/wp-content\\\/uploads\\\/2025\\\/07\\\/colonial_1.jpg\",\"width\":1332,\"height\":887},{\"@type\":\"WebSite\",\"@id\":\"https:\\\/\\\/visitbraga.travel\\\/#website\",\"url\":\"https:\\\/\\\/visitbraga.travel\\\/\",\"name\":\"Visit Braga\",\"description\":\"Turismo Braga | Site Oficial de Braga\",\"publisher\":{\"@id\":\"https:\\\/\\\/visitbraga.travel\\\/#organization\"},\"potentialAction\":[{\"@type\":\"SearchAction\",\"target\":{\"@type\":\"EntryPoint\",\"urlTemplate\":\"https:\\\/\\\/visitbraga.travel\\\/?s={search_term_string}\"},\"query-input\":{\"@type\":\"PropertyValueSpecification\",\"valueRequired\":true,\"valueName\":\"search_term_string\"}}],\"inLanguage\":\"fr-FR\"},{\"@type\":\"Organization\",\"@id\":\"https:\\\/\\\/visitbraga.travel\\\/#organization\",\"name\":\"Visit Braga\",\"url\":\"https:\\\/\\\/visitbraga.travel\\\/\",\"logo\":{\"@type\":\"ImageObject\",\"inLanguage\":\"fr-FR\",\"@id\":\"https:\\\/\\\/visitbraga.travel\\\/#\\\/schema\\\/logo\\\/image\\\/\",\"url\":\"https:\\\/\\\/visitbraga.travel\\\/wp-content\\\/uploads\\\/2025\\\/05\\\/visit-braga.jpg\",\"contentUrl\":\"https:\\\/\\\/visitbraga.travel\\\/wp-content\\\/uploads\\\/2025\\\/05\\\/visit-braga.jpg\",\"width\":2400,\"height\":1256,\"caption\":\"Visit Braga\"},\"image\":{\"@id\":\"https:\\\/\\\/visitbraga.travel\\\/#\\\/schema\\\/logo\\\/image\\\/\"},\"sameAs\":[\"https:\\\/\\\/www.facebook.com\\\/visitbraga.travel\\\/\",\"https:\\\/\\\/x.com\\\/VisitBraga\"]}]}<\/script>\n<!-- \/ Yoast SEO plugin. -->","yoast_head_json":{"title":"A Colonial | Visit Braga","description":"Depuis sa cr\u00e9ation, Colonial se consacre \u00e0 l'\u00e9picerie traditionnelle.","robots":{"index":"index","follow":"follow","max-snippet":"max-snippet:-1","max-image-preview":"max-image-preview:large","max-video-preview":"max-video-preview:-1"},"canonical":"https:\/\/visitbraga.travel\/fr\/highlights\/comercio-local\/a-colonial\/","og_locale":"fr_FR","og_type":"article","og_title":"A Colonial | Visit Braga","og_description":"A Colonial \u00e9 um estabelecimento que se dedica desde a funda\u00e7\u00e3o \u00e0 mercearia tradicional.","og_url":"https:\/\/visitbraga.travel\/fr\/highlights\/comercio-local\/a-colonial\/","og_site_name":"Visit Braga","article_publisher":"https:\/\/www.facebook.com\/visitbraga.travel\/","article_modified_time":"2025-07-25T11:41:47+00:00","og_image":[{"width":1332,"height":887,"url":"https:\/\/visitbraga.travel\/wp-content\/uploads\/2025\/07\/colonial_1.jpg","type":"image\/jpeg"}],"twitter_card":"summary_large_image","twitter_site":"@VisitBraga","twitter_misc":{"Dur\u00e9e de lecture estim\u00e9e":"6 minutes"},"schema":{"@context":"https:\/\/schema.org","@graph":[{"@type":"WebPage","@id":"https:\/\/visitbraga.travel\/highlights\/comercio-local\/a-colonial\/","url":"https:\/\/visitbraga.travel\/highlights\/comercio-local\/a-colonial\/","name":"A Colonial | Visit Braga","isPartOf":{"@id":"https:\/\/visitbraga.travel\/#website"},"primaryImageOfPage":{"@id":"https:\/\/visitbraga.travel\/highlights\/comercio-local\/a-colonial\/#primaryimage"},"image":{"@id":"https:\/\/visitbraga.travel\/highlights\/comercio-local\/a-colonial\/#primaryimage"},"thumbnailUrl":"https:\/\/visitbraga.travel\/wp-content\/uploads\/2025\/07\/colonial_1.jpg","datePublished":"2025-07-17T10:28:32+00:00","dateModified":"2025-07-25T11:41:47+00:00","description":"Depuis sa cr\u00e9ation, Colonial se consacre \u00e0 l'\u00e9picerie traditionnelle.","inLanguage":"fr-FR","potentialAction":[{"@type":"ReadAction","target":["https:\/\/visitbraga.travel\/highlights\/comercio-local\/a-colonial\/"]}]},{"@type":"ImageObject","inLanguage":"fr-FR","@id":"https:\/\/visitbraga.travel\/highlights\/comercio-local\/a-colonial\/#primaryimage","url":"https:\/\/visitbraga.travel\/wp-content\/uploads\/2025\/07\/colonial_1.jpg","contentUrl":"https:\/\/visitbraga.travel\/wp-content\/uploads\/2025\/07\/colonial_1.jpg","width":1332,"height":887},{"@type":"WebSite","@id":"https:\/\/visitbraga.travel\/#website","url":"https:\/\/visitbraga.travel\/","name":"Visiter Braga","description":"Turismo Braga | Site Oficial de Braga","publisher":{"@id":"https:\/\/visitbraga.travel\/#organization"},"potentialAction":[{"@type":"SearchAction","target":{"@type":"EntryPoint","urlTemplate":"https:\/\/visitbraga.travel\/?s={search_term_string}"},"query-input":{"@type":"PropertyValueSpecification","valueRequired":true,"valueName":"search_term_string"}}],"inLanguage":"fr-FR"},{"@type":"Organization","@id":"https:\/\/visitbraga.travel\/#organization","name":"Visiter Braga","url":"https:\/\/visitbraga.travel\/","logo":{"@type":"ImageObject","inLanguage":"fr-FR","@id":"https:\/\/visitbraga.travel\/#\/schema\/logo\/image\/","url":"https:\/\/visitbraga.travel\/wp-content\/uploads\/2025\/05\/visit-braga.jpg","contentUrl":"https:\/\/visitbraga.travel\/wp-content\/uploads\/2025\/05\/visit-braga.jpg","width":2400,"height":1256,"caption":"Visit Braga"},"image":{"@id":"https:\/\/visitbraga.travel\/#\/schema\/logo\/image\/"},"sameAs":["https:\/\/www.facebook.com\/visitbraga.travel\/","https:\/\/x.com\/VisitBraga"]}]}},"_links":{"self":[{"href":"https:\/\/visitbraga.travel\/fr\/wp-json\/wp\/v2\/highlight\/6782","targetHints":{"allow":["GET"]}}],"collection":[{"href":"https:\/\/visitbraga.travel\/fr\/wp-json\/wp\/v2\/highlight"}],"about":[{"href":"https:\/\/visitbraga.travel\/fr\/wp-json\/wp\/v2\/types\/highlight"}],"version-history":[{"count":0,"href":"https:\/\/visitbraga.travel\/fr\/wp-json\/wp\/v2\/highlight\/6782\/revisions"}],"wp:featuredmedia":[{"embeddable":true,"href":"https:\/\/visitbraga.travel\/fr\/wp-json\/wp\/v2\/media\/8434"}],"wp:attachment":[{"href":"https:\/\/visitbraga.travel\/fr\/wp-json\/wp\/v2\/media?parent=6782"}],"wp:term":[{"taxonomy":"highlight_category","embeddable":true,"href":"https:\/\/visitbraga.travel\/fr\/wp-json\/wp\/v2\/highlight_category?post=6782"}],"curies":[{"name":"wp","href":"https:\/\/api.w.org\/{rel}","templated":true}]}}