{"id":6799,"date":"2025-07-17T11:28:34","date_gmt":"2025-07-17T10:28:34","guid":{"rendered":"https:\/\/visitbraga.travel\/highlights\/%highlight_category%\/frigideiras-do-cantinho\/"},"modified":"2025-07-25T12:26:18","modified_gmt":"2025-07-25T11:26:18","slug":"frigideiras-do-cantinho","status":"publish","type":"highlight","link":"https:\/\/visitbraga.travel\/fr\/highlights\/comercio-local\/frigideiras-do-cantinho\/","title":{"rendered":"Po\u00eales \u00e0 frire de Cantinho"},"content":{"rendered":"<p><strong>La boutique<\/strong><br \/>\nSitu\u00e9e au num\u00e9ro 1 du Largo de S\u00e3o Jo\u00e3o do Souto, Frigideiras do Cantinho est consid\u00e9r\u00e9e comme l'une des plus anciennes p\u00e2tisseries de la ville de Braga et doit son nom \u00e0 la sp\u00e9cialit\u00e9 pour laquelle elle est encore connue aujourd'hui : les po\u00eales \u00e0 frire.<br \/>\nAujourd'hui, il fait partie du parcours arch\u00e9ologique de la ville gr\u00e2ce \u00e0 la d\u00e9couverte de structures correspondant \u00e0 une habitation de l'\u00e9poque romaine.<\/p>\n<p><strong>L'histoire<\/strong><br \/>\nEn 1997, lors d'une r\u00e9novation de l'espace, des d\u00e9couvertes ont \u00e9t\u00e9 faites dans le sous-sol du b\u00e2timent, qui ont \u00e9t\u00e9 conserv\u00e9es et mus\u00e9ifi\u00e9es, et peuvent \u00eatre vues \u00e0 travers une structure en verre sur le sol \u00e0 l'int\u00e9rieur de la p\u00e2tisserie, ce qui l'inscrit dans le parcours arch\u00e9ologique de la ville. En 2000, dans le cadre des c\u00e9l\u00e9brations du bimill\u00e9naire de la ville, \"Frigideiras do Cantinho\" a lanc\u00e9 le \"g\u00e2teau romain\", une exclusivit\u00e9 de la maison actuellement g\u00e9r\u00e9e par Pereira &amp; Rocha, sous la direction de Fernando Areias.<br \/>\nLes grands g\u00e2teaux de p\u00e2te feuillet\u00e9e fourr\u00e9s \u00e0 la viande hach\u00e9e faite \u00e0 la main ont donn\u00e9 leur nom \u00e0 l'\u00e9tablissement qui a ouvert ses portes en 1796. Natures, m\u00e9lang\u00e9es ou garnies, les \"frigideiras\" ont \u00e9t\u00e9 qualifi\u00e9es d'\"app\u00e9tissantes\" par J\u00falio Dinis et Camilo Castelo Branco, et sont toujours emball\u00e9es dans le papier de la maison et attach\u00e9es avec un fil de coton.<br \/>\nEn 1997, le r\u00e9am\u00e9nagement de l'espace a mis au jour les ruines d'une domus romaine. Ces vestiges ont \u00e9t\u00e9 conserv\u00e9s et mus\u00e9ifi\u00e9s, et sont visibles \u00e0 travers le sol vitr\u00e9 de la p\u00e2tisserie.<br \/>\nEn 2000, dans le cadre du bimill\u00e9naire de la ville, \"Frigideiras do Cantinho\" a lanc\u00e9 le \"g\u00e2teau romain\", une exclusivit\u00e9 de la maison inspir\u00e9e des anciennes recettes de Marco Gavius Ap\u00edcio, un gastronome du 1er si\u00e8cle de notre \u00e8re.<\/p>\n<p><strong>Produits et services<\/strong><br \/>\nVari\u00e9t\u00e9 de p\u00e2tisseries, particuli\u00e8rement connue pour ses frigideiras, un plat typique de Braga.<\/p>\n<p><strong>Contact<\/strong><br \/>\nT\u00e9l\u00e9phone : 253 263 991<br \/>\nCourriel : <a href=\"\/fr\/&\/#109;&#x61;&#105;&#x6c;t&#111;&#x3a;&#102;&#x72;i&#x67;i&#100;&#x65;&#105;&#x72;a&#x73;&#x2e;&#99;&#x61;n&#x74;i&#110;&#x68;&#111;&#x40;g&#x6d;a&#105;&#x6c;&#46;&#x63;o&#109;\">frigideiras.cantinho@gmail.com<\/a><\/p>","protected":false},"excerpt":{"rendered":"<p>Frigideiras do Cantinho est consid\u00e9r\u00e9e comme l'une des plus anciennes p\u00e2tisseries de la ville de Braga.<\/p>","protected":false},"featured_media":8448,"template":"","highlight_category":[59],"class_list":["post-6799","highlight","type-highlight","status-publish","has-post-thumbnail","hentry","highlight_category-lojas-com-historia"],"acf":[],"yoast_head":"<!-- This site is optimized with the Yoast SEO plugin v27.5 - https:\/\/yoast.com\/product\/yoast-seo-wordpress\/ -->\n<title>Frigideiras do Cantinho | Visit Braga<\/title>\n<meta name=\"description\" content=\"As Frigideiras do Cantinho \u00e9 considerada uma das pastelarias mais antiga da cidade de Braga.\" \/>\n<meta name=\"robots\" content=\"index, follow, max-snippet:-1, max-image-preview:large, max-video-preview:-1\" \/>\n<link rel=\"canonical\" href=\"https:\/\/visitbraga.travel\/fr\/highlights\/comercio-local\/frigideiras-do-cantinho\/\" \/>\n<meta property=\"og:locale\" content=\"fr_FR\" \/>\n<meta property=\"og:type\" content=\"article\" \/>\n<meta property=\"og:title\" content=\"Frigideiras do Cantinho | Visit Braga\" \/>\n<meta property=\"og:description\" content=\"As Frigideiras do Cantinho \u00e9 considerada uma das pastelarias mais antiga da cidade de Braga.\" \/>\n<meta property=\"og:url\" content=\"https:\/\/visitbraga.travel\/fr\/highlights\/comercio-local\/frigideiras-do-cantinho\/\" \/>\n<meta property=\"og:site_name\" content=\"Visit Braga\" \/>\n<meta property=\"article:publisher\" content=\"https:\/\/www.facebook.com\/visitbraga.travel\/\" \/>\n<meta property=\"article:modified_time\" content=\"2025-07-25T11:26:18+00:00\" \/>\n<meta property=\"og:image\" content=\"https:\/\/visitbraga.travel\/wp-content\/uploads\/2025\/07\/frigideiras_1.jpg\" \/>\n\t<meta property=\"og:image:width\" content=\"2048\" \/>\n\t<meta property=\"og:image:height\" content=\"1365\" \/>\n\t<meta property=\"og:image:type\" content=\"image\/jpeg\" \/>\n<meta name=\"twitter:card\" content=\"summary_large_image\" \/>\n<meta name=\"twitter:site\" content=\"@VisitBraga\" \/>\n<meta name=\"twitter:label1\" content=\"Dur\u00e9e de lecture estim\u00e9e\" \/>\n\t<meta name=\"twitter:data1\" content=\"4 minutes\" \/>\n<script type=\"application\/ld+json\" class=\"yoast-schema-graph\">{\"@context\":\"https:\\\/\\\/schema.org\",\"@graph\":[{\"@type\":\"WebPage\",\"@id\":\"https:\\\/\\\/visitbraga.travel\\\/highlights\\\/comercio-local\\\/frigideiras-do-cantinho\\\/\",\"url\":\"https:\\\/\\\/visitbraga.travel\\\/highlights\\\/comercio-local\\\/frigideiras-do-cantinho\\\/\",\"name\":\"Frigideiras do Cantinho | Visit Braga\",\"isPartOf\":{\"@id\":\"https:\\\/\\\/visitbraga.travel\\\/#website\"},\"primaryImageOfPage\":{\"@id\":\"https:\\\/\\\/visitbraga.travel\\\/highlights\\\/comercio-local\\\/frigideiras-do-cantinho\\\/#primaryimage\"},\"image\":{\"@id\":\"https:\\\/\\\/visitbraga.travel\\\/highlights\\\/comercio-local\\\/frigideiras-do-cantinho\\\/#primaryimage\"},\"thumbnailUrl\":\"https:\\\/\\\/visitbraga.travel\\\/wp-content\\\/uploads\\\/2025\\\/07\\\/frigideiras_1.jpg\",\"datePublished\":\"2025-07-17T10:28:34+00:00\",\"dateModified\":\"2025-07-25T11:26:18+00:00\",\"description\":\"As Frigideiras do Cantinho \u00e9 considerada uma das pastelarias mais antiga da cidade de Braga.\",\"inLanguage\":\"fr-FR\",\"potentialAction\":[{\"@type\":\"ReadAction\",\"target\":[\"https:\\\/\\\/visitbraga.travel\\\/highlights\\\/comercio-local\\\/frigideiras-do-cantinho\\\/\"]}]},{\"@type\":\"ImageObject\",\"inLanguage\":\"fr-FR\",\"@id\":\"https:\\\/\\\/visitbraga.travel\\\/highlights\\\/comercio-local\\\/frigideiras-do-cantinho\\\/#primaryimage\",\"url\":\"https:\\\/\\\/visitbraga.travel\\\/wp-content\\\/uploads\\\/2025\\\/07\\\/frigideiras_1.jpg\",\"contentUrl\":\"https:\\\/\\\/visitbraga.travel\\\/wp-content\\\/uploads\\\/2025\\\/07\\\/frigideiras_1.jpg\",\"width\":2048,\"height\":1365},{\"@type\":\"WebSite\",\"@id\":\"https:\\\/\\\/visitbraga.travel\\\/#website\",\"url\":\"https:\\\/\\\/visitbraga.travel\\\/\",\"name\":\"Visit Braga\",\"description\":\"Turismo Braga | Site Oficial de Braga\",\"publisher\":{\"@id\":\"https:\\\/\\\/visitbraga.travel\\\/#organization\"},\"potentialAction\":[{\"@type\":\"SearchAction\",\"target\":{\"@type\":\"EntryPoint\",\"urlTemplate\":\"https:\\\/\\\/visitbraga.travel\\\/?s={search_term_string}\"},\"query-input\":{\"@type\":\"PropertyValueSpecification\",\"valueRequired\":true,\"valueName\":\"search_term_string\"}}],\"inLanguage\":\"fr-FR\"},{\"@type\":\"Organization\",\"@id\":\"https:\\\/\\\/visitbraga.travel\\\/#organization\",\"name\":\"Visit Braga\",\"url\":\"https:\\\/\\\/visitbraga.travel\\\/\",\"logo\":{\"@type\":\"ImageObject\",\"inLanguage\":\"fr-FR\",\"@id\":\"https:\\\/\\\/visitbraga.travel\\\/#\\\/schema\\\/logo\\\/image\\\/\",\"url\":\"https:\\\/\\\/visitbraga.travel\\\/wp-content\\\/uploads\\\/2025\\\/05\\\/visit-braga.jpg\",\"contentUrl\":\"https:\\\/\\\/visitbraga.travel\\\/wp-content\\\/uploads\\\/2025\\\/05\\\/visit-braga.jpg\",\"width\":2400,\"height\":1256,\"caption\":\"Visit Braga\"},\"image\":{\"@id\":\"https:\\\/\\\/visitbraga.travel\\\/#\\\/schema\\\/logo\\\/image\\\/\"},\"sameAs\":[\"https:\\\/\\\/www.facebook.com\\\/visitbraga.travel\\\/\",\"https:\\\/\\\/x.com\\\/VisitBraga\"]}]}<\/script>\n<!-- \/ Yoast SEO plugin. -->","yoast_head_json":{"title":"Frigideiras do Cantinho | Visit Braga","description":"Frigideiras do Cantinho est consid\u00e9r\u00e9e comme l'une des plus anciennes p\u00e2tisseries de la ville de Braga.","robots":{"index":"index","follow":"follow","max-snippet":"max-snippet:-1","max-image-preview":"max-image-preview:large","max-video-preview":"max-video-preview:-1"},"canonical":"https:\/\/visitbraga.travel\/fr\/highlights\/comercio-local\/frigideiras-do-cantinho\/","og_locale":"fr_FR","og_type":"article","og_title":"Frigideiras do Cantinho | Visit Braga","og_description":"As Frigideiras do Cantinho \u00e9 considerada uma das pastelarias mais antiga da cidade de Braga.","og_url":"https:\/\/visitbraga.travel\/fr\/highlights\/comercio-local\/frigideiras-do-cantinho\/","og_site_name":"Visit Braga","article_publisher":"https:\/\/www.facebook.com\/visitbraga.travel\/","article_modified_time":"2025-07-25T11:26:18+00:00","og_image":[{"width":2048,"height":1365,"url":"https:\/\/visitbraga.travel\/wp-content\/uploads\/2025\/07\/frigideiras_1.jpg","type":"image\/jpeg"}],"twitter_card":"summary_large_image","twitter_site":"@VisitBraga","twitter_misc":{"Dur\u00e9e de lecture estim\u00e9e":"4 minutes"},"schema":{"@context":"https:\/\/schema.org","@graph":[{"@type":"WebPage","@id":"https:\/\/visitbraga.travel\/highlights\/comercio-local\/frigideiras-do-cantinho\/","url":"https:\/\/visitbraga.travel\/highlights\/comercio-local\/frigideiras-do-cantinho\/","name":"Frigideiras do Cantinho | Visit Braga","isPartOf":{"@id":"https:\/\/visitbraga.travel\/#website"},"primaryImageOfPage":{"@id":"https:\/\/visitbraga.travel\/highlights\/comercio-local\/frigideiras-do-cantinho\/#primaryimage"},"image":{"@id":"https:\/\/visitbraga.travel\/highlights\/comercio-local\/frigideiras-do-cantinho\/#primaryimage"},"thumbnailUrl":"https:\/\/visitbraga.travel\/wp-content\/uploads\/2025\/07\/frigideiras_1.jpg","datePublished":"2025-07-17T10:28:34+00:00","dateModified":"2025-07-25T11:26:18+00:00","description":"Frigideiras do Cantinho est consid\u00e9r\u00e9e comme l'une des plus anciennes p\u00e2tisseries de la ville de Braga.","inLanguage":"fr-FR","potentialAction":[{"@type":"ReadAction","target":["https:\/\/visitbraga.travel\/highlights\/comercio-local\/frigideiras-do-cantinho\/"]}]},{"@type":"ImageObject","inLanguage":"fr-FR","@id":"https:\/\/visitbraga.travel\/highlights\/comercio-local\/frigideiras-do-cantinho\/#primaryimage","url":"https:\/\/visitbraga.travel\/wp-content\/uploads\/2025\/07\/frigideiras_1.jpg","contentUrl":"https:\/\/visitbraga.travel\/wp-content\/uploads\/2025\/07\/frigideiras_1.jpg","width":2048,"height":1365},{"@type":"WebSite","@id":"https:\/\/visitbraga.travel\/#website","url":"https:\/\/visitbraga.travel\/","name":"Visiter Braga","description":"Turismo Braga | Site Oficial de Braga","publisher":{"@id":"https:\/\/visitbraga.travel\/#organization"},"potentialAction":[{"@type":"SearchAction","target":{"@type":"EntryPoint","urlTemplate":"https:\/\/visitbraga.travel\/?s={search_term_string}"},"query-input":{"@type":"PropertyValueSpecification","valueRequired":true,"valueName":"search_term_string"}}],"inLanguage":"fr-FR"},{"@type":"Organization","@id":"https:\/\/visitbraga.travel\/#organization","name":"Visiter Braga","url":"https:\/\/visitbraga.travel\/","logo":{"@type":"ImageObject","inLanguage":"fr-FR","@id":"https:\/\/visitbraga.travel\/#\/schema\/logo\/image\/","url":"https:\/\/visitbraga.travel\/wp-content\/uploads\/2025\/05\/visit-braga.jpg","contentUrl":"https:\/\/visitbraga.travel\/wp-content\/uploads\/2025\/05\/visit-braga.jpg","width":2400,"height":1256,"caption":"Visit Braga"},"image":{"@id":"https:\/\/visitbraga.travel\/#\/schema\/logo\/image\/"},"sameAs":["https:\/\/www.facebook.com\/visitbraga.travel\/","https:\/\/x.com\/VisitBraga"]}]}},"_links":{"self":[{"href":"https:\/\/visitbraga.travel\/fr\/wp-json\/wp\/v2\/highlight\/6799","targetHints":{"allow":["GET"]}}],"collection":[{"href":"https:\/\/visitbraga.travel\/fr\/wp-json\/wp\/v2\/highlight"}],"about":[{"href":"https:\/\/visitbraga.travel\/fr\/wp-json\/wp\/v2\/types\/highlight"}],"version-history":[{"count":0,"href":"https:\/\/visitbraga.travel\/fr\/wp-json\/wp\/v2\/highlight\/6799\/revisions"}],"wp:featuredmedia":[{"embeddable":true,"href":"https:\/\/visitbraga.travel\/fr\/wp-json\/wp\/v2\/media\/8448"}],"wp:attachment":[{"href":"https:\/\/visitbraga.travel\/fr\/wp-json\/wp\/v2\/media?parent=6799"}],"wp:term":[{"taxonomy":"highlight_category","embeddable":true,"href":"https:\/\/visitbraga.travel\/fr\/wp-json\/wp\/v2\/highlight_category?post=6799"}],"curies":[{"name":"wp","href":"https:\/\/api.w.org\/{rel}","templated":true}]}}