{"id":6813,"date":"2025-07-17T11:38:13","date_gmt":"2025-07-17T10:38:13","guid":{"rendered":"https:\/\/visitbraga.travel\/highlights\/%highlight_category%\/a-funeraria-de-sao-vicente\/"},"modified":"2025-07-25T11:57:55","modified_gmt":"2025-07-25T10:57:55","slug":"a-funeraria-de-sao-vicente","status":"publish","type":"highlight","link":"https:\/\/visitbraga.travel\/fr\/highlights\/comercio-local\/a-funeraria-de-sao-vicente\/","title":{"rendered":"Pompes fun\u00e8bres St Vincent"},"content":{"rendered":"<p><strong>La boutique<\/strong><br \/>\nFuner\u00e1ria S\u00e3o Vicente est une entreprise familiale avec plus d'un si\u00e8cle d'exp\u00e9rience, offrant un service personnalis\u00e9 et fiable pour les c\u00e9r\u00e9monies fun\u00e9raires \u00e0 Braga.<\/p>\n<p><strong>L'histoire<\/strong><br \/>\nFond\u00e9e en 1863, Funer\u00e1ria de S\u00e3o Vicente est l'une des plus anciennes entreprises de la ville et joue un r\u00f4le tr\u00e8s important dans la soci\u00e9t\u00e9 de Braga depuis sa cr\u00e9ation. Elle est une r\u00e9f\u00e9rence en mati\u00e8re de soutien aux familles, les aidant \u00e0 traverser les moments difficiles et d\u00e9cisifs de la vie, en alliant tradition et professionnalisme dans l'organisation des c\u00e9r\u00e9monies fun\u00e9raires.<br \/>\nEntreprise familiale de plus de 160 ans d'exp\u00e9rience, elle se distingue par un service personnalis\u00e9, fiable et s\u00e9rieux, dont la priorit\u00e9 est d'apporter la tranquillit\u00e9 d'esprit dont toute famille a besoin pour mieux supporter les moments difficiles.<\/p>\n<p><strong>Produits et services<\/strong><br \/>\nOrganisation de c\u00e9r\u00e9monies fun\u00e9raires, de cr\u00e9mations, de transferts et de services administratifs.<\/p>\n<p><strong>Contact<\/strong><br \/>\nT\u00e9l\u00e9phone : 253262302<br \/>\nCourriel : <a href=\"mailto:afune&#114;&#97;&#114;&#105;&#97;&#46;&#98;&#114;&#97;&#103;&#97;&#64;&#115;&#97;&#112;&#x6f;&#x2e;&#x70;&#x74;\">afuneraria.braga@sapo.pt<\/a><\/p>","protected":false},"excerpt":{"rendered":"<p>Funer\u00e1ria S\u00e3o Vicente est une entreprise familiale avec plus d'un si\u00e8cle d'exp\u00e9rience, offrant un service personnalis\u00e9.<\/p>","protected":false},"featured_media":7976,"template":"","highlight_category":[59],"class_list":["post-6813","highlight","type-highlight","status-publish","has-post-thumbnail","hentry","highlight_category-lojas-com-historia"],"acf":[],"yoast_head":"<!-- This site is optimized with the Yoast SEO plugin v27.5 - https:\/\/yoast.com\/product\/yoast-seo-wordpress\/ -->\n<title>A Funer\u00e1ria de S\u00e3o Vicente | Visit Braga<\/title>\n<meta name=\"description\" content=\"A Funer\u00e1ria S\u00e3o Vicente \u00e9 uma empresa familiar com mais de um s\u00e9culo de experi\u00eancia, oferecendo um servi\u00e7o personalizado.\" \/>\n<meta name=\"robots\" content=\"index, follow, max-snippet:-1, max-image-preview:large, max-video-preview:-1\" \/>\n<link rel=\"canonical\" href=\"https:\/\/visitbraga.travel\/fr\/highlights\/comercio-local\/a-funeraria-de-sao-vicente\/\" \/>\n<meta property=\"og:locale\" content=\"fr_FR\" \/>\n<meta property=\"og:type\" content=\"article\" \/>\n<meta property=\"og:title\" content=\"A Funer\u00e1ria de S\u00e3o Vicente | Visit Braga\" \/>\n<meta property=\"og:description\" content=\"A Funer\u00e1ria S\u00e3o Vicente \u00e9 uma empresa familiar com mais de um s\u00e9culo de experi\u00eancia, oferecendo um servi\u00e7o personalizado.\" \/>\n<meta property=\"og:url\" content=\"https:\/\/visitbraga.travel\/fr\/highlights\/comercio-local\/a-funeraria-de-sao-vicente\/\" \/>\n<meta property=\"og:site_name\" content=\"Visit Braga\" \/>\n<meta property=\"article:publisher\" content=\"https:\/\/www.facebook.com\/visitbraga.travel\/\" \/>\n<meta property=\"article:modified_time\" content=\"2025-07-25T10:57:55+00:00\" \/>\n<meta property=\"og:image\" content=\"https:\/\/visitbraga.travel\/wp-content\/uploads\/2025\/07\/funeraria_1.jpg\" \/>\n\t<meta property=\"og:image:width\" content=\"1188\" \/>\n\t<meta property=\"og:image:height\" content=\"792\" \/>\n\t<meta property=\"og:image:type\" content=\"image\/jpeg\" \/>\n<meta name=\"twitter:card\" content=\"summary_large_image\" \/>\n<meta name=\"twitter:site\" content=\"@VisitBraga\" \/>\n<meta name=\"twitter:label1\" content=\"Dur\u00e9e de lecture estim\u00e9e\" \/>\n\t<meta name=\"twitter:data1\" content=\"3 minutes\" \/>\n<script type=\"application\/ld+json\" class=\"yoast-schema-graph\">{\"@context\":\"https:\\\/\\\/schema.org\",\"@graph\":[{\"@type\":\"WebPage\",\"@id\":\"https:\\\/\\\/visitbraga.travel\\\/highlights\\\/comercio-local\\\/a-funeraria-de-sao-vicente\\\/\",\"url\":\"https:\\\/\\\/visitbraga.travel\\\/highlights\\\/comercio-local\\\/a-funeraria-de-sao-vicente\\\/\",\"name\":\"A Funer\u00e1ria de S\u00e3o Vicente | Visit Braga\",\"isPartOf\":{\"@id\":\"https:\\\/\\\/visitbraga.travel\\\/#website\"},\"primaryImageOfPage\":{\"@id\":\"https:\\\/\\\/visitbraga.travel\\\/highlights\\\/comercio-local\\\/a-funeraria-de-sao-vicente\\\/#primaryimage\"},\"image\":{\"@id\":\"https:\\\/\\\/visitbraga.travel\\\/highlights\\\/comercio-local\\\/a-funeraria-de-sao-vicente\\\/#primaryimage\"},\"thumbnailUrl\":\"https:\\\/\\\/visitbraga.travel\\\/wp-content\\\/uploads\\\/2025\\\/07\\\/funeraria_1.jpg\",\"datePublished\":\"2025-07-17T10:38:13+00:00\",\"dateModified\":\"2025-07-25T10:57:55+00:00\",\"description\":\"A Funer\u00e1ria S\u00e3o Vicente \u00e9 uma empresa familiar com mais de um s\u00e9culo de experi\u00eancia, oferecendo um servi\u00e7o personalizado.\",\"inLanguage\":\"fr-FR\",\"potentialAction\":[{\"@type\":\"ReadAction\",\"target\":[\"https:\\\/\\\/visitbraga.travel\\\/highlights\\\/comercio-local\\\/a-funeraria-de-sao-vicente\\\/\"]}]},{\"@type\":\"ImageObject\",\"inLanguage\":\"fr-FR\",\"@id\":\"https:\\\/\\\/visitbraga.travel\\\/highlights\\\/comercio-local\\\/a-funeraria-de-sao-vicente\\\/#primaryimage\",\"url\":\"https:\\\/\\\/visitbraga.travel\\\/wp-content\\\/uploads\\\/2025\\\/07\\\/funeraria_1.jpg\",\"contentUrl\":\"https:\\\/\\\/visitbraga.travel\\\/wp-content\\\/uploads\\\/2025\\\/07\\\/funeraria_1.jpg\",\"width\":1188,\"height\":792},{\"@type\":\"WebSite\",\"@id\":\"https:\\\/\\\/visitbraga.travel\\\/#website\",\"url\":\"https:\\\/\\\/visitbraga.travel\\\/\",\"name\":\"Visit Braga\",\"description\":\"Turismo Braga | Site Oficial de Braga\",\"publisher\":{\"@id\":\"https:\\\/\\\/visitbraga.travel\\\/#organization\"},\"potentialAction\":[{\"@type\":\"SearchAction\",\"target\":{\"@type\":\"EntryPoint\",\"urlTemplate\":\"https:\\\/\\\/visitbraga.travel\\\/?s={search_term_string}\"},\"query-input\":{\"@type\":\"PropertyValueSpecification\",\"valueRequired\":true,\"valueName\":\"search_term_string\"}}],\"inLanguage\":\"fr-FR\"},{\"@type\":\"Organization\",\"@id\":\"https:\\\/\\\/visitbraga.travel\\\/#organization\",\"name\":\"Visit Braga\",\"url\":\"https:\\\/\\\/visitbraga.travel\\\/\",\"logo\":{\"@type\":\"ImageObject\",\"inLanguage\":\"fr-FR\",\"@id\":\"https:\\\/\\\/visitbraga.travel\\\/#\\\/schema\\\/logo\\\/image\\\/\",\"url\":\"https:\\\/\\\/visitbraga.travel\\\/wp-content\\\/uploads\\\/2025\\\/05\\\/visit-braga.jpg\",\"contentUrl\":\"https:\\\/\\\/visitbraga.travel\\\/wp-content\\\/uploads\\\/2025\\\/05\\\/visit-braga.jpg\",\"width\":2400,\"height\":1256,\"caption\":\"Visit Braga\"},\"image\":{\"@id\":\"https:\\\/\\\/visitbraga.travel\\\/#\\\/schema\\\/logo\\\/image\\\/\"},\"sameAs\":[\"https:\\\/\\\/www.facebook.com\\\/visitbraga.travel\\\/\",\"https:\\\/\\\/x.com\\\/VisitBraga\"]}]}<\/script>\n<!-- \/ Yoast SEO plugin. -->","yoast_head_json":{"title":"A Funer\u00e1ria de S\u00e3o Vicente | Visit Braga","description":"Funer\u00e1ria S\u00e3o Vicente est une entreprise familiale avec plus d'un si\u00e8cle d'exp\u00e9rience, offrant un service personnalis\u00e9.","robots":{"index":"index","follow":"follow","max-snippet":"max-snippet:-1","max-image-preview":"max-image-preview:large","max-video-preview":"max-video-preview:-1"},"canonical":"https:\/\/visitbraga.travel\/fr\/highlights\/comercio-local\/a-funeraria-de-sao-vicente\/","og_locale":"fr_FR","og_type":"article","og_title":"A Funer\u00e1ria de S\u00e3o Vicente | Visit Braga","og_description":"A Funer\u00e1ria S\u00e3o Vicente \u00e9 uma empresa familiar com mais de um s\u00e9culo de experi\u00eancia, oferecendo um servi\u00e7o personalizado.","og_url":"https:\/\/visitbraga.travel\/fr\/highlights\/comercio-local\/a-funeraria-de-sao-vicente\/","og_site_name":"Visit Braga","article_publisher":"https:\/\/www.facebook.com\/visitbraga.travel\/","article_modified_time":"2025-07-25T10:57:55+00:00","og_image":[{"width":1188,"height":792,"url":"https:\/\/visitbraga.travel\/wp-content\/uploads\/2025\/07\/funeraria_1.jpg","type":"image\/jpeg"}],"twitter_card":"summary_large_image","twitter_site":"@VisitBraga","twitter_misc":{"Dur\u00e9e de lecture estim\u00e9e":"3 minutes"},"schema":{"@context":"https:\/\/schema.org","@graph":[{"@type":"WebPage","@id":"https:\/\/visitbraga.travel\/highlights\/comercio-local\/a-funeraria-de-sao-vicente\/","url":"https:\/\/visitbraga.travel\/highlights\/comercio-local\/a-funeraria-de-sao-vicente\/","name":"A Funer\u00e1ria de S\u00e3o Vicente | Visit Braga","isPartOf":{"@id":"https:\/\/visitbraga.travel\/#website"},"primaryImageOfPage":{"@id":"https:\/\/visitbraga.travel\/highlights\/comercio-local\/a-funeraria-de-sao-vicente\/#primaryimage"},"image":{"@id":"https:\/\/visitbraga.travel\/highlights\/comercio-local\/a-funeraria-de-sao-vicente\/#primaryimage"},"thumbnailUrl":"https:\/\/visitbraga.travel\/wp-content\/uploads\/2025\/07\/funeraria_1.jpg","datePublished":"2025-07-17T10:38:13+00:00","dateModified":"2025-07-25T10:57:55+00:00","description":"Funer\u00e1ria S\u00e3o Vicente est une entreprise familiale avec plus d'un si\u00e8cle d'exp\u00e9rience, offrant un service personnalis\u00e9.","inLanguage":"fr-FR","potentialAction":[{"@type":"ReadAction","target":["https:\/\/visitbraga.travel\/highlights\/comercio-local\/a-funeraria-de-sao-vicente\/"]}]},{"@type":"ImageObject","inLanguage":"fr-FR","@id":"https:\/\/visitbraga.travel\/highlights\/comercio-local\/a-funeraria-de-sao-vicente\/#primaryimage","url":"https:\/\/visitbraga.travel\/wp-content\/uploads\/2025\/07\/funeraria_1.jpg","contentUrl":"https:\/\/visitbraga.travel\/wp-content\/uploads\/2025\/07\/funeraria_1.jpg","width":1188,"height":792},{"@type":"WebSite","@id":"https:\/\/visitbraga.travel\/#website","url":"https:\/\/visitbraga.travel\/","name":"Visiter Braga","description":"Turismo Braga | Site Oficial de Braga","publisher":{"@id":"https:\/\/visitbraga.travel\/#organization"},"potentialAction":[{"@type":"SearchAction","target":{"@type":"EntryPoint","urlTemplate":"https:\/\/visitbraga.travel\/?s={search_term_string}"},"query-input":{"@type":"PropertyValueSpecification","valueRequired":true,"valueName":"search_term_string"}}],"inLanguage":"fr-FR"},{"@type":"Organization","@id":"https:\/\/visitbraga.travel\/#organization","name":"Visiter Braga","url":"https:\/\/visitbraga.travel\/","logo":{"@type":"ImageObject","inLanguage":"fr-FR","@id":"https:\/\/visitbraga.travel\/#\/schema\/logo\/image\/","url":"https:\/\/visitbraga.travel\/wp-content\/uploads\/2025\/05\/visit-braga.jpg","contentUrl":"https:\/\/visitbraga.travel\/wp-content\/uploads\/2025\/05\/visit-braga.jpg","width":2400,"height":1256,"caption":"Visit Braga"},"image":{"@id":"https:\/\/visitbraga.travel\/#\/schema\/logo\/image\/"},"sameAs":["https:\/\/www.facebook.com\/visitbraga.travel\/","https:\/\/x.com\/VisitBraga"]}]}},"_links":{"self":[{"href":"https:\/\/visitbraga.travel\/fr\/wp-json\/wp\/v2\/highlight\/6813","targetHints":{"allow":["GET"]}}],"collection":[{"href":"https:\/\/visitbraga.travel\/fr\/wp-json\/wp\/v2\/highlight"}],"about":[{"href":"https:\/\/visitbraga.travel\/fr\/wp-json\/wp\/v2\/types\/highlight"}],"version-history":[{"count":0,"href":"https:\/\/visitbraga.travel\/fr\/wp-json\/wp\/v2\/highlight\/6813\/revisions"}],"wp:featuredmedia":[{"embeddable":true,"href":"https:\/\/visitbraga.travel\/fr\/wp-json\/wp\/v2\/media\/7976"}],"wp:attachment":[{"href":"https:\/\/visitbraga.travel\/fr\/wp-json\/wp\/v2\/media?parent=6813"}],"wp:term":[{"taxonomy":"highlight_category","embeddable":true,"href":"https:\/\/visitbraga.travel\/fr\/wp-json\/wp\/v2\/highlight_category?post=6813"}],"curies":[{"name":"wp","href":"https:\/\/api.w.org\/{rel}","templated":true}]}}