{"id":6789,"date":"2025-07-17T11:38:13","date_gmt":"2025-07-17T10:38:13","guid":{"rendered":"https:\/\/visitbraga.travel\/highlights\/%highlight_category%\/a-louceira\/"},"modified":"2025-07-25T11:49:01","modified_gmt":"2025-07-25T10:49:01","slug":"a-louceira","status":"publish","type":"highlight","link":"https:\/\/visitbraga.travel\/pl\/highlights\/comercio-local\/a-louceira\/","title":{"rendered":"Zmywarka"},"content":{"rendered":"<p><strong>Sklep<\/strong><br \/>\nA Louceira \u00e9 uma loja centen\u00e1ria dedicada ao com\u00e9rcio de artesanato regional de loi\u00e7as e utens\u00edlios dom\u00e9sticos, reconhecida pela qualidade e variedade dos seus produtos, pelo atendimento personalizado e pelas ra\u00edzes hist\u00f3ricas. Localiza-se no n\u00ba 9 da Rua do Alferes Alfredo Ferreira, junto \u00e0 Pra\u00e7a Conde de Agrolongo.<\/p>\n<p><strong>Historia<\/strong><br \/>\nFundada em 1934, como testemunha um documento encontrado com essa data, que atribu\u00ed a propriedade \u00e0 av\u00f3 da atual propriet\u00e1ria, foi aberta pelas tr\u00eas irm\u00e3s mais velhas da fam\u00edlia. A hist\u00f3ria desta loja est\u00e1 intimamente associada \u00e0 feira de loi\u00e7as da cidade de Braga que na \u00e9poca se realizava no campo da Vinha, atual Pra\u00e7a Conde de Agrolongo, a paredes meias com a localiza\u00e7\u00e3o da Louceira.<br \/>\nA gest\u00e3o desta hist\u00f3rica loja passou j\u00e1 por tr\u00eas gera\u00e7\u00e3o da fam\u00edlia, av\u00f3, m\u00e3e e neta, sendo Manuela Oliveira a atual propriet\u00e1ria, que sucedeu \u00e0 sua m\u00e3e. Desde tenra idade que come\u00e7ou a trabalhar no neg\u00f3cio da fam\u00edlia, tendo dedicado uma vida ao com\u00e9rcio das loi\u00e7as, dando continuidade \u00e0 hist\u00f3ria desta loja.<\/p>\n<p><strong>Produkty i us\u0142ugi<\/strong><br \/>\nCom\u00e9rcio a retalho de porcelana, terracota, gr\u00e9s, lou\u00e7a vidrada regional e cestaria.<\/p>\n<p><strong>Kontakt<\/strong><br \/>\nTelefone: 965702882<br \/>\nE-mail: <a href=\"\/pl\/ma&\/#105;&#108;&#116;&#x6f;&#x3a;&#x6d;&#x6d;lo&#98;&#64;&#115;&#x61;&#x70;&#x6f;&#x2e;pt\">&#109;&#x6d;&#108;&#x6f;b&#x40;s&#97;&#x70;&#111;&#x2e;&#112;&#x74;<\/a><\/p>","protected":false},"excerpt":{"rendered":"<p>Louceira to stuletni sklep zajmuj\u0105cy si\u0119 sprzeda\u017c\u0105 regionalnego r\u0119kodzie\u0142a, naczy\u0144 i artyku\u0142\u00f3w gospodarstwa domowego.<\/p>","protected":false},"featured_media":7986,"template":"","highlight_category":[59],"class_list":["post-6789","highlight","type-highlight","status-publish","has-post-thumbnail","hentry","highlight_category-lojas-com-historia"],"acf":[],"yoast_head":"<!-- This site is optimized with the Yoast SEO plugin v27.5 - https:\/\/yoast.com\/product\/yoast-seo-wordpress\/ -->\n<title>A Louceira | Visit Braga<\/title>\n<meta name=\"description\" content=\"A Louceira \u00e9 uma loja centen\u00e1ria dedicada ao com\u00e9rcio de artesanato regional de loi\u00e7as e utens\u00edlios dom\u00e9sticos.\" \/>\n<meta name=\"robots\" content=\"index, follow, max-snippet:-1, max-image-preview:large, max-video-preview:-1\" \/>\n<link rel=\"canonical\" href=\"https:\/\/visitbraga.travel\/pl\/highlights\/comercio-local\/a-louceira\/\" \/>\n<meta property=\"og:locale\" content=\"pl_PL\" \/>\n<meta property=\"og:type\" content=\"article\" \/>\n<meta property=\"og:title\" content=\"A Louceira | Visit Braga\" \/>\n<meta property=\"og:description\" content=\"A Louceira \u00e9 uma loja centen\u00e1ria dedicada ao com\u00e9rcio de artesanato regional de loi\u00e7as e utens\u00edlios dom\u00e9sticos.\" \/>\n<meta property=\"og:url\" content=\"https:\/\/visitbraga.travel\/pl\/highlights\/comercio-local\/a-louceira\/\" \/>\n<meta property=\"og:site_name\" content=\"Visit Braga\" \/>\n<meta property=\"article:publisher\" content=\"https:\/\/www.facebook.com\/visitbraga.travel\/\" \/>\n<meta property=\"article:modified_time\" content=\"2025-07-25T10:49:01+00:00\" \/>\n<meta property=\"og:image\" content=\"https:\/\/visitbraga.travel\/wp-content\/uploads\/2025\/07\/alouceira_1.jpg\" \/>\n\t<meta property=\"og:image:width\" content=\"1274\" \/>\n\t<meta property=\"og:image:height\" content=\"849\" \/>\n\t<meta property=\"og:image:type\" content=\"image\/jpeg\" \/>\n<meta name=\"twitter:card\" content=\"summary_large_image\" \/>\n<meta name=\"twitter:site\" content=\"@VisitBraga\" \/>\n<meta name=\"twitter:label1\" content=\"Szacowany czas czytania\" \/>\n\t<meta name=\"twitter:data1\" content=\"4 minuty\" \/>\n<script type=\"application\/ld+json\" class=\"yoast-schema-graph\">{\"@context\":\"https:\\\/\\\/schema.org\",\"@graph\":[{\"@type\":\"WebPage\",\"@id\":\"https:\\\/\\\/visitbraga.travel\\\/highlights\\\/comercio-local\\\/a-louceira\\\/\",\"url\":\"https:\\\/\\\/visitbraga.travel\\\/highlights\\\/comercio-local\\\/a-louceira\\\/\",\"name\":\"A Louceira | Visit Braga\",\"isPartOf\":{\"@id\":\"https:\\\/\\\/visitbraga.travel\\\/#website\"},\"primaryImageOfPage\":{\"@id\":\"https:\\\/\\\/visitbraga.travel\\\/highlights\\\/comercio-local\\\/a-louceira\\\/#primaryimage\"},\"image\":{\"@id\":\"https:\\\/\\\/visitbraga.travel\\\/highlights\\\/comercio-local\\\/a-louceira\\\/#primaryimage\"},\"thumbnailUrl\":\"https:\\\/\\\/visitbraga.travel\\\/wp-content\\\/uploads\\\/2025\\\/07\\\/alouceira_1.jpg\",\"datePublished\":\"2025-07-17T10:38:13+00:00\",\"dateModified\":\"2025-07-25T10:49:01+00:00\",\"description\":\"A Louceira \u00e9 uma loja centen\u00e1ria dedicada ao com\u00e9rcio de artesanato regional de loi\u00e7as e utens\u00edlios dom\u00e9sticos.\",\"inLanguage\":\"pl-PL\",\"potentialAction\":[{\"@type\":\"ReadAction\",\"target\":[\"https:\\\/\\\/visitbraga.travel\\\/highlights\\\/comercio-local\\\/a-louceira\\\/\"]}]},{\"@type\":\"ImageObject\",\"inLanguage\":\"pl-PL\",\"@id\":\"https:\\\/\\\/visitbraga.travel\\\/highlights\\\/comercio-local\\\/a-louceira\\\/#primaryimage\",\"url\":\"https:\\\/\\\/visitbraga.travel\\\/wp-content\\\/uploads\\\/2025\\\/07\\\/alouceira_1.jpg\",\"contentUrl\":\"https:\\\/\\\/visitbraga.travel\\\/wp-content\\\/uploads\\\/2025\\\/07\\\/alouceira_1.jpg\",\"width\":1274,\"height\":849},{\"@type\":\"WebSite\",\"@id\":\"https:\\\/\\\/visitbraga.travel\\\/#website\",\"url\":\"https:\\\/\\\/visitbraga.travel\\\/\",\"name\":\"Visit Braga\",\"description\":\"Turismo Braga | Site Oficial de Braga\",\"publisher\":{\"@id\":\"https:\\\/\\\/visitbraga.travel\\\/#organization\"},\"potentialAction\":[{\"@type\":\"SearchAction\",\"target\":{\"@type\":\"EntryPoint\",\"urlTemplate\":\"https:\\\/\\\/visitbraga.travel\\\/?s={search_term_string}\"},\"query-input\":{\"@type\":\"PropertyValueSpecification\",\"valueRequired\":true,\"valueName\":\"search_term_string\"}}],\"inLanguage\":\"pl-PL\"},{\"@type\":\"Organization\",\"@id\":\"https:\\\/\\\/visitbraga.travel\\\/#organization\",\"name\":\"Visit Braga\",\"url\":\"https:\\\/\\\/visitbraga.travel\\\/\",\"logo\":{\"@type\":\"ImageObject\",\"inLanguage\":\"pl-PL\",\"@id\":\"https:\\\/\\\/visitbraga.travel\\\/#\\\/schema\\\/logo\\\/image\\\/\",\"url\":\"https:\\\/\\\/visitbraga.travel\\\/wp-content\\\/uploads\\\/2025\\\/05\\\/visit-braga.jpg\",\"contentUrl\":\"https:\\\/\\\/visitbraga.travel\\\/wp-content\\\/uploads\\\/2025\\\/05\\\/visit-braga.jpg\",\"width\":2400,\"height\":1256,\"caption\":\"Visit Braga\"},\"image\":{\"@id\":\"https:\\\/\\\/visitbraga.travel\\\/#\\\/schema\\\/logo\\\/image\\\/\"},\"sameAs\":[\"https:\\\/\\\/www.facebook.com\\\/visitbraga.travel\\\/\",\"https:\\\/\\\/x.com\\\/VisitBraga\"]}]}<\/script>\n<!-- \/ Yoast SEO plugin. -->","yoast_head_json":{"title":"A Louceira | Visit Braga","description":"Louceira to stuletni sklep zajmuj\u0105cy si\u0119 sprzeda\u017c\u0105 regionalnego r\u0119kodzie\u0142a, naczy\u0144 i artyku\u0142\u00f3w gospodarstwa domowego.","robots":{"index":"index","follow":"follow","max-snippet":"max-snippet:-1","max-image-preview":"max-image-preview:large","max-video-preview":"max-video-preview:-1"},"canonical":"https:\/\/visitbraga.travel\/pl\/highlights\/comercio-local\/a-louceira\/","og_locale":"pl_PL","og_type":"article","og_title":"A Louceira | Visit Braga","og_description":"A Louceira \u00e9 uma loja centen\u00e1ria dedicada ao com\u00e9rcio de artesanato regional de loi\u00e7as e utens\u00edlios dom\u00e9sticos.","og_url":"https:\/\/visitbraga.travel\/pl\/highlights\/comercio-local\/a-louceira\/","og_site_name":"Visit Braga","article_publisher":"https:\/\/www.facebook.com\/visitbraga.travel\/","article_modified_time":"2025-07-25T10:49:01+00:00","og_image":[{"width":1274,"height":849,"url":"https:\/\/visitbraga.travel\/wp-content\/uploads\/2025\/07\/alouceira_1.jpg","type":"image\/jpeg"}],"twitter_card":"summary_large_image","twitter_site":"@VisitBraga","twitter_misc":{"Szacowany czas czytania":"4 minuty"},"schema":{"@context":"https:\/\/schema.org","@graph":[{"@type":"WebPage","@id":"https:\/\/visitbraga.travel\/highlights\/comercio-local\/a-louceira\/","url":"https:\/\/visitbraga.travel\/highlights\/comercio-local\/a-louceira\/","name":"A Louceira | Visit Braga","isPartOf":{"@id":"https:\/\/visitbraga.travel\/#website"},"primaryImageOfPage":{"@id":"https:\/\/visitbraga.travel\/highlights\/comercio-local\/a-louceira\/#primaryimage"},"image":{"@id":"https:\/\/visitbraga.travel\/highlights\/comercio-local\/a-louceira\/#primaryimage"},"thumbnailUrl":"https:\/\/visitbraga.travel\/wp-content\/uploads\/2025\/07\/alouceira_1.jpg","datePublished":"2025-07-17T10:38:13+00:00","dateModified":"2025-07-25T10:49:01+00:00","description":"Louceira to stuletni sklep zajmuj\u0105cy si\u0119 sprzeda\u017c\u0105 regionalnego r\u0119kodzie\u0142a, naczy\u0144 i artyku\u0142\u00f3w gospodarstwa domowego.","inLanguage":"pl-PL","potentialAction":[{"@type":"ReadAction","target":["https:\/\/visitbraga.travel\/highlights\/comercio-local\/a-louceira\/"]}]},{"@type":"ImageObject","inLanguage":"pl-PL","@id":"https:\/\/visitbraga.travel\/highlights\/comercio-local\/a-louceira\/#primaryimage","url":"https:\/\/visitbraga.travel\/wp-content\/uploads\/2025\/07\/alouceira_1.jpg","contentUrl":"https:\/\/visitbraga.travel\/wp-content\/uploads\/2025\/07\/alouceira_1.jpg","width":1274,"height":849},{"@type":"WebSite","@id":"https:\/\/visitbraga.travel\/#website","url":"https:\/\/visitbraga.travel\/","name":"Odwied\u017a Brag\u0119","description":"Turismo Braga | Site Oficial de Braga","publisher":{"@id":"https:\/\/visitbraga.travel\/#organization"},"potentialAction":[{"@type":"SearchAction","target":{"@type":"EntryPoint","urlTemplate":"https:\/\/visitbraga.travel\/?s={search_term_string}"},"query-input":{"@type":"PropertyValueSpecification","valueRequired":true,"valueName":"search_term_string"}}],"inLanguage":"pl-PL"},{"@type":"Organization","@id":"https:\/\/visitbraga.travel\/#organization","name":"Odwied\u017a Brag\u0119","url":"https:\/\/visitbraga.travel\/","logo":{"@type":"ImageObject","inLanguage":"pl-PL","@id":"https:\/\/visitbraga.travel\/#\/schema\/logo\/image\/","url":"https:\/\/visitbraga.travel\/wp-content\/uploads\/2025\/05\/visit-braga.jpg","contentUrl":"https:\/\/visitbraga.travel\/wp-content\/uploads\/2025\/05\/visit-braga.jpg","width":2400,"height":1256,"caption":"Visit Braga"},"image":{"@id":"https:\/\/visitbraga.travel\/#\/schema\/logo\/image\/"},"sameAs":["https:\/\/www.facebook.com\/visitbraga.travel\/","https:\/\/x.com\/VisitBraga"]}]}},"_links":{"self":[{"href":"https:\/\/visitbraga.travel\/pl\/wp-json\/wp\/v2\/highlight\/6789","targetHints":{"allow":["GET"]}}],"collection":[{"href":"https:\/\/visitbraga.travel\/pl\/wp-json\/wp\/v2\/highlight"}],"about":[{"href":"https:\/\/visitbraga.travel\/pl\/wp-json\/wp\/v2\/types\/highlight"}],"version-history":[{"count":0,"href":"https:\/\/visitbraga.travel\/pl\/wp-json\/wp\/v2\/highlight\/6789\/revisions"}],"wp:featuredmedia":[{"embeddable":true,"href":"https:\/\/visitbraga.travel\/pl\/wp-json\/wp\/v2\/media\/7986"}],"wp:attachment":[{"href":"https:\/\/visitbraga.travel\/pl\/wp-json\/wp\/v2\/media?parent=6789"}],"wp:term":[{"taxonomy":"highlight_category","embeddable":true,"href":"https:\/\/visitbraga.travel\/pl\/wp-json\/wp\/v2\/highlight_category?post=6789"}],"curies":[{"name":"wp","href":"https:\/\/api.w.org\/{rel}","templated":true}]}}