{"id":6032,"date":"2025-05-22T17:19:35","date_gmt":"2025-05-22T16:19:35","guid":{"rendered":"https:\/\/visitbraga.travel\/highlights\/%highlight_category%\/museu-pio-xii\/"},"modified":"2025-07-23T12:56:33","modified_gmt":"2025-07-23T11:56:33","slug":"museu-pio-xii","status":"publish","type":"highlight","link":"https:\/\/visitbraga.travel\/zh\/highlights\/espacos-culturais\/museu-pio-xii\/","title":{"rendered":"\u5e87\u62a4\u5341\u4e8c\u4e16\u535a\u7269\u9986"},"content":{"rendered":"<p>\u76ae\u4e4c\u65af\u5341\u4e8c\u4e16\u535a\u7269\u9986\uff08Pius XII Museum\uff09\u6536\u85cf\u6709\u72ec\u5177\u7279\u8272\u7684\u77f3\u5668\u3001\u94b1\u5e01\u3001\u9676\u74f7\u3001\u7eba\u7ec7\u54c1\u3001\u96d5\u5851\u3001\u7ed8\u753b\u548c\u73e0\u5b9d\uff0c\u5c55\u89c8\u8303\u56f4\u4ece\u65e7\u77f3\u5668\u65f6\u4ee3\u5230\u57fa\u7763\u6559\u65f6\u4ee3\u3002\u5723\u5730\u4e9a\u54e5\u5854\uff08Torre de Santiago\uff09\u662f\u8fd9\u5ea7\u5efa\u7b51\u7fa4\u4e0d\u53ef\u5206\u5272\u7684\u4e00\u90e8\u5206\uff0c\u4ece\u5176\u7b2c\u4e94\u5c42\u9876\u7aef\uff0c\u60a8\u53ef\u4ee5\u6b23\u8d4f\u5230\u8fd9\u5ea7\u57ce\u5e02\u6700\u7f8e\u4e3d\u7684\u5168\u666f\u4e4b\u4e00\u3002<br \/>\n\u5e38\u8bbe\u5c55\u89c8\uff1a<br \/>\n\u9ed1\u6697\u4e2d\u95ea\u8000\u7740\u4e00\u9053\u5149<br \/>\n\u5e87\u62a4\u5341\u4e8c\u4e16\u535a\u7269\u9986\u8bb2\u8ff0\u7684\u662f\u4eba\u7c7b\u5386\u53f2\u7684\u6545\u4e8b\u3002<br \/>\n\u65c5\u7a0b\u4ece\u65e7\u77f3\u5668\u65f6\u4ee3\u5f00\u59cb\uff0c\u4e00\u76f4\u5230\u7f57\u9a6c\u65f6\u4ee3\uff0c\u56fe\u6587\u5e76\u8302\u3002<br \/>\n\u65b0\u7684\u5192\u9669\u63a5\u8e35\u800c\u81f3\uff1a\u65bd\u6d17\u7ea6\u7ff0\u5ba3\u5e03\u4e86\u8fd9\u4e00\u6d88\u606f\uff1b\u5723\u6bcd\u5c06\u6551\u4e16\u4e3b\u5e26\u5230\u8fd9\u4e2a\u4e16\u754c\uff1b\u4f7f\u5f92\u4eec\u8ddf\u968f\u4ed6\uff1b\u5f25\u8d5b\u4e9a\u7ecf\u5386\u4e86\u6fc0\u60c5\u548c\u6b7b\u4ea1\uff1b\u4ed6\u590d\u6d3b\u4e86\uff01<br \/>\n\u57fa\u7763\u6559\u6b63\u5728\u4f20\u64ad\u3002\u57fa\u7763\u5f92\u5e86\u795d\u4ed6\u4eec\u7684\u4fe1\u4ef0\u3002\u57fa\u7763\u6559\u751f\u6d3b\u7684\u4e2d\u5fc3\u662f\u5723\u9910\u793c\u3002\u5341\u5b57\u67b6\u662f\u4e0a\u5e1d\u5bf9\u4eba\u7c7b\u65e0\u9650\u4e4b\u7231\u7684\u6709\u529b\u8c61\u5f81\u3002\u8fd9\u4e00\u5207\u90fd\u5728\u793c\u4eea\u6bbf\u4e2d\u5f97\u5230\u4e86\u8be0\u91ca\u3002<br \/>\n\u6c49\u5bc6\u5c14\u987f-\u8d21\u8428\u5c14\u7ef4\u65af\u5385\u9080\u8bf7\u60a8\u505c\u4e0b\u811a\u6b65\u3002\u5b83\u9080\u8bf7\u4f60\u6c89\u601d\u3002\u5b83\u9080\u8bf7\u60a8\u6c89\u6d78\u5728\u4e0a\u5e1d\u7528\u91d1\u8272\u5b57\u4f53\u4e66\u5199\u7684\u70bd\u70ed\u4e4b\u7231\u4e2d\u3002\u591a\u4e48\u7f8e\u4e3d\u591a\u4e48\u4ee4\u4eba\u6109\u60a6<\/p>\n<p>\u4e0b\u4e00\u4e2a\u533a\u57df\u901a\u8fc7\u5341\u5b57\u67b6\u548c\u77f3\u68fa\u5411\u6e38\u5ba2\u5c55\u793a\u4e86\u8036\u7a23\u7684\u6fc0\u60c5\uff0c\u8fd9\u4e9b\u5341\u5b57\u67b6\u548c\u77f3\u68fa\u662f\u7531\u5927\u5e08\u4f55\u585e-\u6bdb\u91cc\u897f\u5965-\u7279\u8c22\u62c9-\u4f69\u96f7\u62c9\u6a21\u4eff\u5370\u6b27\u98ce\u683c\u8bbe\u8ba1\u7684\u3002<br \/>\n\u5728\u6700\u540e\u4e00\u4e2a\u5927\u5385\uff0c\u6559\u4f1a\u7684\u5386\u53f2\u901a\u8fc7\u6218\u7565\u8bf4\u660e\u5f97\u4ee5\u4f53\u73b0\uff1a\u798f\u97f3\u4e66\u7684\u4f5c\u8005\u548c\u6b89\u9053\u8005\uff1b\u8654\u8bda\u3001\u4f1f\u5927\u7684\u5efa\u7b51\u548c\u4f1f\u5927\u7684\u4e2d\u4e16\u7eaa\u5723\u5f92\uff1b\u8036\u7a23\u4f1a\u3001\u9044\u8fbe\u4f1a\u8bae\u3001\u6b89\u9053\u8005\u5723\u5df4\u585e\u6d1b\u7f2a\u3001<br \/>\n\u8fd1\u4ee3\u4ee5\u6765\uff0c\u6559\u4f1a\u5728\u793e\u4f1a\u9886\u57df\u7684\u5b58\u5728\u3001\u4e0e\u6c11\u95f4\u529b\u91cf\u7684\u5173\u7cfb\u4ee5\u53ca\u4e0e\u4e16\u754c\u7684\u5173\u7cfb\u3002\u6b64\u5916\uff0c\u5bf9\u8036\u7a23\u5723\u5fc3\u3001\u5723\u4f53\u548c\u5723\u6bcd\u7684\u4e09\u79cd\u5949\u732e\u4e5f\u5728\u589e\u52a0\u3002<br \/>\n\u6700\u540e\uff0c\u5728\u4e00\u697c\uff0c\u7b49\u5f85\u5927\u5bb6\u7684\u5c06\u662f 20 \u4e16\u7eaa\u8461\u8404\u7259\u6700\u4f1f\u5927\u7684\u8096\u50cf\u753b\u5bb6\uff1a\u6069\u91cc\u514b-\u6885\u8fea\u7eb3\u3002\u516b\u5341\u591a\u5e45\u7f8e\u4e3d\u7684\u8096\u50cf\u753b\u6784\u6210\u4e86\u4e00\u5e45\u5de8\u5927\u7684\u827a\u672f\u4f5c\u54c1\u3002<\/p>\n<p>\u5bfc\u6e38\u53c2\u89c2\u9700\u63d0\u524d\u9884\u7ea6\u3002<\/p>\n<p>\u6587\u672c\uff1a\u82e5\u6cfd-\u4fdd\u7f57-\u963f\u5e03\u96f7\u4e4c\u6559\u58eb<\/p>\n<p>\u6b32\u4e86\u89e3\u66f4\u591a\u4fe1\u606f\uff1a<br \/>\n<a href=\"http:\/\/www.museupioxii.com\" target=\"_blank\" rel=\"noopener\">www.museupioxii.com<\/a><br \/>\n253 200 130<\/p>","protected":false},"excerpt":{"rendered":"<p>\u5e87\u62a4\u5341\u4e8c\u4e16\u535a\u7269\u9986\u7684\u5c55\u89c8\u8def\u7ebf\u4ece\u65e7\u77f3\u5668\u65f6\u4ee3\u4e00\u76f4 \"\u7a7f\u8d8a \"\u5230\u57fa\u7763\u6559\u65f6\u4ee3\uff0c\u5176\u4e2d\u8fd8\u5305\u62ec\u4e2d\u4e16\u7eaa\u7684\u5723\u5730\u4e9a\u54e5\u5854\u3002<\/p>","protected":false},"featured_media":7846,"template":"","highlight_category":[51],"class_list":["post-6032","highlight","type-highlight","status-publish","has-post-thumbnail","hentry","highlight_category-museus"],"acf":[],"yoast_head":"<!-- This site is optimized with the Yoast SEO plugin v27.5 - https:\/\/yoast.com\/product\/yoast-seo-wordpress\/ -->\n<title>Museu Pio XII | Visit Braga<\/title>\n<meta name=\"description\" content=\"O percurso da exposi\u00e7\u00e3o do Museu Pio XII \u201cviaja\u201d desde o paleol\u00edtico \u00e0 Era Crist\u00e3, integrando tamb\u00e9m a Torre medieval de Santiago.\" \/>\n<meta name=\"robots\" content=\"index, follow, max-snippet:-1, max-image-preview:large, max-video-preview:-1\" \/>\n<link rel=\"canonical\" href=\"https:\/\/visitbraga.travel\/zh\/highlights\/espacos-culturais\/museu-pio-xii\/\" \/>\n<meta property=\"og:locale\" content=\"zh_CN\" \/>\n<meta property=\"og:type\" content=\"article\" \/>\n<meta property=\"og:title\" content=\"Museu Pio XII | Visit Braga\" \/>\n<meta property=\"og:description\" content=\"O percurso da exposi\u00e7\u00e3o do Museu Pio XII \u201cviaja\u201d desde o paleol\u00edtico \u00e0 Era Crist\u00e3, integrando tamb\u00e9m a Torre medieval de Santiago.\" \/>\n<meta property=\"og:url\" content=\"https:\/\/visitbraga.travel\/zh\/highlights\/espacos-culturais\/museu-pio-xii\/\" \/>\n<meta property=\"og:site_name\" content=\"Visit Braga\" \/>\n<meta property=\"article:publisher\" content=\"https:\/\/www.facebook.com\/visitbraga.travel\/\" \/>\n<meta property=\"article:modified_time\" content=\"2025-07-23T11:56:33+00:00\" \/>\n<meta property=\"og:image\" content=\"https:\/\/visitbraga.travel\/wp-content\/uploads\/2025\/05\/Museu-Pio-XII.jpg\" \/>\n\t<meta property=\"og:image:width\" content=\"978\" \/>\n\t<meta property=\"og:image:height\" content=\"652\" \/>\n\t<meta property=\"og:image:type\" content=\"image\/jpeg\" \/>\n<meta name=\"twitter:card\" content=\"summary_large_image\" \/>\n<meta name=\"twitter:site\" content=\"@VisitBraga\" \/>\n<meta name=\"twitter:label1\" content=\"\u9884\u8ba1\u9605\u8bfb\u65f6\u95f4\" \/>\n\t<meta name=\"twitter:data1\" content=\"3 \u5206\" \/>\n<script type=\"application\/ld+json\" class=\"yoast-schema-graph\">{\"@context\":\"https:\\\/\\\/schema.org\",\"@graph\":[{\"@type\":\"WebPage\",\"@id\":\"https:\\\/\\\/visitbraga.travel\\\/highlights\\\/espacos-culturais\\\/museu-pio-xii\\\/\",\"url\":\"https:\\\/\\\/visitbraga.travel\\\/highlights\\\/espacos-culturais\\\/museu-pio-xii\\\/\",\"name\":\"Museu Pio XII | Visit Braga\",\"isPartOf\":{\"@id\":\"https:\\\/\\\/visitbraga.travel\\\/#website\"},\"primaryImageOfPage\":{\"@id\":\"https:\\\/\\\/visitbraga.travel\\\/highlights\\\/espacos-culturais\\\/museu-pio-xii\\\/#primaryimage\"},\"image\":{\"@id\":\"https:\\\/\\\/visitbraga.travel\\\/highlights\\\/espacos-culturais\\\/museu-pio-xii\\\/#primaryimage\"},\"thumbnailUrl\":\"https:\\\/\\\/visitbraga.travel\\\/wp-content\\\/uploads\\\/2025\\\/05\\\/Museu-Pio-XII.jpg\",\"datePublished\":\"2025-05-22T16:19:35+00:00\",\"dateModified\":\"2025-07-23T11:56:33+00:00\",\"description\":\"O percurso da exposi\u00e7\u00e3o do Museu Pio XII \u201cviaja\u201d desde o paleol\u00edtico \u00e0 Era Crist\u00e3, integrando tamb\u00e9m a Torre medieval de Santiago.\",\"inLanguage\":\"zh-Hans\",\"potentialAction\":[{\"@type\":\"ReadAction\",\"target\":[\"https:\\\/\\\/visitbraga.travel\\\/highlights\\\/espacos-culturais\\\/museu-pio-xii\\\/\"]}]},{\"@type\":\"ImageObject\",\"inLanguage\":\"zh-Hans\",\"@id\":\"https:\\\/\\\/visitbraga.travel\\\/highlights\\\/espacos-culturais\\\/museu-pio-xii\\\/#primaryimage\",\"url\":\"https:\\\/\\\/visitbraga.travel\\\/wp-content\\\/uploads\\\/2025\\\/05\\\/Museu-Pio-XII.jpg\",\"contentUrl\":\"https:\\\/\\\/visitbraga.travel\\\/wp-content\\\/uploads\\\/2025\\\/05\\\/Museu-Pio-XII.jpg\",\"width\":978,\"height\":652},{\"@type\":\"WebSite\",\"@id\":\"https:\\\/\\\/visitbraga.travel\\\/#website\",\"url\":\"https:\\\/\\\/visitbraga.travel\\\/\",\"name\":\"Visit Braga\",\"description\":\"Turismo Braga | Site Oficial de Braga\",\"publisher\":{\"@id\":\"https:\\\/\\\/visitbraga.travel\\\/#organization\"},\"potentialAction\":[{\"@type\":\"SearchAction\",\"target\":{\"@type\":\"EntryPoint\",\"urlTemplate\":\"https:\\\/\\\/visitbraga.travel\\\/?s={search_term_string}\"},\"query-input\":{\"@type\":\"PropertyValueSpecification\",\"valueRequired\":true,\"valueName\":\"search_term_string\"}}],\"inLanguage\":\"zh-Hans\"},{\"@type\":\"Organization\",\"@id\":\"https:\\\/\\\/visitbraga.travel\\\/#organization\",\"name\":\"Visit Braga\",\"url\":\"https:\\\/\\\/visitbraga.travel\\\/\",\"logo\":{\"@type\":\"ImageObject\",\"inLanguage\":\"zh-Hans\",\"@id\":\"https:\\\/\\\/visitbraga.travel\\\/#\\\/schema\\\/logo\\\/image\\\/\",\"url\":\"https:\\\/\\\/visitbraga.travel\\\/wp-content\\\/uploads\\\/2025\\\/05\\\/visit-braga.jpg\",\"contentUrl\":\"https:\\\/\\\/visitbraga.travel\\\/wp-content\\\/uploads\\\/2025\\\/05\\\/visit-braga.jpg\",\"width\":2400,\"height\":1256,\"caption\":\"Visit Braga\"},\"image\":{\"@id\":\"https:\\\/\\\/visitbraga.travel\\\/#\\\/schema\\\/logo\\\/image\\\/\"},\"sameAs\":[\"https:\\\/\\\/www.facebook.com\\\/visitbraga.travel\\\/\",\"https:\\\/\\\/x.com\\\/VisitBraga\"]}]}<\/script>\n<!-- \/ Yoast SEO plugin. -->","yoast_head_json":{"title":"Museu Pio XII | Visit Braga","description":"\u5e87\u62a4\u5341\u4e8c\u4e16\u535a\u7269\u9986\u7684\u5c55\u89c8\u8def\u7ebf\u4ece\u65e7\u77f3\u5668\u65f6\u4ee3\u4e00\u76f4 \"\u7a7f\u8d8a \"\u5230\u57fa\u7763\u6559\u65f6\u4ee3\uff0c\u5176\u4e2d\u8fd8\u5305\u62ec\u4e2d\u4e16\u7eaa\u7684\u5723\u5730\u4e9a\u54e5\u5854\u3002","robots":{"index":"index","follow":"follow","max-snippet":"max-snippet:-1","max-image-preview":"max-image-preview:large","max-video-preview":"max-video-preview:-1"},"canonical":"https:\/\/visitbraga.travel\/zh\/highlights\/espacos-culturais\/museu-pio-xii\/","og_locale":"zh_CN","og_type":"article","og_title":"Museu Pio XII | Visit Braga","og_description":"O percurso da exposi\u00e7\u00e3o do Museu Pio XII \u201cviaja\u201d desde o paleol\u00edtico \u00e0 Era Crist\u00e3, integrando tamb\u00e9m a Torre medieval de Santiago.","og_url":"https:\/\/visitbraga.travel\/zh\/highlights\/espacos-culturais\/museu-pio-xii\/","og_site_name":"Visit Braga","article_publisher":"https:\/\/www.facebook.com\/visitbraga.travel\/","article_modified_time":"2025-07-23T11:56:33+00:00","og_image":[{"width":978,"height":652,"url":"https:\/\/visitbraga.travel\/wp-content\/uploads\/2025\/05\/Museu-Pio-XII.jpg","type":"image\/jpeg"}],"twitter_card":"summary_large_image","twitter_site":"@VisitBraga","twitter_misc":{"\u9884\u8ba1\u9605\u8bfb\u65f6\u95f4":"3 \u5206"},"schema":{"@context":"https:\/\/schema.org","@graph":[{"@type":"WebPage","@id":"https:\/\/visitbraga.travel\/highlights\/espacos-culturais\/museu-pio-xii\/","url":"https:\/\/visitbraga.travel\/highlights\/espacos-culturais\/museu-pio-xii\/","name":"Museu Pio XII | Visit Braga","isPartOf":{"@id":"https:\/\/visitbraga.travel\/#website"},"primaryImageOfPage":{"@id":"https:\/\/visitbraga.travel\/highlights\/espacos-culturais\/museu-pio-xii\/#primaryimage"},"image":{"@id":"https:\/\/visitbraga.travel\/highlights\/espacos-culturais\/museu-pio-xii\/#primaryimage"},"thumbnailUrl":"https:\/\/visitbraga.travel\/wp-content\/uploads\/2025\/05\/Museu-Pio-XII.jpg","datePublished":"2025-05-22T16:19:35+00:00","dateModified":"2025-07-23T11:56:33+00:00","description":"\u5e87\u62a4\u5341\u4e8c\u4e16\u535a\u7269\u9986\u7684\u5c55\u89c8\u8def\u7ebf\u4ece\u65e7\u77f3\u5668\u65f6\u4ee3\u4e00\u76f4 \"\u7a7f\u8d8a \"\u5230\u57fa\u7763\u6559\u65f6\u4ee3\uff0c\u5176\u4e2d\u8fd8\u5305\u62ec\u4e2d\u4e16\u7eaa\u7684\u5723\u5730\u4e9a\u54e5\u5854\u3002","inLanguage":"zh-Hans","potentialAction":[{"@type":"ReadAction","target":["https:\/\/visitbraga.travel\/highlights\/espacos-culturais\/museu-pio-xii\/"]}]},{"@type":"ImageObject","inLanguage":"zh-Hans","@id":"https:\/\/visitbraga.travel\/highlights\/espacos-culturais\/museu-pio-xii\/#primaryimage","url":"https:\/\/visitbraga.travel\/wp-content\/uploads\/2025\/05\/Museu-Pio-XII.jpg","contentUrl":"https:\/\/visitbraga.travel\/wp-content\/uploads\/2025\/05\/Museu-Pio-XII.jpg","width":978,"height":652},{"@type":"WebSite","@id":"https:\/\/visitbraga.travel\/#website","url":"https:\/\/visitbraga.travel\/","name":"\u6e38\u89c8\u5e03\u62c9\u52a0","description":"Turismo Braga | Site Oficial de Braga","publisher":{"@id":"https:\/\/visitbraga.travel\/#organization"},"potentialAction":[{"@type":"SearchAction","target":{"@type":"EntryPoint","urlTemplate":"https:\/\/visitbraga.travel\/?s={search_term_string}"},"query-input":{"@type":"PropertyValueSpecification","valueRequired":true,"valueName":"search_term_string"}}],"inLanguage":"zh-Hans"},{"@type":"Organization","@id":"https:\/\/visitbraga.travel\/#organization","name":"\u6e38\u89c8\u5e03\u62c9\u52a0","url":"https:\/\/visitbraga.travel\/","logo":{"@type":"ImageObject","inLanguage":"zh-Hans","@id":"https:\/\/visitbraga.travel\/#\/schema\/logo\/image\/","url":"https:\/\/visitbraga.travel\/wp-content\/uploads\/2025\/05\/visit-braga.jpg","contentUrl":"https:\/\/visitbraga.travel\/wp-content\/uploads\/2025\/05\/visit-braga.jpg","width":2400,"height":1256,"caption":"Visit Braga"},"image":{"@id":"https:\/\/visitbraga.travel\/#\/schema\/logo\/image\/"},"sameAs":["https:\/\/www.facebook.com\/visitbraga.travel\/","https:\/\/x.com\/VisitBraga"]}]}},"_links":{"self":[{"href":"https:\/\/visitbraga.travel\/zh\/wp-json\/wp\/v2\/highlight\/6032","targetHints":{"allow":["GET"]}}],"collection":[{"href":"https:\/\/visitbraga.travel\/zh\/wp-json\/wp\/v2\/highlight"}],"about":[{"href":"https:\/\/visitbraga.travel\/zh\/wp-json\/wp\/v2\/types\/highlight"}],"version-history":[{"count":0,"href":"https:\/\/visitbraga.travel\/zh\/wp-json\/wp\/v2\/highlight\/6032\/revisions"}],"wp:featuredmedia":[{"embeddable":true,"href":"https:\/\/visitbraga.travel\/zh\/wp-json\/wp\/v2\/media\/7846"}],"wp:attachment":[{"href":"https:\/\/visitbraga.travel\/zh\/wp-json\/wp\/v2\/media?parent=6032"}],"wp:term":[{"taxonomy":"highlight_category","embeddable":true,"href":"https:\/\/visitbraga.travel\/zh\/wp-json\/wp\/v2\/highlight_category?post=6032"}],"curies":[{"name":"wp","href":"https:\/\/api.w.org\/{rel}","templated":true}]}}