{"id":6782,"date":"2025-07-17T11:28:32","date_gmt":"2025-07-17T10:28:32","guid":{"rendered":"https:\/\/visitbraga.travel\/highlights\/%highlight_category%\/a-colonial\/"},"modified":"2025-07-25T12:41:47","modified_gmt":"2025-07-25T11:41:47","slug":"a-colonial","status":"publish","type":"highlight","link":"https:\/\/visitbraga.travel\/zh\/highlights\/comercio-local\/a-colonial\/","title":{"rendered":"\u6b96\u6c11\u65f6\u671f"},"content":{"rendered":"<p><strong>\u5546\u5e97<\/strong><br \/>\nColonial \u4f4d\u4e8e Conde de Agrolongo \u5e7f\u573a\uff08\u53c8\u540d Campo da Vinha\uff09147 \u53f7\uff0c\u5750\u843d\u5728\u4e00\u5e62\u4e13\u95e8\u9500\u552e\u4f20\u7edf\u6742\u8d27\u7684\u6807\u5fd7\u6027\u8857\u89d2\u5efa\u7b51\u7684\u5e95\u5c42\u3002<br \/>\nColonial \u662f\u4e00\u5bb6\u81ea\u6210\u7acb\u4ee5\u6765\u4e00\u76f4\u81f4\u529b\u4e8e\u4f20\u7edf\u6742\u8d27\u8d2d\u7269\u7684\u5546\u5e97\u3002\u5b83\u4e0d\u4ec5\u662f\u4e00\u4e2a\u9500\u552e\u4ea7\u54c1\u7684\u5730\u65b9\uff0c\u4e5f\u662f\u4e00\u4e2a\u793e\u4ea4\u548c\u7ed3\u8bc6\u53e4\u4eca\u4eba\u58eb\u7684\u5730\u65b9\u3002<br \/>\n\u4e0e\u8fc7\u53bb\u4e00\u6837\uff0c\u6211\u4eec\u503e\u5411\u4e8e\u5c06\u8461\u8404\u7259\u4f20\u7edf\u4ea7\u54c1\u5546\u4e1a\u5316\uff1a\u6563\u88c5\u9500\u552e\u7684\u5404\u79cd\u4ea7\u54c1\u3001\u73b0\u78e8\u5496\u5561\u548c\u9cd5\u9c7c\uff0c\u6839\u636e\u5ba2\u6237\u7684\u559c\u597d\u624b\u5de5\u6253\u788e\u3002<\/p>\n<p><strong>\u5386\u53f2<\/strong><br \/>\nColonial \u7531 Meira da Silva \u548c Ascenso \u521b\u7acb\u4e8e 1936 \u5e74\uff0cAscenso \u662f\u6700\u521d\u7684\u516c\u53f8\u540d\u79f0\u30021955 \u5e74\uff0c\u5e97\u94fa\u5458\u5de5\u963f\u5c14\u5f17\u96f7\u591a-\u9a6c\u514b\u65af\uff08Alfredo Marques\uff09\u548c\u8d39\u5c14\u5357\u591a-\u9a6c\u514b\u65af\uff08Fernando Marques\uff09\u5148\u540e\u6536\u8d2d\u4e86\u8fd9\u680b\u623f\u5b50\uff0c\u5e76\u5c06\u7ecf\u8425\u6743\u59d4\u6258\u7ed9\u4e86\u81ea\u5df1\u4e94\u4e2a\u513f\u5b50\u4e2d\u7684\u4e00\u4e2a\uff0c\u540e\u8005\u4ece\u5c0f\u5c31\u966a\u4f34\u81ea\u5df1\u6253\u62fc\u30022023 \u5e74\uff0c\u7531\u4e8e\u5de5\u7a0b\u9700\u8981\uff0c\u4e0d\u5f97\u4e0d\u5bf9\u5efa\u7b51\u8fdb\u884c\u5927\u4fee\uff0c\u5176\u4e2d\u4e5f\u5305\u62ec\u5546\u5e97\uff0c\u4f46\u5546\u5e97\u7684\u7279\u70b9\u5f97\u4ee5\u4fdd\u7559\uff0c\u7a7a\u95f4\u4e5f\u4fdd\u6301\u4e86\u539f\u6709\u7684\u7279\u8272\u3002<br \/>\n\u8d85\u5e02\u7684\u51fa\u73b0\u548c\u65c5\u6e38\u4e1a\u7684\u53d1\u5c55\u4f7f\u8d2d\u7269\u8005\u66f4\u52a0\u591a\u6837\u5316\uff0c\u8461\u8404\u9152\u4e5f\u53d8\u5f97\u66f4\u52a0\u91cd\u8981\u3002\u6742\u8d27\u5e97\u7ee7\u7eed\u4f7f\u7528\u78e8\u574a\u548c\u78c5\u79e4\u7b49\u8001\u5f0f\u8bbe\u5907\uff0c\u5e76\u5728\u67dc\u53f0\u63d0\u4f9b\u4e2a\u6027\u5316\u7684\u5ba2\u6237\u670d\u52a1\u3002<br \/>\n\u8fd9\u4e2a\u7a7a\u95f4\u627f\u8f7d\u7740\u5bf9\u60a0\u4e45\u8fc7\u53bb\u7684\u56de\u5fc6\uff0c\u662f\u4e00\u4e2a\u793e\u4ea4\u573a\u6240\uff0c\u5c06\u8fc7\u53bb\u548c\u73b0\u5728\u878d\u4e3a\u4e00\u4f53\u3002<\/p>\n<p><strong>\u4ea7\u54c1\u548c\u670d\u52a1<\/strong><br \/>\n\u6b96\u6c11\u5730\u4f9b\u5e94\u6ce2\u7279\u9152\u3001\u9910\u9152\u3001\u767d\u5170\u5730\u3001\u5a01\u58eb\u5fcc\u3001\u5229\u53e3\u9152\u3001\u5496\u5561\u3001\u5927\u9ea6\u3001\u8336\u3001\u5e72\u679c\u3001\u9cd5\u9c7c\u3001\u9999\u80a0\u3001\u5976\u916a\u3001\u997c\u5e72\u548c\u8584\u8106\u997c\u5e72\u3001\u5de7\u514b\u529b\u3001\u9999\u6599\u3001\u871c\u996f\u548c\u5176\u4ed6\u6742\u8d27\u3002<\/p>\n<p><strong>\u8054\u7cfb\u65b9\u5f0f<\/strong><br \/>\n\u7535\u8bdd\uff1a962 104 582<br \/>\n\u7535\u5b50\u90ae\u4ef6\uff1a <a href=\"\/zh\/&\/#x6d;&#x61;&#x69;&#108;&#116;o:&#x72;&#x61;&#x69;&#x7a;&#102;&#108;ui&#x64;&#x61;&#x40;&#103;&#109;&#97;il&#x2e;&#x63;&#x6f;&#109;\">raizfluida@gmail.com<\/a><\/p>","protected":false},"excerpt":{"rendered":"<p>\u81ea\u6210\u7acb\u4ee5\u6765\uff0cColonial \u4e00\u76f4\u81f4\u529b\u4e8e\u7ecf\u8425\u4f20\u7edf\u6742\u8d27\u3002<\/p>","protected":false},"featured_media":8434,"template":"","highlight_category":[59],"class_list":["post-6782","highlight","type-highlight","status-publish","has-post-thumbnail","hentry","highlight_category-lojas-com-historia"],"acf":[],"yoast_head":"<!-- This site is optimized with the Yoast SEO plugin v27.5 - https:\/\/yoast.com\/product\/yoast-seo-wordpress\/ -->\n<title>A Colonial | Visit Braga<\/title>\n<meta name=\"description\" content=\"A Colonial \u00e9 um estabelecimento que se dedica desde a funda\u00e7\u00e3o \u00e0 mercearia tradicional.\" \/>\n<meta name=\"robots\" content=\"index, follow, max-snippet:-1, max-image-preview:large, max-video-preview:-1\" \/>\n<link rel=\"canonical\" href=\"https:\/\/visitbraga.travel\/zh\/highlights\/comercio-local\/a-colonial\/\" \/>\n<meta property=\"og:locale\" content=\"zh_CN\" \/>\n<meta property=\"og:type\" content=\"article\" \/>\n<meta property=\"og:title\" content=\"A Colonial | Visit Braga\" \/>\n<meta property=\"og:description\" content=\"A Colonial \u00e9 um estabelecimento que se dedica desde a funda\u00e7\u00e3o \u00e0 mercearia tradicional.\" \/>\n<meta property=\"og:url\" content=\"https:\/\/visitbraga.travel\/zh\/highlights\/comercio-local\/a-colonial\/\" \/>\n<meta property=\"og:site_name\" content=\"Visit Braga\" \/>\n<meta property=\"article:publisher\" content=\"https:\/\/www.facebook.com\/visitbraga.travel\/\" \/>\n<meta property=\"article:modified_time\" content=\"2025-07-25T11:41:47+00:00\" \/>\n<meta property=\"og:image\" content=\"https:\/\/visitbraga.travel\/wp-content\/uploads\/2025\/07\/colonial_1.jpg\" \/>\n\t<meta property=\"og:image:width\" content=\"1332\" \/>\n\t<meta property=\"og:image:height\" content=\"887\" \/>\n\t<meta property=\"og:image:type\" content=\"image\/jpeg\" \/>\n<meta name=\"twitter:card\" content=\"summary_large_image\" \/>\n<meta name=\"twitter:site\" content=\"@VisitBraga\" \/>\n<meta name=\"twitter:label1\" content=\"\u9884\u8ba1\u9605\u8bfb\u65f6\u95f4\" \/>\n\t<meta name=\"twitter:data1\" content=\"6 \u5206\" \/>\n<script type=\"application\/ld+json\" class=\"yoast-schema-graph\">{\"@context\":\"https:\\\/\\\/schema.org\",\"@graph\":[{\"@type\":\"WebPage\",\"@id\":\"https:\\\/\\\/visitbraga.travel\\\/highlights\\\/comercio-local\\\/a-colonial\\\/\",\"url\":\"https:\\\/\\\/visitbraga.travel\\\/highlights\\\/comercio-local\\\/a-colonial\\\/\",\"name\":\"A Colonial | Visit Braga\",\"isPartOf\":{\"@id\":\"https:\\\/\\\/visitbraga.travel\\\/#website\"},\"primaryImageOfPage\":{\"@id\":\"https:\\\/\\\/visitbraga.travel\\\/highlights\\\/comercio-local\\\/a-colonial\\\/#primaryimage\"},\"image\":{\"@id\":\"https:\\\/\\\/visitbraga.travel\\\/highlights\\\/comercio-local\\\/a-colonial\\\/#primaryimage\"},\"thumbnailUrl\":\"https:\\\/\\\/visitbraga.travel\\\/wp-content\\\/uploads\\\/2025\\\/07\\\/colonial_1.jpg\",\"datePublished\":\"2025-07-17T10:28:32+00:00\",\"dateModified\":\"2025-07-25T11:41:47+00:00\",\"description\":\"A Colonial \u00e9 um estabelecimento que se dedica desde a funda\u00e7\u00e3o \u00e0 mercearia tradicional.\",\"inLanguage\":\"zh-Hans\",\"potentialAction\":[{\"@type\":\"ReadAction\",\"target\":[\"https:\\\/\\\/visitbraga.travel\\\/highlights\\\/comercio-local\\\/a-colonial\\\/\"]}]},{\"@type\":\"ImageObject\",\"inLanguage\":\"zh-Hans\",\"@id\":\"https:\\\/\\\/visitbraga.travel\\\/highlights\\\/comercio-local\\\/a-colonial\\\/#primaryimage\",\"url\":\"https:\\\/\\\/visitbraga.travel\\\/wp-content\\\/uploads\\\/2025\\\/07\\\/colonial_1.jpg\",\"contentUrl\":\"https:\\\/\\\/visitbraga.travel\\\/wp-content\\\/uploads\\\/2025\\\/07\\\/colonial_1.jpg\",\"width\":1332,\"height\":887},{\"@type\":\"WebSite\",\"@id\":\"https:\\\/\\\/visitbraga.travel\\\/#website\",\"url\":\"https:\\\/\\\/visitbraga.travel\\\/\",\"name\":\"Visit Braga\",\"description\":\"Turismo Braga | Site Oficial de Braga\",\"publisher\":{\"@id\":\"https:\\\/\\\/visitbraga.travel\\\/#organization\"},\"potentialAction\":[{\"@type\":\"SearchAction\",\"target\":{\"@type\":\"EntryPoint\",\"urlTemplate\":\"https:\\\/\\\/visitbraga.travel\\\/?s={search_term_string}\"},\"query-input\":{\"@type\":\"PropertyValueSpecification\",\"valueRequired\":true,\"valueName\":\"search_term_string\"}}],\"inLanguage\":\"zh-Hans\"},{\"@type\":\"Organization\",\"@id\":\"https:\\\/\\\/visitbraga.travel\\\/#organization\",\"name\":\"Visit Braga\",\"url\":\"https:\\\/\\\/visitbraga.travel\\\/\",\"logo\":{\"@type\":\"ImageObject\",\"inLanguage\":\"zh-Hans\",\"@id\":\"https:\\\/\\\/visitbraga.travel\\\/#\\\/schema\\\/logo\\\/image\\\/\",\"url\":\"https:\\\/\\\/visitbraga.travel\\\/wp-content\\\/uploads\\\/2025\\\/05\\\/visit-braga.jpg\",\"contentUrl\":\"https:\\\/\\\/visitbraga.travel\\\/wp-content\\\/uploads\\\/2025\\\/05\\\/visit-braga.jpg\",\"width\":2400,\"height\":1256,\"caption\":\"Visit Braga\"},\"image\":{\"@id\":\"https:\\\/\\\/visitbraga.travel\\\/#\\\/schema\\\/logo\\\/image\\\/\"},\"sameAs\":[\"https:\\\/\\\/www.facebook.com\\\/visitbraga.travel\\\/\",\"https:\\\/\\\/x.com\\\/VisitBraga\"]}]}<\/script>\n<!-- \/ Yoast SEO plugin. -->","yoast_head_json":{"title":"A Colonial | Visit Braga","description":"\u81ea\u6210\u7acb\u4ee5\u6765\uff0cColonial \u4e00\u76f4\u81f4\u529b\u4e8e\u7ecf\u8425\u4f20\u7edf\u6742\u8d27\u3002","robots":{"index":"index","follow":"follow","max-snippet":"max-snippet:-1","max-image-preview":"max-image-preview:large","max-video-preview":"max-video-preview:-1"},"canonical":"https:\/\/visitbraga.travel\/zh\/highlights\/comercio-local\/a-colonial\/","og_locale":"zh_CN","og_type":"article","og_title":"A Colonial | Visit Braga","og_description":"A Colonial \u00e9 um estabelecimento que se dedica desde a funda\u00e7\u00e3o \u00e0 mercearia tradicional.","og_url":"https:\/\/visitbraga.travel\/zh\/highlights\/comercio-local\/a-colonial\/","og_site_name":"Visit Braga","article_publisher":"https:\/\/www.facebook.com\/visitbraga.travel\/","article_modified_time":"2025-07-25T11:41:47+00:00","og_image":[{"width":1332,"height":887,"url":"https:\/\/visitbraga.travel\/wp-content\/uploads\/2025\/07\/colonial_1.jpg","type":"image\/jpeg"}],"twitter_card":"summary_large_image","twitter_site":"@VisitBraga","twitter_misc":{"\u9884\u8ba1\u9605\u8bfb\u65f6\u95f4":"6 \u5206"},"schema":{"@context":"https:\/\/schema.org","@graph":[{"@type":"WebPage","@id":"https:\/\/visitbraga.travel\/highlights\/comercio-local\/a-colonial\/","url":"https:\/\/visitbraga.travel\/highlights\/comercio-local\/a-colonial\/","name":"A Colonial | Visit Braga","isPartOf":{"@id":"https:\/\/visitbraga.travel\/#website"},"primaryImageOfPage":{"@id":"https:\/\/visitbraga.travel\/highlights\/comercio-local\/a-colonial\/#primaryimage"},"image":{"@id":"https:\/\/visitbraga.travel\/highlights\/comercio-local\/a-colonial\/#primaryimage"},"thumbnailUrl":"https:\/\/visitbraga.travel\/wp-content\/uploads\/2025\/07\/colonial_1.jpg","datePublished":"2025-07-17T10:28:32+00:00","dateModified":"2025-07-25T11:41:47+00:00","description":"\u81ea\u6210\u7acb\u4ee5\u6765\uff0cColonial \u4e00\u76f4\u81f4\u529b\u4e8e\u7ecf\u8425\u4f20\u7edf\u6742\u8d27\u3002","inLanguage":"zh-Hans","potentialAction":[{"@type":"ReadAction","target":["https:\/\/visitbraga.travel\/highlights\/comercio-local\/a-colonial\/"]}]},{"@type":"ImageObject","inLanguage":"zh-Hans","@id":"https:\/\/visitbraga.travel\/highlights\/comercio-local\/a-colonial\/#primaryimage","url":"https:\/\/visitbraga.travel\/wp-content\/uploads\/2025\/07\/colonial_1.jpg","contentUrl":"https:\/\/visitbraga.travel\/wp-content\/uploads\/2025\/07\/colonial_1.jpg","width":1332,"height":887},{"@type":"WebSite","@id":"https:\/\/visitbraga.travel\/#website","url":"https:\/\/visitbraga.travel\/","name":"\u6e38\u89c8\u5e03\u62c9\u52a0","description":"Turismo Braga | Site Oficial de Braga","publisher":{"@id":"https:\/\/visitbraga.travel\/#organization"},"potentialAction":[{"@type":"SearchAction","target":{"@type":"EntryPoint","urlTemplate":"https:\/\/visitbraga.travel\/?s={search_term_string}"},"query-input":{"@type":"PropertyValueSpecification","valueRequired":true,"valueName":"search_term_string"}}],"inLanguage":"zh-Hans"},{"@type":"Organization","@id":"https:\/\/visitbraga.travel\/#organization","name":"\u6e38\u89c8\u5e03\u62c9\u52a0","url":"https:\/\/visitbraga.travel\/","logo":{"@type":"ImageObject","inLanguage":"zh-Hans","@id":"https:\/\/visitbraga.travel\/#\/schema\/logo\/image\/","url":"https:\/\/visitbraga.travel\/wp-content\/uploads\/2025\/05\/visit-braga.jpg","contentUrl":"https:\/\/visitbraga.travel\/wp-content\/uploads\/2025\/05\/visit-braga.jpg","width":2400,"height":1256,"caption":"Visit Braga"},"image":{"@id":"https:\/\/visitbraga.travel\/#\/schema\/logo\/image\/"},"sameAs":["https:\/\/www.facebook.com\/visitbraga.travel\/","https:\/\/x.com\/VisitBraga"]}]}},"_links":{"self":[{"href":"https:\/\/visitbraga.travel\/zh\/wp-json\/wp\/v2\/highlight\/6782","targetHints":{"allow":["GET"]}}],"collection":[{"href":"https:\/\/visitbraga.travel\/zh\/wp-json\/wp\/v2\/highlight"}],"about":[{"href":"https:\/\/visitbraga.travel\/zh\/wp-json\/wp\/v2\/types\/highlight"}],"version-history":[{"count":0,"href":"https:\/\/visitbraga.travel\/zh\/wp-json\/wp\/v2\/highlight\/6782\/revisions"}],"wp:featuredmedia":[{"embeddable":true,"href":"https:\/\/visitbraga.travel\/zh\/wp-json\/wp\/v2\/media\/8434"}],"wp:attachment":[{"href":"https:\/\/visitbraga.travel\/zh\/wp-json\/wp\/v2\/media?parent=6782"}],"wp:term":[{"taxonomy":"highlight_category","embeddable":true,"href":"https:\/\/visitbraga.travel\/zh\/wp-json\/wp\/v2\/highlight_category?post=6782"}],"curies":[{"name":"wp","href":"https:\/\/api.w.org\/{rel}","templated":true}]}}