{"id":6789,"date":"2025-07-17T11:38:13","date_gmt":"2025-07-17T10:38:13","guid":{"rendered":"https:\/\/visitbraga.travel\/highlights\/%highlight_category%\/a-louceira\/"},"modified":"2025-07-25T11:49:01","modified_gmt":"2025-07-25T10:49:01","slug":"a-louceira","status":"publish","type":"highlight","link":"https:\/\/visitbraga.travel\/zh\/highlights\/comercio-local\/a-louceira\/","title":{"rendered":"\u6d17\u7897\u673a"},"content":{"rendered":"<p><strong>\u5546\u5e97<\/strong><br \/>\nLouceira \u662f\u4e00\u5bb6\u767e\u5e74\u8001\u5e97\uff0c\u4e13\u95e8\u9500\u552e\u5f53\u5730\u624b\u5de5\u827a\u54c1\u3001\u9676\u5668\u548c\u5bb6\u5ead\u7528\u5177\uff0c\u56e0\u5176\u4ea7\u54c1\u7684\u8d28\u91cf\u548c\u79cd\u7c7b\u3001\u4e2a\u6027\u5316\u670d\u52a1\u53ca\u5176\u5386\u53f2\u6e0a\u6e90\u800c\u95fb\u540d\u9050\u8fe9\u3002\u5b83\u4f4d\u4e8e\u963f\u5c14\u5f17\u96f7\u591a-\u8d39\u96f7\u62c9\u8857\uff08Rua do Alferes Alfredo Ferreira\uff099 \u53f7\uff0c\u6bd7\u90bb\u5b54\u5fb7-\u5fb7-\u963f\u7f57\u9f99\u6208\u5e7f\u573a\uff08Pra\u00e7a Conde de Agrolongo\uff09\u3002<\/p>\n<p><strong>\u5386\u53f2<\/strong><br \/>\n\u8be5\u5e97\u6210\u7acb\u4e8e 1934 \u5e74\uff0c\u6709\u4e00\u4efd\u65e5\u671f\u4e3a 1934 \u5e74\u7684\u6587\u4ef6\u4e3a\u8bc1\uff0c\u5176\u6240\u6709\u6743\u5f52\u73b0\u4efb\u5e97\u4e3b\u7684\u7956\u6bcd\u6240\u6709\u3002\u8fd9\u5bb6\u5546\u5e97\u7684\u5386\u53f2\u4e0e\u5e03\u62c9\u52a0\u74f7\u5668\u5c55\u9500\u4f1a\u5bc6\u5207\u76f8\u5173\uff0c\u5f53\u65f6\u7684\u5c55\u9500\u4f1a\u5728 Campo da Vinha\uff08\u5373\u73b0\u5728\u7684 Conde de Agrolongo \u5e7f\u573a\uff09\u4e3e\u884c\uff0c\u8ddd\u79bb\u5362\u585e\u62c9\uff08Louceira\uff09\u6709\u4e00\u534a\u7684\u8def\u7a0b\u3002<br \/>\n\u8fd9\u5bb6\u5386\u53f2\u60a0\u4e45\u7684\u5e97\u94fa\u7531\u7956\u6bcd\u3001\u6bcd\u4eb2\u548c\u5b59\u5973\u4e09\u4ee3\u4eba\u5171\u540c\u7ba1\u7406\uff0c\u73b0\u4efb\u5e97\u4e3b\u66fc\u52aa\u57c3\u62c9-\u5965\u5229\u7ef4\u62c9\uff08Manuela Oliveira\uff09\u7ee7\u627f\u4e86\u6bcd\u4eb2\u7684\u4e8b\u4e1a\u3002\u66fc\u52aa\u57c3\u62c9-\u5965\u5229\u7ef4\u62c9\uff08Manuela Oliveira\uff09\u662f\u73b0\u4efb\u5e97\u4e3b\uff0c\u5979\u7ee7\u627f\u4e86\u6bcd\u4eb2\u7684\u4e8b\u4e1a\uff0c\u4ece\u5c0f\u5c31\u5f00\u59cb\u5728\u5bb6\u65cf\u4f01\u4e1a\u5de5\u4f5c\uff0c\u5e76\u5c06\u6bd5\u751f\u7cbe\u529b\u5949\u732e\u7ed9\u4e86\u9676\u5668\u884c\u4e1a\uff0c\u5ef6\u7eed\u7740\u8fd9\u5bb6\u5546\u5e97\u7684\u5386\u53f2\u3002<\/p>\n<p><strong>\u4ea7\u54c1\u548c\u670d\u52a1<\/strong><br \/>\n\u74f7\u5668\u3001\u9676\u5668\u3001\u77f3\u5668\u3001\u5730\u65b9\u91c9\u9676\u548c\u7bee\u5668\u7684\u96f6\u552e\u8d38\u6613\u3002<\/p>\n<p><strong>\u8054\u7cfb\u65b9\u5f0f<\/strong><br \/>\n\u7535\u8bdd\uff1a965702882<br \/>\n\u7535\u5b50\u90ae\u4ef6\uff1a <a href=\"\/zh\/&\/#109;&#x61;&#105;&#x6c;t&#x6f;:&#109;&#x6d;&#108;&#x6f;b&#x40;s&#97;&#x70;&#111;&#x2e;p&#x74;\">mmlob@sapo.pt<\/a><\/p>","protected":false},"excerpt":{"rendered":"<p>Louceira \u662f\u4e00\u5bb6\u767e\u5e74\u8001\u5e97\uff0c\u4e13\u95e8\u51fa\u552e\u5f53\u5730\u624b\u5de5\u827a\u54c1\u3001\u9676\u5668\u548c\u5bb6\u7528\u5668\u76bf\u3002<\/p>","protected":false},"featured_media":7986,"template":"","highlight_category":[59],"class_list":["post-6789","highlight","type-highlight","status-publish","has-post-thumbnail","hentry","highlight_category-lojas-com-historia"],"acf":[],"yoast_head":"<!-- This site is optimized with the Yoast SEO plugin v27.5 - https:\/\/yoast.com\/product\/yoast-seo-wordpress\/ -->\n<title>A Louceira | Visit Braga<\/title>\n<meta name=\"description\" content=\"A Louceira \u00e9 uma loja centen\u00e1ria dedicada ao com\u00e9rcio de artesanato regional de loi\u00e7as e utens\u00edlios dom\u00e9sticos.\" \/>\n<meta name=\"robots\" content=\"index, follow, max-snippet:-1, max-image-preview:large, max-video-preview:-1\" \/>\n<link rel=\"canonical\" href=\"https:\/\/visitbraga.travel\/zh\/highlights\/comercio-local\/a-louceira\/\" \/>\n<meta property=\"og:locale\" content=\"zh_CN\" \/>\n<meta property=\"og:type\" content=\"article\" \/>\n<meta property=\"og:title\" content=\"A Louceira | Visit Braga\" \/>\n<meta property=\"og:description\" content=\"A Louceira \u00e9 uma loja centen\u00e1ria dedicada ao com\u00e9rcio de artesanato regional de loi\u00e7as e utens\u00edlios dom\u00e9sticos.\" \/>\n<meta property=\"og:url\" content=\"https:\/\/visitbraga.travel\/zh\/highlights\/comercio-local\/a-louceira\/\" \/>\n<meta property=\"og:site_name\" content=\"Visit Braga\" \/>\n<meta property=\"article:publisher\" content=\"https:\/\/www.facebook.com\/visitbraga.travel\/\" \/>\n<meta property=\"article:modified_time\" content=\"2025-07-25T10:49:01+00:00\" \/>\n<meta property=\"og:image\" content=\"https:\/\/visitbraga.travel\/wp-content\/uploads\/2025\/07\/alouceira_1.jpg\" \/>\n\t<meta property=\"og:image:width\" content=\"1274\" \/>\n\t<meta property=\"og:image:height\" content=\"849\" \/>\n\t<meta property=\"og:image:type\" content=\"image\/jpeg\" \/>\n<meta name=\"twitter:card\" content=\"summary_large_image\" \/>\n<meta name=\"twitter:site\" content=\"@VisitBraga\" \/>\n<meta name=\"twitter:label1\" content=\"\u9884\u8ba1\u9605\u8bfb\u65f6\u95f4\" \/>\n\t<meta name=\"twitter:data1\" content=\"4 \u5206\" \/>\n<script type=\"application\/ld+json\" class=\"yoast-schema-graph\">{\"@context\":\"https:\\\/\\\/schema.org\",\"@graph\":[{\"@type\":\"WebPage\",\"@id\":\"https:\\\/\\\/visitbraga.travel\\\/highlights\\\/comercio-local\\\/a-louceira\\\/\",\"url\":\"https:\\\/\\\/visitbraga.travel\\\/highlights\\\/comercio-local\\\/a-louceira\\\/\",\"name\":\"A Louceira | Visit Braga\",\"isPartOf\":{\"@id\":\"https:\\\/\\\/visitbraga.travel\\\/#website\"},\"primaryImageOfPage\":{\"@id\":\"https:\\\/\\\/visitbraga.travel\\\/highlights\\\/comercio-local\\\/a-louceira\\\/#primaryimage\"},\"image\":{\"@id\":\"https:\\\/\\\/visitbraga.travel\\\/highlights\\\/comercio-local\\\/a-louceira\\\/#primaryimage\"},\"thumbnailUrl\":\"https:\\\/\\\/visitbraga.travel\\\/wp-content\\\/uploads\\\/2025\\\/07\\\/alouceira_1.jpg\",\"datePublished\":\"2025-07-17T10:38:13+00:00\",\"dateModified\":\"2025-07-25T10:49:01+00:00\",\"description\":\"A Louceira \u00e9 uma loja centen\u00e1ria dedicada ao com\u00e9rcio de artesanato regional de loi\u00e7as e utens\u00edlios dom\u00e9sticos.\",\"inLanguage\":\"zh-Hans\",\"potentialAction\":[{\"@type\":\"ReadAction\",\"target\":[\"https:\\\/\\\/visitbraga.travel\\\/highlights\\\/comercio-local\\\/a-louceira\\\/\"]}]},{\"@type\":\"ImageObject\",\"inLanguage\":\"zh-Hans\",\"@id\":\"https:\\\/\\\/visitbraga.travel\\\/highlights\\\/comercio-local\\\/a-louceira\\\/#primaryimage\",\"url\":\"https:\\\/\\\/visitbraga.travel\\\/wp-content\\\/uploads\\\/2025\\\/07\\\/alouceira_1.jpg\",\"contentUrl\":\"https:\\\/\\\/visitbraga.travel\\\/wp-content\\\/uploads\\\/2025\\\/07\\\/alouceira_1.jpg\",\"width\":1274,\"height\":849},{\"@type\":\"WebSite\",\"@id\":\"https:\\\/\\\/visitbraga.travel\\\/#website\",\"url\":\"https:\\\/\\\/visitbraga.travel\\\/\",\"name\":\"Visit Braga\",\"description\":\"Turismo Braga | Site Oficial de Braga\",\"publisher\":{\"@id\":\"https:\\\/\\\/visitbraga.travel\\\/#organization\"},\"potentialAction\":[{\"@type\":\"SearchAction\",\"target\":{\"@type\":\"EntryPoint\",\"urlTemplate\":\"https:\\\/\\\/visitbraga.travel\\\/?s={search_term_string}\"},\"query-input\":{\"@type\":\"PropertyValueSpecification\",\"valueRequired\":true,\"valueName\":\"search_term_string\"}}],\"inLanguage\":\"zh-Hans\"},{\"@type\":\"Organization\",\"@id\":\"https:\\\/\\\/visitbraga.travel\\\/#organization\",\"name\":\"Visit Braga\",\"url\":\"https:\\\/\\\/visitbraga.travel\\\/\",\"logo\":{\"@type\":\"ImageObject\",\"inLanguage\":\"zh-Hans\",\"@id\":\"https:\\\/\\\/visitbraga.travel\\\/#\\\/schema\\\/logo\\\/image\\\/\",\"url\":\"https:\\\/\\\/visitbraga.travel\\\/wp-content\\\/uploads\\\/2025\\\/05\\\/visit-braga.jpg\",\"contentUrl\":\"https:\\\/\\\/visitbraga.travel\\\/wp-content\\\/uploads\\\/2025\\\/05\\\/visit-braga.jpg\",\"width\":2400,\"height\":1256,\"caption\":\"Visit Braga\"},\"image\":{\"@id\":\"https:\\\/\\\/visitbraga.travel\\\/#\\\/schema\\\/logo\\\/image\\\/\"},\"sameAs\":[\"https:\\\/\\\/www.facebook.com\\\/visitbraga.travel\\\/\",\"https:\\\/\\\/x.com\\\/VisitBraga\"]}]}<\/script>\n<!-- \/ Yoast SEO plugin. -->","yoast_head_json":{"title":"A Louceira | Visit Braga","description":"Louceira \u662f\u4e00\u5bb6\u767e\u5e74\u8001\u5e97\uff0c\u4e13\u95e8\u51fa\u552e\u5f53\u5730\u624b\u5de5\u827a\u54c1\u3001\u9676\u5668\u548c\u5bb6\u7528\u5668\u76bf\u3002","robots":{"index":"index","follow":"follow","max-snippet":"max-snippet:-1","max-image-preview":"max-image-preview:large","max-video-preview":"max-video-preview:-1"},"canonical":"https:\/\/visitbraga.travel\/zh\/highlights\/comercio-local\/a-louceira\/","og_locale":"zh_CN","og_type":"article","og_title":"A Louceira | Visit Braga","og_description":"A Louceira \u00e9 uma loja centen\u00e1ria dedicada ao com\u00e9rcio de artesanato regional de loi\u00e7as e utens\u00edlios dom\u00e9sticos.","og_url":"https:\/\/visitbraga.travel\/zh\/highlights\/comercio-local\/a-louceira\/","og_site_name":"Visit Braga","article_publisher":"https:\/\/www.facebook.com\/visitbraga.travel\/","article_modified_time":"2025-07-25T10:49:01+00:00","og_image":[{"width":1274,"height":849,"url":"https:\/\/visitbraga.travel\/wp-content\/uploads\/2025\/07\/alouceira_1.jpg","type":"image\/jpeg"}],"twitter_card":"summary_large_image","twitter_site":"@VisitBraga","twitter_misc":{"\u9884\u8ba1\u9605\u8bfb\u65f6\u95f4":"4 \u5206"},"schema":{"@context":"https:\/\/schema.org","@graph":[{"@type":"WebPage","@id":"https:\/\/visitbraga.travel\/highlights\/comercio-local\/a-louceira\/","url":"https:\/\/visitbraga.travel\/highlights\/comercio-local\/a-louceira\/","name":"A Louceira | Visit Braga","isPartOf":{"@id":"https:\/\/visitbraga.travel\/#website"},"primaryImageOfPage":{"@id":"https:\/\/visitbraga.travel\/highlights\/comercio-local\/a-louceira\/#primaryimage"},"image":{"@id":"https:\/\/visitbraga.travel\/highlights\/comercio-local\/a-louceira\/#primaryimage"},"thumbnailUrl":"https:\/\/visitbraga.travel\/wp-content\/uploads\/2025\/07\/alouceira_1.jpg","datePublished":"2025-07-17T10:38:13+00:00","dateModified":"2025-07-25T10:49:01+00:00","description":"Louceira \u662f\u4e00\u5bb6\u767e\u5e74\u8001\u5e97\uff0c\u4e13\u95e8\u51fa\u552e\u5f53\u5730\u624b\u5de5\u827a\u54c1\u3001\u9676\u5668\u548c\u5bb6\u7528\u5668\u76bf\u3002","inLanguage":"zh-Hans","potentialAction":[{"@type":"ReadAction","target":["https:\/\/visitbraga.travel\/highlights\/comercio-local\/a-louceira\/"]}]},{"@type":"ImageObject","inLanguage":"zh-Hans","@id":"https:\/\/visitbraga.travel\/highlights\/comercio-local\/a-louceira\/#primaryimage","url":"https:\/\/visitbraga.travel\/wp-content\/uploads\/2025\/07\/alouceira_1.jpg","contentUrl":"https:\/\/visitbraga.travel\/wp-content\/uploads\/2025\/07\/alouceira_1.jpg","width":1274,"height":849},{"@type":"WebSite","@id":"https:\/\/visitbraga.travel\/#website","url":"https:\/\/visitbraga.travel\/","name":"\u6e38\u89c8\u5e03\u62c9\u52a0","description":"Turismo Braga | Site Oficial de Braga","publisher":{"@id":"https:\/\/visitbraga.travel\/#organization"},"potentialAction":[{"@type":"SearchAction","target":{"@type":"EntryPoint","urlTemplate":"https:\/\/visitbraga.travel\/?s={search_term_string}"},"query-input":{"@type":"PropertyValueSpecification","valueRequired":true,"valueName":"search_term_string"}}],"inLanguage":"zh-Hans"},{"@type":"Organization","@id":"https:\/\/visitbraga.travel\/#organization","name":"\u6e38\u89c8\u5e03\u62c9\u52a0","url":"https:\/\/visitbraga.travel\/","logo":{"@type":"ImageObject","inLanguage":"zh-Hans","@id":"https:\/\/visitbraga.travel\/#\/schema\/logo\/image\/","url":"https:\/\/visitbraga.travel\/wp-content\/uploads\/2025\/05\/visit-braga.jpg","contentUrl":"https:\/\/visitbraga.travel\/wp-content\/uploads\/2025\/05\/visit-braga.jpg","width":2400,"height":1256,"caption":"Visit Braga"},"image":{"@id":"https:\/\/visitbraga.travel\/#\/schema\/logo\/image\/"},"sameAs":["https:\/\/www.facebook.com\/visitbraga.travel\/","https:\/\/x.com\/VisitBraga"]}]}},"_links":{"self":[{"href":"https:\/\/visitbraga.travel\/zh\/wp-json\/wp\/v2\/highlight\/6789","targetHints":{"allow":["GET"]}}],"collection":[{"href":"https:\/\/visitbraga.travel\/zh\/wp-json\/wp\/v2\/highlight"}],"about":[{"href":"https:\/\/visitbraga.travel\/zh\/wp-json\/wp\/v2\/types\/highlight"}],"version-history":[{"count":0,"href":"https:\/\/visitbraga.travel\/zh\/wp-json\/wp\/v2\/highlight\/6789\/revisions"}],"wp:featuredmedia":[{"embeddable":true,"href":"https:\/\/visitbraga.travel\/zh\/wp-json\/wp\/v2\/media\/7986"}],"wp:attachment":[{"href":"https:\/\/visitbraga.travel\/zh\/wp-json\/wp\/v2\/media?parent=6789"}],"wp:term":[{"taxonomy":"highlight_category","embeddable":true,"href":"https:\/\/visitbraga.travel\/zh\/wp-json\/wp\/v2\/highlight_category?post=6789"}],"curies":[{"name":"wp","href":"https:\/\/api.w.org\/{rel}","templated":true}]}}